{"id":2296,"date":"2024-08-14T11:02:37","date_gmt":"2024-08-14T11:02:37","guid":{"rendered":"https:\/\/caviar-de-neuvic.com\/produits\/tarama-a-la-truffe\/"},"modified":"2026-04-25T12:05:03","modified_gmt":"2026-04-25T10:05:03","slug":"tarama-a-la-truffe","status":"publish","type":"product","link":"https:\/\/caviar-de-neuvic.com\/de\/p\/accueil\/l-epicerie-neuvic\/epicerie-truffe\/tarama-a-la-truffe\/","title":{"rendered":"Tarama mit Tr\u00fcffeln"},"content":{"rendered":"<p><strong>N\u00e4hrwerte<\/strong><\/p>\n<table class=\"table table-bordered valeurs\" border=\"1\">\n<thead>\n<tr>\n<th colspan=\"4\">Pro 100 g<\/th>\n<\/tr>\n<\/thead>\n<tbody>\n<tr>\n<td>Energiewert (kcal)<\/td>\n<td>465<\/td>\n<td>Fett (g), davon ges\u00e4ttigte Fetts\u00e4uren (g)<\/td>\n<td>46\u00a0(6,3)<\/td>\n<\/tr>\n<tr>\n<td>Energiewert (kJ)<\/td>\n<td>1917<\/td>\n<td>Kohlenhydrate (g) davon Zucker (g)<\/td>\n<td>3,6\u00a0(0,5)<\/td>\n<\/tr>\n<tr>\n<td>Eiwei\u00df (g)<\/td>\n<td>8,4<\/td>\n<td>Sodium (g)<\/td>\n<td>2,2<\/td>\n<\/tr>\n<\/tbody>\n<\/table>","protected":false},"excerpt":{"rendered":"<p>Tarama mit Tr\u00fcffeln ist eine Delikatesse aus ger\u00e4ucherten Kabeljaurogen, die fein emulgiert werden, um eine leichte und cremige Textur mit einer subtilen beige-rosa F\u00e4rbung zu erhalten. Das traditionelle Rezept auf der Basis von gesalzenen und ger\u00e4ucherten Kabeljaurogen bietet dank der Zugabe von \u00d6l eine cremige Grundlage, aber erst die Zugabe von schwarzen Tr\u00fcffelst\u00fcckchen macht dieses Produkt so einzigartig. Diese Tr\u00fcffelst\u00fcckchen verleihen dem Tarama ein besonders raffiniertes Aroma und geben Ihren Gerichten eine einzigartige und kostbare Note.<\/p>\n<p>Dieser Tr\u00fcffel-Tarama besteht zu 30 % aus Rogen und enth\u00e4lt keine zus\u00e4tzlichen Farbstoffe. Er ist ein wahres Konzentrat an Aromen. Die intensiven Tr\u00fcffelaromen machen ihn zu einer au\u00dfergew\u00f6hnlichen Beilage f\u00fcr Fleischgerichte und verleihen Ihren Zubereitungen eine neue Dimension. Am besten genie\u00dft man ihn auf Blinis oder ger\u00f6stetem Brot, wo seine Tr\u00fcffelaromen besonders gut zur Geltung kommen. F\u00fcr noch mehr Nuancen kombinieren Sie ihn mit Zitrone, frischer Sahne oder Schnittlauch. Probieren Sie ihn f\u00fcr einen Hauch von Originalit\u00e4t mit knackigem Gem\u00fcse zum Dippen und lassen Sie sich von seinen feinen Tr\u00fcffelaromen verf\u00fchren.<\/p>","protected":false},"featured_media":2295,"template":"","meta":{"_acf_changed":false,"ocean_post_layout":"","ocean_both_sidebars_style":"","ocean_both_sidebars_content_width":0,"ocean_both_sidebars_sidebars_width":0,"ocean_sidebar":"0","ocean_second_sidebar":"0","ocean_disable_margins":"enable","ocean_add_body_class":"","ocean_shortcode_before_top_bar":"","ocean_shortcode_after_top_bar":"","ocean_shortcode_before_header":"","ocean_shortcode_after_header":"","ocean_has_shortcode":"","ocean_shortcode_after_title":"","ocean_shortcode_before_footer_widgets":"","ocean_shortcode_after_footer_widgets":"","ocean_shortcode_before_footer_bottom":"","ocean_shortcode_after_footer_bottom":"","ocean_display_top_bar":"default","ocean_display_header":"default","ocean_header_style":"","ocean_center_header_left_menu":"0","ocean_custom_header_template":"0","ocean_custom_logo":0,"ocean_custom_retina_logo":0,"ocean_custom_logo_max_width":0,"ocean_custom_logo_tablet_max_width":0,"ocean_custom_logo_mobile_max_width":0,"ocean_custom_logo_max_height":0,"ocean_custom_logo_tablet_max_height":0,"ocean_custom_logo_mobile_max_height":0,"ocean_header_custom_menu":"0","ocean_menu_typo_font_family":"0","ocean_menu_typo_font_subset":"","ocean_menu_typo_font_size":0,"ocean_menu_typo_font_size_tablet":0,"ocean_menu_typo_font_size_mobile":0,"ocean_menu_typo_font_size_unit":"px","ocean_menu_typo_font_weight":"","ocean_menu_typo_font_weight_tablet":"","ocean_menu_typo_font_weight_mobile":"","ocean_menu_typo_transform":"","ocean_menu_typo_transform_tablet":"","ocean_menu_typo_transform_mobile":"","ocean_menu_typo_line_height":0,"ocean_menu_typo_line_height_tablet":0,"ocean_menu_typo_line_height_mobile":0,"ocean_menu_typo_line_height_unit":"","ocean_menu_typo_spacing":0,"ocean_menu_typo_spacing_tablet":0,"ocean_menu_typo_spacing_mobile":0,"ocean_menu_typo_spacing_unit":"","ocean_menu_link_color":"","ocean_menu_link_color_hover":"","ocean_menu_link_color_active":"","ocean_menu_link_background":"","ocean_menu_link_hover_background":"","ocean_menu_link_active_background":"","ocean_menu_social_links_bg":"","ocean_menu_social_hover_links_bg":"","ocean_menu_social_links_color":"","ocean_menu_social_hover_links_color":"","ocean_disable_title":"default","ocean_disable_heading":"default","ocean_post_title":"","ocean_post_subheading":"","ocean_post_title_style":"","ocean_post_title_background_color":"","ocean_post_title_background":0,"ocean_post_title_bg_image_position":"","ocean_post_title_bg_image_attachment":"","ocean_post_title_bg_image_repeat":"","ocean_post_title_bg_image_size":"","ocean_post_title_height":0,"ocean_post_title_bg_overlay":0.5,"ocean_post_title_bg_overlay_color":"","ocean_disable_breadcrumbs":"default","ocean_breadcrumbs_color":"","ocean_breadcrumbs_separator_color":"","ocean_breadcrumbs_links_color":"","ocean_breadcrumbs_links_hover_color":"","ocean_display_footer_widgets":"default","ocean_display_footer_bottom":"default","ocean_custom_footer_template":"0","omw_enable_modal_window":"enable"},"product_brand":[],"product_cat":[23,50,22],"product_tag":[],"class_list":{"0":"post-2296","1":"product","2":"type-product","3":"status-publish","4":"has-post-thumbnail","6":"product_cat-beurres-et-taramas","7":"product_cat-epicerie-truffe","8":"product_cat-l-epicerie-neuvic","10":"entry","11":"has-media","13":"first","14":"outofstock","15":"taxable","16":"shipping-taxable","17":"purchasable","18":"product-type-simple","19":"has-product-nav","20":"col","21":"span_1_of_3","22":"owp-content-center","23":"item-entry","24":"owp-thumbs-layout-vertical","25":"owp-btn-normal","26":"owp-tabs-layout-horizontal"},"acf":[],"yoast_head":"<!-- This site is optimized with the Yoast SEO plugin v27.5 - https:\/\/yoast.com\/product\/yoast-seo-wordpress\/ -->\n<title>Tarama \u00e0 la truffe\u200b - Caviar de Neuvic<\/title>\n<meta name=\"description\" content=\"Le tarama \u00e0 la truffe est un d\u00e9lice \u00e9labor\u00e9 \u00e0 partir d&#039;\u0153ufs de cabillaud fum\u00e9s, finement \u00e9mulsionn\u00e9s pour une texture l\u00e9g\u00e8re et onctueuse. C&#039;est l&#039;ajout de brisures de truffe noire qui en fait un produit d&#039;une grande originalit\u00e9.\" \/>\n<meta name=\"robots\" content=\"index, follow, max-snippet:-1, max-image-preview:large, max-video-preview:-1\" \/>\n<link rel=\"canonical\" href=\"https:\/\/caviar-de-neuvic.com\/de\/p\/accueil\/l-epicerie-neuvic\/epicerie-truffe\/tarama-a-la-truffe\/\" \/>\n<meta property=\"og:locale\" content=\"de_DE\" \/>\n<meta property=\"og:type\" content=\"article\" \/>\n<meta property=\"og:title\" content=\"Tarama \u00e0 la truffe\u200b - Caviar de Neuvic\" \/>\n<meta property=\"og:description\" content=\"Le tarama \u00e0 la truffe est un d\u00e9lice \u00e9labor\u00e9 \u00e0 partir d&#039;\u0153ufs de cabillaud fum\u00e9s, finement \u00e9mulsionn\u00e9s pour une texture l\u00e9g\u00e8re et onctueuse. C&#039;est l&#039;ajout de brisures de truffe noire qui en fait un produit d&#039;une grande originalit\u00e9.\" \/>\n<meta property=\"og:url\" content=\"https:\/\/caviar-de-neuvic.com\/de\/p\/accueil\/l-epicerie-neuvic\/epicerie-truffe\/tarama-a-la-truffe\/\" \/>\n<meta property=\"og:site_name\" content=\"Producteur Fran\u00e7ais De Caviar\" \/>\n<meta property=\"article:modified_time\" content=\"2026-04-25T10:05:03+00:00\" \/>\n<meta property=\"og:image\" content=\"https:\/\/caviar-de-neuvic.com\/wp-content\/uploads\/2024\/08\/2748-Tarama-a-la-truffe\u200b.jpg\" \/>\n\t<meta property=\"og:image:width\" content=\"1100\" \/>\n\t<meta property=\"og:image:height\" content=\"1422\" \/>\n\t<meta property=\"og:image:type\" content=\"image\/jpeg\" \/>\n<meta name=\"twitter:card\" content=\"summary_large_image\" \/>\n<meta name=\"twitter:label1\" content=\"Gesch\u00e4tzte Lesezeit\" \/>\n\t<meta name=\"twitter:data1\" content=\"1\u00a0Minute\" \/>\n<script type=\"application\/ld+json\" class=\"yoast-schema-graph\">{\"@context\":\"https:\\\/\\\/schema.org\",\"@graph\":[{\"@type\":\"WebPage\",\"@id\":\"https:\\\/\\\/caviar-de-neuvic.com\\\/p\\\/accueil\\\/l-epicerie-neuvic\\\/epicerie-truffe\\\/tarama-a-la-truffe\\\/\",\"url\":\"https:\\\/\\\/caviar-de-neuvic.com\\\/p\\\/accueil\\\/l-epicerie-neuvic\\\/epicerie-truffe\\\/tarama-a-la-truffe\\\/\",\"name\":\"Tarama \u00e0 la truffe\u200b - Caviar de Neuvic\",\"isPartOf\":{\"@id\":\"http:\\\/\\\/caviar-de-neuvic.com\\\/fr\\\/#website\"},\"primaryImageOfPage\":{\"@id\":\"https:\\\/\\\/caviar-de-neuvic.com\\\/p\\\/accueil\\\/l-epicerie-neuvic\\\/epicerie-truffe\\\/tarama-a-la-truffe\\\/#primaryimage\"},\"image\":{\"@id\":\"https:\\\/\\\/caviar-de-neuvic.com\\\/p\\\/accueil\\\/l-epicerie-neuvic\\\/epicerie-truffe\\\/tarama-a-la-truffe\\\/#primaryimage\"},\"thumbnailUrl\":\"https:\\\/\\\/caviar-de-neuvic.com\\\/wp-content\\\/uploads\\\/2024\\\/08\\\/2748-Tarama-a-la-truffe\u200b.jpg\",\"datePublished\":\"2024-08-14T11:02:37+00:00\",\"dateModified\":\"2026-04-25T10:05:03+00:00\",\"description\":\"Le tarama \u00e0 la truffe est un d\u00e9lice \u00e9labor\u00e9 \u00e0 partir d'\u0153ufs de cabillaud fum\u00e9s, finement \u00e9mulsionn\u00e9s pour une texture l\u00e9g\u00e8re et onctueuse. C'est l'ajout de brisures de truffe noire qui en fait un produit d'une grande originalit\u00e9.\",\"breadcrumb\":{\"@id\":\"https:\\\/\\\/caviar-de-neuvic.com\\\/p\\\/accueil\\\/l-epicerie-neuvic\\\/epicerie-truffe\\\/tarama-a-la-truffe\\\/#breadcrumb\"},\"inLanguage\":\"de\",\"potentialAction\":[{\"@type\":\"ReadAction\",\"target\":[\"https:\\\/\\\/caviar-de-neuvic.com\\\/p\\\/accueil\\\/l-epicerie-neuvic\\\/epicerie-truffe\\\/tarama-a-la-truffe\\\/\"]}]},{\"@type\":\"ImageObject\",\"inLanguage\":\"de\",\"@id\":\"https:\\\/\\\/caviar-de-neuvic.com\\\/p\\\/accueil\\\/l-epicerie-neuvic\\\/epicerie-truffe\\\/tarama-a-la-truffe\\\/#primaryimage\",\"url\":\"https:\\\/\\\/caviar-de-neuvic.com\\\/wp-content\\\/uploads\\\/2024\\\/08\\\/2748-Tarama-a-la-truffe\u200b.jpg\",\"contentUrl\":\"https:\\\/\\\/caviar-de-neuvic.com\\\/wp-content\\\/uploads\\\/2024\\\/08\\\/2748-Tarama-a-la-truffe\u200b.jpg\",\"width\":1100,\"height\":1422,\"caption\":\"Tarama \u00e0 la truffe\u200b\"},{\"@type\":\"BreadcrumbList\",\"@id\":\"https:\\\/\\\/caviar-de-neuvic.com\\\/p\\\/accueil\\\/l-epicerie-neuvic\\\/epicerie-truffe\\\/tarama-a-la-truffe\\\/#breadcrumb\",\"itemListElement\":[{\"@type\":\"ListItem\",\"position\":1,\"name\":\"Caviar de Neuvic\",\"item\":\"https:\\\/\\\/caviar-de-neuvic.com\\\/\"},{\"@type\":\"ListItem\",\"position\":2,\"name\":\"Shop\",\"item\":\"https:\\\/\\\/caviar-de-neuvic.com\\\/en\\\/shop\\\/\"},{\"@type\":\"ListItem\",\"position\":3,\"name\":\"Tarama \u00e0 la truffe\u200b\"}]},{\"@type\":\"WebSite\",\"@id\":\"http:\\\/\\\/caviar-de-neuvic.com\\\/fr\\\/#website\",\"url\":\"http:\\\/\\\/caviar-de-neuvic.com\\\/fr\\\/\",\"name\":\"Producteur Fran\u00e7ais De Caviar\",\"description\":\"\",\"publisher\":{\"@id\":\"http:\\\/\\\/caviar-de-neuvic.com\\\/fr\\\/#organization\"},\"potentialAction\":[{\"@type\":\"SearchAction\",\"target\":{\"@type\":\"EntryPoint\",\"urlTemplate\":\"http:\\\/\\\/caviar-de-neuvic.com\\\/fr\\\/?s={search_term_string}\"},\"query-input\":{\"@type\":\"PropertyValueSpecification\",\"valueRequired\":true,\"valueName\":\"search_term_string\"}}],\"inLanguage\":\"de\"},{\"@type\":\"Organization\",\"@id\":\"http:\\\/\\\/caviar-de-neuvic.com\\\/fr\\\/#organization\",\"name\":\"Producteur Fran\u00e7ais De Caviar\",\"url\":\"http:\\\/\\\/caviar-de-neuvic.com\\\/fr\\\/\",\"logo\":{\"@type\":\"ImageObject\",\"inLanguage\":\"de\",\"@id\":\"http:\\\/\\\/caviar-de-neuvic.com\\\/fr\\\/#\\\/schema\\\/logo\\\/image\\\/\",\"url\":\"\",\"contentUrl\":\"\",\"caption\":\"Producteur Fran\u00e7ais De Caviar\"},\"image\":{\"@id\":\"http:\\\/\\\/caviar-de-neuvic.com\\\/fr\\\/#\\\/schema\\\/logo\\\/image\\\/\"}}]}<\/script>\n<!-- \/ Yoast SEO plugin. -->","yoast_head_json":{"title":"Tarama \u00e0 la truffe\u200b - Caviar de Neuvic","description":"Le tarama \u00e0 la truffe est un d\u00e9lice \u00e9labor\u00e9 \u00e0 partir d'\u0153ufs de cabillaud fum\u00e9s, finement \u00e9mulsionn\u00e9s pour une texture l\u00e9g\u00e8re et onctueuse. C'est l'ajout de brisures de truffe noire qui en fait un produit d'une grande originalit\u00e9.","robots":{"index":"index","follow":"follow","max-snippet":"max-snippet:-1","max-image-preview":"max-image-preview:large","max-video-preview":"max-video-preview:-1"},"canonical":"https:\/\/caviar-de-neuvic.com\/de\/p\/accueil\/l-epicerie-neuvic\/epicerie-truffe\/tarama-a-la-truffe\/","og_locale":"de_DE","og_type":"article","og_title":"Tarama \u00e0 la truffe\u200b - Caviar de Neuvic","og_description":"Le tarama \u00e0 la truffe est un d\u00e9lice \u00e9labor\u00e9 \u00e0 partir d'\u0153ufs de cabillaud fum\u00e9s, finement \u00e9mulsionn\u00e9s pour une texture l\u00e9g\u00e8re et onctueuse. C'est l'ajout de brisures de truffe noire qui en fait un produit d'une grande originalit\u00e9.","og_url":"https:\/\/caviar-de-neuvic.com\/de\/p\/accueil\/l-epicerie-neuvic\/epicerie-truffe\/tarama-a-la-truffe\/","og_site_name":"Producteur Fran\u00e7ais De Caviar","article_modified_time":"2026-04-25T10:05:03+00:00","og_image":[{"width":1100,"height":1422,"url":"https:\/\/caviar-de-neuvic.com\/wp-content\/uploads\/2024\/08\/2748-Tarama-a-la-truffe\u200b.jpg","type":"image\/jpeg"}],"twitter_card":"summary_large_image","twitter_misc":{"Gesch\u00e4tzte Lesezeit":"1\u00a0Minute"},"schema":{"@context":"https:\/\/schema.org","@graph":[{"@type":"WebPage","@id":"https:\/\/caviar-de-neuvic.com\/p\/accueil\/l-epicerie-neuvic\/epicerie-truffe\/tarama-a-la-truffe\/","url":"https:\/\/caviar-de-neuvic.com\/p\/accueil\/l-epicerie-neuvic\/epicerie-truffe\/tarama-a-la-truffe\/","name":"Tarama \u00e0 la truffe\u200b - Caviar de Neuvic","isPartOf":{"@id":"http:\/\/caviar-de-neuvic.com\/fr\/#website"},"primaryImageOfPage":{"@id":"https:\/\/caviar-de-neuvic.com\/p\/accueil\/l-epicerie-neuvic\/epicerie-truffe\/tarama-a-la-truffe\/#primaryimage"},"image":{"@id":"https:\/\/caviar-de-neuvic.com\/p\/accueil\/l-epicerie-neuvic\/epicerie-truffe\/tarama-a-la-truffe\/#primaryimage"},"thumbnailUrl":"https:\/\/caviar-de-neuvic.com\/wp-content\/uploads\/2024\/08\/2748-Tarama-a-la-truffe\u200b.jpg","datePublished":"2024-08-14T11:02:37+00:00","dateModified":"2026-04-25T10:05:03+00:00","description":"Le tarama \u00e0 la truffe est un d\u00e9lice \u00e9labor\u00e9 \u00e0 partir d'\u0153ufs de cabillaud fum\u00e9s, finement \u00e9mulsionn\u00e9s pour une texture l\u00e9g\u00e8re et onctueuse. C'est l'ajout de brisures de truffe noire qui en fait un produit d'une grande originalit\u00e9.","breadcrumb":{"@id":"https:\/\/caviar-de-neuvic.com\/p\/accueil\/l-epicerie-neuvic\/epicerie-truffe\/tarama-a-la-truffe\/#breadcrumb"},"inLanguage":"de","potentialAction":[{"@type":"ReadAction","target":["https:\/\/caviar-de-neuvic.com\/p\/accueil\/l-epicerie-neuvic\/epicerie-truffe\/tarama-a-la-truffe\/"]}]},{"@type":"ImageObject","inLanguage":"de","@id":"https:\/\/caviar-de-neuvic.com\/p\/accueil\/l-epicerie-neuvic\/epicerie-truffe\/tarama-a-la-truffe\/#primaryimage","url":"https:\/\/caviar-de-neuvic.com\/wp-content\/uploads\/2024\/08\/2748-Tarama-a-la-truffe\u200b.jpg","contentUrl":"https:\/\/caviar-de-neuvic.com\/wp-content\/uploads\/2024\/08\/2748-Tarama-a-la-truffe\u200b.jpg","width":1100,"height":1422,"caption":"Tarama \u00e0 la truffe\u200b"},{"@type":"BreadcrumbList","@id":"https:\/\/caviar-de-neuvic.com\/p\/accueil\/l-epicerie-neuvic\/epicerie-truffe\/tarama-a-la-truffe\/#breadcrumb","itemListElement":[{"@type":"ListItem","position":1,"name":"Caviar de Neuvic","item":"https:\/\/caviar-de-neuvic.com\/"},{"@type":"ListItem","position":2,"name":"Shop","item":"https:\/\/caviar-de-neuvic.com\/en\/shop\/"},{"@type":"ListItem","position":3,"name":"Tarama \u00e0 la truffe\u200b"}]},{"@type":"WebSite","@id":"http:\/\/caviar-de-neuvic.com\/fr\/#website","url":"http:\/\/caviar-de-neuvic.com\/fr\/","name":"Producteur Fran\u00e7ais De Caviar","description":"","publisher":{"@id":"http:\/\/caviar-de-neuvic.com\/fr\/#organization"},"potentialAction":[{"@type":"SearchAction","target":{"@type":"EntryPoint","urlTemplate":"http:\/\/caviar-de-neuvic.com\/fr\/?s={search_term_string}"},"query-input":{"@type":"PropertyValueSpecification","valueRequired":true,"valueName":"search_term_string"}}],"inLanguage":"de"},{"@type":"Organization","@id":"http:\/\/caviar-de-neuvic.com\/fr\/#organization","name":"Producteur Fran\u00e7ais De Caviar","url":"http:\/\/caviar-de-neuvic.com\/fr\/","logo":{"@type":"ImageObject","inLanguage":"de","@id":"http:\/\/caviar-de-neuvic.com\/fr\/#\/schema\/logo\/image\/","url":"","contentUrl":"","caption":"Producteur Fran\u00e7ais De Caviar"},"image":{"@id":"http:\/\/caviar-de-neuvic.com\/fr\/#\/schema\/logo\/image\/"}}]}},"_links":{"self":[{"href":"https:\/\/caviar-de-neuvic.com\/de\/wp-json\/wp\/v2\/product\/2296","targetHints":{"allow":["GET"]}}],"collection":[{"href":"https:\/\/caviar-de-neuvic.com\/de\/wp-json\/wp\/v2\/product"}],"about":[{"href":"https:\/\/caviar-de-neuvic.com\/de\/wp-json\/wp\/v2\/types\/product"}],"version-history":[{"count":2,"href":"https:\/\/caviar-de-neuvic.com\/de\/wp-json\/wp\/v2\/product\/2296\/revisions"}],"predecessor-version":[{"id":29586,"href":"https:\/\/caviar-de-neuvic.com\/de\/wp-json\/wp\/v2\/product\/2296\/revisions\/29586"}],"wp:featuredmedia":[{"embeddable":true,"href":"https:\/\/caviar-de-neuvic.com\/de\/wp-json\/wp\/v2\/media\/2295"}],"wp:attachment":[{"href":"https:\/\/caviar-de-neuvic.com\/de\/wp-json\/wp\/v2\/media?parent=2296"}],"wp:term":[{"taxonomy":"product_brand","embeddable":true,"href":"https:\/\/caviar-de-neuvic.com\/de\/wp-json\/wp\/v2\/product_brand?post=2296"},{"taxonomy":"product_cat","embeddable":true,"href":"https:\/\/caviar-de-neuvic.com\/de\/wp-json\/wp\/v2\/product_cat?post=2296"},{"taxonomy":"product_tag","embeddable":true,"href":"https:\/\/caviar-de-neuvic.com\/de\/wp-json\/wp\/v2\/product_tag?post=2296"}],"curies":[{"name":"wp","href":"https:\/\/api.w.org\/{rel}","templated":true}]}}