{"id":24917,"date":"2018-09-25T17:12:53","date_gmt":"2018-09-25T15:12:53","guid":{"rendered":"https:\/\/caviar-de-neuvic.com\/parlons-caviar\/?post_type=universducaviar&#038;p=4075"},"modified":"2025-10-18T12:19:27","modified_gmt":"2025-10-18T10:19:27","slug":"y-aura-t-il-encore-du-caviar-de-la-mer-caspienne","status":"publish","type":"universducaviar","link":"https:\/\/caviar-de-neuvic.com\/de\/universducaviar\/y-aura-t-il-encore-du-caviar-de-la-mer-caspienne\/","title":{"rendered":"La mer Caspinenne, le paradis perdu du caviar ?"},"content":{"rendered":"<h3><strong>Y\u00a0aura t il encore du caviar de la mer Caspienne ?<\/strong><\/h3>\n<p>L&rsquo;avenir du caviar en mer Caspienne n&rsquo;est gu\u00e8re r\u00e9jouissant. Mais les efforts r\u00e9cents pour d\u00e9velopper l&rsquo;aquaculture et le \u00ab ranching \u00bb permettront peut-\u00eatre de pr\u00e9server l&rsquo;esturgeon dans ce qui fut, au si\u00e8cle dernier, le vivier \u00e0 caviar du monde.<\/p>\n\t\t<style>\n\t\t\t.blog_sticker{\n\t\t\t\tmargin-top: 50px !important;\n\t\t\t\tdisplay: flex;\n  \t\t\t\tjustify-content: center;\n\t\t\t\tflex-wrap: wrap;\n\t\t\t}\n\t\t\t.blog_sticker .product-miniature-list.row .span_1_of_3{\n\t\t\t\twidth: 100%!important;\n\t\t\t\tflex: 0 0 100%!important;\n\t\t\t\tmax-width: 400px!important;\n\t\t\t}\n\t\t\t.blog_sticker_right{\n\t\t\t\tmax-width: 400px;\n\t\t\t}\n\t\t\t.product-miniature-list.row {\n\t\t\t\tdisplay: flex;\n\t\t\t\tjustify-content: center;\n\t\t\t\tflex-wrap: wrap;\n\t\t\t}\n\t\t<\/style>\n\t\t<div class=\"blog_sticker d-flex flex-wrap\">\n\t\t\t<div class=\"blog_sticker_left col-sm-12 col-md-6 products-grid\">\n\t\t\t\t<div class=\"product-miniature-list row\">\n\t\t\t\t\t\t\t\t\t<\/div>\n\t\t\t<\/div>\n\t\t\t<div class=\"blog_sticker_right col-sm-12 col-md-6\">\n\t\t\t\t\t\t\t<\/div>\n\t\t<\/div>\n\t\n<p>Le caviar \u00ab sauvage \u00bb produit dans les ann\u00e9es 1980-1990 \u00e9tait le dernier fruit fragile d&rsquo;un effort massif de r\u00e9alevinage en mer Caspienne.<br \/>\nIl ne subsiste aujourd&rsquo;hui que tr\u00e8s peu de zones de frais naturel accessibles aux esturgeons. De plus, les poissons subissent les effets d&rsquo;une pollution intense et d&rsquo;une diversit\u00e9 g\u00e9n\u00e9tique sans doute affaiblie. Le r\u00e9alevinage de l&rsquo;\u00e9poque sovi\u00e9tique n&rsquo;ayant employ\u00e9 qu&rsquo;un nombre restreint de souches g\u00e9nitrices.<\/p>\n<p>Pour les gouvernements des pays riverains de la Caspienne, le caviar ne pr\u00e9sente qu&rsquo;un int\u00e9r\u00eat relatif au regard des enjeux g\u00e9ostrat\u00e9giques et \u00e9nerg\u00e9tiques de la r\u00e9gion (enjeux qui entra\u00eenent d&rsquo;ailleurs une pollution accrue).<br \/>\nDepuis l&rsquo;accession au pouvoir de Vladimir Poutine, on note pourtant une volont\u00e9 affirm\u00e9e de pr\u00e9server les ressources halieutiques. Mais aussi de lutter contre le braconnage un moratoire de dix ans contre la p\u00eache \u00e0 l&rsquo;esturgeon est en cours, et le r\u00e9alevinage a repris du c\u00f4t\u00e9 russe.<\/p>\n<h3><strong>Les p\u00eacheurs de l&rsquo;ex-URSS<\/strong><\/h3>\n<p><img fetchpriority=\"high\" decoding=\"async\" class=\"alignnone size-full wp-image-4818\" src=\"https:\/\/caviar-de-neuvic.com\/parlons-caviar-old\/wp-content\/uploads\/2018\/09\/caspienne-m.jpg\" alt=\"\" width=\"800\" height=\"350\" \/><\/p>\n<p>Les p\u00eacheurs des pays de l&rsquo;ex-URSS sont sceptiques quant \u00e0 la capacit\u00e9 de leur gouvernement \u00e0 faire respecter cette d\u00e9cision. L&rsquo;Iran et la Russie ont tous deux fait le choix officiel, quoique tardif, du passage progressif \u00e0 l&rsquo;\u00e9levage, principalement sous forme de \u00ab ranching \u00bb. Ce mode d&rsquo;\u00e9levage consiste \u00e0 capturer des esturgeons dans la nature et \u00e0 les acclimater dans des enclos avant d&rsquo;extraire le caviar. Ceci apr\u00e8s un ou plusieurs cycles de ponte (au cours desquels on pr\u00e9l\u00e8ve les oeufs, sans sacrifier la femelle, \u00e0 des fins de reproduction in vitro ).<\/p>\n<p>\u00c0 l&rsquo;heure actuelle une quinzaine de tonnes sont l\u00e9galementproduites en Russie , et pr\u00e8s de cinq fois plus ill\u00e9galement. Cela tend \u00e0 prouver qu&rsquo;il subsiste un espoir de survie pour certaines esp\u00e8ces d&rsquo;esturgeons (notamment s\u00e9vruga et osci\u00e8tre, l&rsquo;avenir du b\u00e9luga \u00e0 l&rsquo;\u00e9tat sauvage paraissant plus incertain ).<\/p>\n<p>Quant aux Iraniens, ils exportent d\u00e9sormais chaque ann\u00e9e quelques tonnes de caviar d&rsquo;\u00e9levage. D&rsquo;autres pays, le Turkm\u00e9nistan, refusent toujours d&rsquo;adh\u00e9rer \u00e0 la CITES. Ils continuent dans une grande opacit\u00e9 de produire de petits volumes de caviar sauvage.<\/p>\n<p>De part et d&rsquo;autre de la mer Caspienne, on attend plus de 1 000 tonnes de caviar. Il faut surtout esp\u00e9rer qu&rsquo;on en reste \u00e0 une production raisonn\u00e9e et de qualit\u00e9. C&rsquo;est l\u00e0 le moyen de soutenir les efforts de r\u00e9introduction et de sauvegarde de l&rsquo;esturgeon, ce \u00ab p\u00e8lerin des plus illustres ondes\u00bb, dont nous vous proposons maintenant de d\u00e9couvrir les secrets.<\/p>\n<h3><strong>La mer Caspienne en quelques chiffres<\/strong><\/h3>\n<p><a href=\"https:\/\/caviar-de-neuvic.com\/de\/parlons-caviar\/universducaviar\/la-cites-et-le-caviar\/\" target=\"_blank\" rel=\"noopener noreferrer\">La mer Caspienne<\/a> a une super\ufb01cie sup\u00e9rieure \u00e0 celle de l\u2019Allemagne. C&rsquo;est la plus grande \u00e9tendue d\u2019eau enclav\u00e9e dans le monde. Bien qu\u2019elle soit d\u2019origine oc\u00e9anique, elle est parfois consid\u00e9r\u00e9e comme un lac. Ses eaux sont d\u2019ailleurs peu sal\u00e9es (environ un tiers de la salinit\u00e9 des oc\u00e9ans). Au nord, elle offre de nombreuses zones c\u00f4ti\u00e8res d\u2019eau douce. Si elle \u00e9tait autrefois r\u00e9put\u00e9e pour la richesse de sa vie marine et l\u2019abondance de ses p\u00eaches, ce sont d\u00e9sormais ses ressources en hydrocarbures et sa position g\u00e9ostrat\u00e9gique qui excitent les convoitises.<\/p>\n<p>Dans l&rsquo;Antiquit\u00e9, elle est \u00e9galement connue sous le nom d&rsquo;oc\u00e9an Hyrcanien. D\u2019apr\u00e8s la l\u00e9gende, les terres d\u2019Hyrcanie, situ\u00e9es sur sa rive sud, \u00e9taient peupl\u00e9es de tigres et de guerriers farouches.<\/p>\n<p><em>Source @Charles de Saint Vincent \u2013 Auteur de \u00ab <a href=\"http:\/\/www.librairiegourmande.fr\/poissons-et-crustaces\/8100-caviar-manuel-decomplexe-a-l-usage-de-l-amateur.html\" target=\"_blank\" rel=\"noopener noreferrer\">Caviar, manuel d\u00e9complex\u00e9 \u00e0 l\u2019usage de l\u2019 amateur<\/a> \u00bb<\/em><\/p>","protected":false},"excerpt":{"rendered":"<p>Y\u00a0aura t il encore du caviar de la mer Caspienne ? L&rsquo;avenir du caviar en mer Caspienne n&rsquo;est gu\u00e8re r\u00e9jouissant. Mais les efforts r\u00e9cents pour d\u00e9velopper l&rsquo;aquaculture et le \u00ab ranching \u00bb permettront peut-\u00eatre de pr\u00e9server l&rsquo;esturgeon dans ce qui fut, au si\u00e8cle dernier, le vivier \u00e0 caviar du monde. Le caviar \u00ab sauvage \u00bb [&hellip;]<\/p>\n","protected":false},"author":11896,"featured_media":23866,"parent":0,"template":"","meta":{"_acf_changed":false,"ocean_post_layout":"","ocean_both_sidebars_style":"","ocean_both_sidebars_content_width":0,"ocean_both_sidebars_sidebars_width":0,"ocean_sidebar":"","ocean_second_sidebar":"","ocean_disable_margins":"enable","ocean_add_body_class":"","ocean_shortcode_before_top_bar":"","ocean_shortcode_after_top_bar":"","ocean_shortcode_before_header":"","ocean_shortcode_after_header":"","ocean_has_shortcode":"","ocean_shortcode_after_title":"","ocean_shortcode_before_footer_widgets":"","ocean_shortcode_after_footer_widgets":"","ocean_shortcode_before_footer_bottom":"","ocean_shortcode_after_footer_bottom":"","ocean_display_top_bar":"default","ocean_display_header":"default","ocean_header_style":"","ocean_center_header_left_menu":"","ocean_custom_header_template":"","ocean_custom_logo":0,"ocean_custom_retina_logo":0,"ocean_custom_logo_max_width":0,"ocean_custom_logo_tablet_max_width":0,"ocean_custom_logo_mobile_max_width":0,"ocean_custom_logo_max_height":0,"ocean_custom_logo_tablet_max_height":0,"ocean_custom_logo_mobile_max_height":0,"ocean_header_custom_menu":"","ocean_menu_typo_font_family":"","ocean_menu_typo_font_subset":"","ocean_menu_typo_font_size":0,"ocean_menu_typo_font_size_tablet":0,"ocean_menu_typo_font_size_mobile":0,"ocean_menu_typo_font_size_unit":"px","ocean_menu_typo_font_weight":"","ocean_menu_typo_font_weight_tablet":"","ocean_menu_typo_font_weight_mobile":"","ocean_menu_typo_transform":"","ocean_menu_typo_transform_tablet":"","ocean_menu_typo_transform_mobile":"","ocean_menu_typo_line_height":0,"ocean_menu_typo_line_height_tablet":0,"ocean_menu_typo_line_height_mobile":0,"ocean_menu_typo_line_height_unit":"","ocean_menu_typo_spacing":0,"ocean_menu_typo_spacing_tablet":0,"ocean_menu_typo_spacing_mobile":0,"ocean_menu_typo_spacing_unit":"","ocean_menu_link_color":"","ocean_menu_link_color_hover":"","ocean_menu_link_color_active":"","ocean_menu_link_background":"","ocean_menu_link_hover_background":"","ocean_menu_link_active_background":"","ocean_menu_social_links_bg":"","ocean_menu_social_hover_links_bg":"","ocean_menu_social_links_color":"","ocean_menu_social_hover_links_color":"","ocean_disable_title":"default","ocean_disable_heading":"default","ocean_post_title":"","ocean_post_subheading":"","ocean_post_title_style":"","ocean_post_title_background_color":"","ocean_post_title_background":0,"ocean_post_title_bg_image_position":"","ocean_post_title_bg_image_attachment":"","ocean_post_title_bg_image_repeat":"","ocean_post_title_bg_image_size":"","ocean_post_title_height":0,"ocean_post_title_bg_overlay":0.5,"ocean_post_title_bg_overlay_color":"","ocean_disable_breadcrumbs":"default","ocean_breadcrumbs_color":"","ocean_breadcrumbs_separator_color":"","ocean_breadcrumbs_links_color":"","ocean_breadcrumbs_links_hover_color":"","ocean_display_footer_widgets":"default","ocean_display_footer_bottom":"default","ocean_custom_footer_template":"","omw_enable_modal_window":"enable","footnotes":""},"tags":[],"universducaviar-categories":[364],"class_list":["post-24917","universducaviar","type-universducaviar","status-publish","has-post-thumbnail","hentry","universducaviar-categories-histoire-du-caviar","entry","has-media","owp-thumbs-layout-vertical","owp-btn-normal","owp-tabs-layout-horizontal","has-no-thumbnails","has-product-nav"],"acf":[],"yoast_head":"<!-- This site is optimized with the Yoast SEO plugin v27.5 - https:\/\/yoast.com\/product\/yoast-seo-wordpress\/ -->\n<title>Y aura t il encore du caviar de la mer Caspienne esturgeon<\/title>\n<meta name=\"description\" content=\"Y\u00a0aura t il encore du caviar de la mer Caspienne ? L&#039;avenir du caviar en mer Caspienne n&#039;est gu\u00e8re r\u00e9jouissant. C&#039;\u00e9tait le vivier \u00e0 caviar du monde.\" \/>\n<meta name=\"robots\" content=\"index, follow, max-snippet:-1, max-image-preview:large, max-video-preview:-1\" \/>\n<link rel=\"canonical\" href=\"https:\/\/caviar-de-neuvic.com\/de\/universducaviar\/y-aura-t-il-encore-du-caviar-de-la-mer-caspienne\/\" \/>\n<meta property=\"og:locale\" content=\"de_DE\" \/>\n<meta property=\"og:type\" content=\"article\" \/>\n<meta property=\"og:title\" content=\"Y aura t il encore du caviar de la mer Caspienne esturgeon\" \/>\n<meta property=\"og:description\" content=\"Y\u00a0aura t il encore du caviar de la mer Caspienne ? L&#039;avenir du caviar en mer Caspienne n&#039;est gu\u00e8re r\u00e9jouissant. C&#039;\u00e9tait le vivier \u00e0 caviar du monde.\" \/>\n<meta property=\"og:url\" content=\"https:\/\/caviar-de-neuvic.com\/de\/universducaviar\/y-aura-t-il-encore-du-caviar-de-la-mer-caspienne\/\" \/>\n<meta property=\"og:site_name\" content=\"Producteur Fran\u00e7ais De Caviar\" \/>\n<meta property=\"article:modified_time\" content=\"2025-10-18T10:19:27+00:00\" \/>\n<meta property=\"og:image\" content=\"https:\/\/caviar-de-neuvic.com\/wp-content\/uploads\/2018\/09\/caspienne.jpg\" \/>\n\t<meta property=\"og:image:width\" content=\"272\" \/>\n\t<meta property=\"og:image:height\" content=\"200\" \/>\n\t<meta property=\"og:image:type\" content=\"image\/jpeg\" \/>\n<meta name=\"twitter:card\" content=\"summary_large_image\" \/>\n<meta name=\"twitter:label1\" content=\"Gesch\u00e4tzte Lesezeit\" \/>\n\t<meta name=\"twitter:data1\" content=\"4\u00a0Minuten\" \/>\n<script type=\"application\/ld+json\" class=\"yoast-schema-graph\">{\"@context\":\"https:\\\/\\\/schema.org\",\"@graph\":[{\"@type\":\"WebPage\",\"@id\":\"https:\\\/\\\/caviar-de-neuvic.com\\\/fr\\\/universducaviar\\\/y-aura-t-il-encore-du-caviar-de-la-mer-caspienne\\\/\",\"url\":\"https:\\\/\\\/caviar-de-neuvic.com\\\/fr\\\/universducaviar\\\/y-aura-t-il-encore-du-caviar-de-la-mer-caspienne\\\/\",\"name\":\"Y aura t il encore du caviar de la mer Caspienne esturgeon\",\"isPartOf\":{\"@id\":\"http:\\\/\\\/caviar-de-neuvic.com\\\/fr\\\/#website\"},\"primaryImageOfPage\":{\"@id\":\"https:\\\/\\\/caviar-de-neuvic.com\\\/fr\\\/universducaviar\\\/y-aura-t-il-encore-du-caviar-de-la-mer-caspienne\\\/#primaryimage\"},\"image\":{\"@id\":\"https:\\\/\\\/caviar-de-neuvic.com\\\/fr\\\/universducaviar\\\/y-aura-t-il-encore-du-caviar-de-la-mer-caspienne\\\/#primaryimage\"},\"thumbnailUrl\":\"https:\\\/\\\/caviar-de-neuvic.com\\\/wp-content\\\/uploads\\\/2018\\\/09\\\/caspienne.jpg\",\"datePublished\":\"2018-09-25T15:12:53+00:00\",\"dateModified\":\"2025-10-18T10:19:27+00:00\",\"description\":\"Y\u00a0aura t il encore du caviar de la mer Caspienne ? L'avenir du caviar en mer Caspienne n'est gu\u00e8re r\u00e9jouissant. C'\u00e9tait le vivier \u00e0 caviar du monde.\",\"breadcrumb\":{\"@id\":\"https:\\\/\\\/caviar-de-neuvic.com\\\/fr\\\/universducaviar\\\/y-aura-t-il-encore-du-caviar-de-la-mer-caspienne\\\/#breadcrumb\"},\"inLanguage\":\"de\",\"potentialAction\":[{\"@type\":\"ReadAction\",\"target\":[\"https:\\\/\\\/caviar-de-neuvic.com\\\/fr\\\/universducaviar\\\/y-aura-t-il-encore-du-caviar-de-la-mer-caspienne\\\/\"]}]},{\"@type\":\"ImageObject\",\"inLanguage\":\"de\",\"@id\":\"https:\\\/\\\/caviar-de-neuvic.com\\\/fr\\\/universducaviar\\\/y-aura-t-il-encore-du-caviar-de-la-mer-caspienne\\\/#primaryimage\",\"url\":\"https:\\\/\\\/caviar-de-neuvic.com\\\/wp-content\\\/uploads\\\/2018\\\/09\\\/caspienne.jpg\",\"contentUrl\":\"https:\\\/\\\/caviar-de-neuvic.com\\\/wp-content\\\/uploads\\\/2018\\\/09\\\/caspienne.jpg\",\"width\":272,\"height\":200},{\"@type\":\"BreadcrumbList\",\"@id\":\"https:\\\/\\\/caviar-de-neuvic.com\\\/fr\\\/universducaviar\\\/y-aura-t-il-encore-du-caviar-de-la-mer-caspienne\\\/#breadcrumb\",\"itemListElement\":[{\"@type\":\"ListItem\",\"position\":1,\"name\":\"Caviar de Neuvic\",\"item\":\"https:\\\/\\\/caviar-de-neuvic.com\\\/\"},{\"@type\":\"ListItem\",\"position\":2,\"name\":\"Univers du Caviar\",\"item\":\"https:\\\/\\\/caviar-de-neuvic.com\\\/univers-caviars\\\/\"},{\"@type\":\"ListItem\",\"position\":3,\"name\":\"La mer Caspinenne, le paradis perdu du caviar ?\"}]},{\"@type\":\"WebSite\",\"@id\":\"http:\\\/\\\/caviar-de-neuvic.com\\\/fr\\\/#website\",\"url\":\"http:\\\/\\\/caviar-de-neuvic.com\\\/fr\\\/\",\"name\":\"Producteur Fran\u00e7ais De Caviar\",\"description\":\"\",\"publisher\":{\"@id\":\"http:\\\/\\\/caviar-de-neuvic.com\\\/fr\\\/#organization\"},\"potentialAction\":[{\"@type\":\"SearchAction\",\"target\":{\"@type\":\"EntryPoint\",\"urlTemplate\":\"http:\\\/\\\/caviar-de-neuvic.com\\\/fr\\\/?s={search_term_string}\"},\"query-input\":{\"@type\":\"PropertyValueSpecification\",\"valueRequired\":true,\"valueName\":\"search_term_string\"}}],\"inLanguage\":\"de\"},{\"@type\":\"Organization\",\"@id\":\"http:\\\/\\\/caviar-de-neuvic.com\\\/fr\\\/#organization\",\"name\":\"Producteur Fran\u00e7ais De Caviar\",\"url\":\"http:\\\/\\\/caviar-de-neuvic.com\\\/fr\\\/\",\"logo\":{\"@type\":\"ImageObject\",\"inLanguage\":\"de\",\"@id\":\"http:\\\/\\\/caviar-de-neuvic.com\\\/fr\\\/#\\\/schema\\\/logo\\\/image\\\/\",\"url\":\"\",\"contentUrl\":\"\",\"caption\":\"Producteur Fran\u00e7ais De Caviar\"},\"image\":{\"@id\":\"http:\\\/\\\/caviar-de-neuvic.com\\\/fr\\\/#\\\/schema\\\/logo\\\/image\\\/\"}}]}<\/script>\n<!-- \/ Yoast SEO plugin. -->","yoast_head_json":{"title":"Y aura t il encore du caviar de la mer Caspienne esturgeon","description":"Y\u00a0aura t il encore du caviar de la mer Caspienne ? L'avenir du caviar en mer Caspienne n'est gu\u00e8re r\u00e9jouissant. C'\u00e9tait le vivier \u00e0 caviar du monde.","robots":{"index":"index","follow":"follow","max-snippet":"max-snippet:-1","max-image-preview":"max-image-preview:large","max-video-preview":"max-video-preview:-1"},"canonical":"https:\/\/caviar-de-neuvic.com\/de\/universducaviar\/y-aura-t-il-encore-du-caviar-de-la-mer-caspienne\/","og_locale":"de_DE","og_type":"article","og_title":"Y aura t il encore du caviar de la mer Caspienne esturgeon","og_description":"Y\u00a0aura t il encore du caviar de la mer Caspienne ? L'avenir du caviar en mer Caspienne n'est gu\u00e8re r\u00e9jouissant. C'\u00e9tait le vivier \u00e0 caviar du monde.","og_url":"https:\/\/caviar-de-neuvic.com\/de\/universducaviar\/y-aura-t-il-encore-du-caviar-de-la-mer-caspienne\/","og_site_name":"Producteur Fran\u00e7ais De Caviar","article_modified_time":"2025-10-18T10:19:27+00:00","og_image":[{"width":272,"height":200,"url":"https:\/\/caviar-de-neuvic.com\/wp-content\/uploads\/2018\/09\/caspienne.jpg","type":"image\/jpeg"}],"twitter_card":"summary_large_image","twitter_misc":{"Gesch\u00e4tzte Lesezeit":"4\u00a0Minuten"},"schema":{"@context":"https:\/\/schema.org","@graph":[{"@type":"WebPage","@id":"https:\/\/caviar-de-neuvic.com\/fr\/universducaviar\/y-aura-t-il-encore-du-caviar-de-la-mer-caspienne\/","url":"https:\/\/caviar-de-neuvic.com\/fr\/universducaviar\/y-aura-t-il-encore-du-caviar-de-la-mer-caspienne\/","name":"Y aura t il encore du caviar de la mer Caspienne esturgeon","isPartOf":{"@id":"http:\/\/caviar-de-neuvic.com\/fr\/#website"},"primaryImageOfPage":{"@id":"https:\/\/caviar-de-neuvic.com\/fr\/universducaviar\/y-aura-t-il-encore-du-caviar-de-la-mer-caspienne\/#primaryimage"},"image":{"@id":"https:\/\/caviar-de-neuvic.com\/fr\/universducaviar\/y-aura-t-il-encore-du-caviar-de-la-mer-caspienne\/#primaryimage"},"thumbnailUrl":"https:\/\/caviar-de-neuvic.com\/wp-content\/uploads\/2018\/09\/caspienne.jpg","datePublished":"2018-09-25T15:12:53+00:00","dateModified":"2025-10-18T10:19:27+00:00","description":"Y\u00a0aura t il encore du caviar de la mer Caspienne ? L'avenir du caviar en mer Caspienne n'est gu\u00e8re r\u00e9jouissant. C'\u00e9tait le vivier \u00e0 caviar du monde.","breadcrumb":{"@id":"https:\/\/caviar-de-neuvic.com\/fr\/universducaviar\/y-aura-t-il-encore-du-caviar-de-la-mer-caspienne\/#breadcrumb"},"inLanguage":"de","potentialAction":[{"@type":"ReadAction","target":["https:\/\/caviar-de-neuvic.com\/fr\/universducaviar\/y-aura-t-il-encore-du-caviar-de-la-mer-caspienne\/"]}]},{"@type":"ImageObject","inLanguage":"de","@id":"https:\/\/caviar-de-neuvic.com\/fr\/universducaviar\/y-aura-t-il-encore-du-caviar-de-la-mer-caspienne\/#primaryimage","url":"https:\/\/caviar-de-neuvic.com\/wp-content\/uploads\/2018\/09\/caspienne.jpg","contentUrl":"https:\/\/caviar-de-neuvic.com\/wp-content\/uploads\/2018\/09\/caspienne.jpg","width":272,"height":200},{"@type":"BreadcrumbList","@id":"https:\/\/caviar-de-neuvic.com\/fr\/universducaviar\/y-aura-t-il-encore-du-caviar-de-la-mer-caspienne\/#breadcrumb","itemListElement":[{"@type":"ListItem","position":1,"name":"Caviar de Neuvic","item":"https:\/\/caviar-de-neuvic.com\/"},{"@type":"ListItem","position":2,"name":"Univers du Caviar","item":"https:\/\/caviar-de-neuvic.com\/univers-caviars\/"},{"@type":"ListItem","position":3,"name":"La mer Caspinenne, le paradis perdu du caviar ?"}]},{"@type":"WebSite","@id":"http:\/\/caviar-de-neuvic.com\/fr\/#website","url":"http:\/\/caviar-de-neuvic.com\/fr\/","name":"Producteur Fran\u00e7ais De Caviar","description":"","publisher":{"@id":"http:\/\/caviar-de-neuvic.com\/fr\/#organization"},"potentialAction":[{"@type":"SearchAction","target":{"@type":"EntryPoint","urlTemplate":"http:\/\/caviar-de-neuvic.com\/fr\/?s={search_term_string}"},"query-input":{"@type":"PropertyValueSpecification","valueRequired":true,"valueName":"search_term_string"}}],"inLanguage":"de"},{"@type":"Organization","@id":"http:\/\/caviar-de-neuvic.com\/fr\/#organization","name":"Producteur Fran\u00e7ais De Caviar","url":"http:\/\/caviar-de-neuvic.com\/fr\/","logo":{"@type":"ImageObject","inLanguage":"de","@id":"http:\/\/caviar-de-neuvic.com\/fr\/#\/schema\/logo\/image\/","url":"","contentUrl":"","caption":"Producteur Fran\u00e7ais De Caviar"},"image":{"@id":"http:\/\/caviar-de-neuvic.com\/fr\/#\/schema\/logo\/image\/"}}]}},"_links":{"self":[{"href":"https:\/\/caviar-de-neuvic.com\/de\/wp-json\/wp\/v2\/universducaviar\/24917","targetHints":{"allow":["GET"]}}],"collection":[{"href":"https:\/\/caviar-de-neuvic.com\/de\/wp-json\/wp\/v2\/universducaviar"}],"about":[{"href":"https:\/\/caviar-de-neuvic.com\/de\/wp-json\/wp\/v2\/types\/universducaviar"}],"author":[{"embeddable":true,"href":"https:\/\/caviar-de-neuvic.com\/de\/wp-json\/wp\/v2\/users\/11896"}],"version-history":[{"count":1,"href":"https:\/\/caviar-de-neuvic.com\/de\/wp-json\/wp\/v2\/universducaviar\/24917\/revisions"}],"predecessor-version":[{"id":31402,"href":"https:\/\/caviar-de-neuvic.com\/de\/wp-json\/wp\/v2\/universducaviar\/24917\/revisions\/31402"}],"wp:featuredmedia":[{"embeddable":true,"href":"https:\/\/caviar-de-neuvic.com\/de\/wp-json\/wp\/v2\/media\/23866"}],"wp:attachment":[{"href":"https:\/\/caviar-de-neuvic.com\/de\/wp-json\/wp\/v2\/media?parent=24917"}],"wp:term":[{"taxonomy":"post_tag","embeddable":true,"href":"https:\/\/caviar-de-neuvic.com\/de\/wp-json\/wp\/v2\/tags?post=24917"},{"taxonomy":"universducaviar-categories","embeddable":true,"href":"https:\/\/caviar-de-neuvic.com\/de\/wp-json\/wp\/v2\/universducaviar-categories?post=24917"}],"curies":[{"name":"wp","href":"https:\/\/api.w.org\/{rel}","templated":true}]}}