{"id":27352,"date":"2018-06-18T12:27:35","date_gmt":"2018-06-18T10:27:35","guid":{"rendered":"http:\/\/localhost\/caviardeblog\/?post_type=inspiry_chef&amp;p=3650"},"modified":"2018-06-18T12:27:35","modified_gmt":"2018-06-18T10:27:35","slug":"lionel-durot","status":"publish","type":"inspiry_chef","link":"https:\/\/caviar-de-neuvic.com\/de_ch\/chef\/lionel-durot\/","title":{"rendered":"Lionel Durot"},"content":{"rendered":"<p style=\"text-align: justify;\"><em>Tous les mois nous pr\u00e9sentons un \u00e9tablissement ou\u00a0un Chef qui travaille le Caviar de Neuvic.\u00a0<\/em><\/p>\n<h3 style=\"text-align: justify;\"><strong>Lionel Durot, Artisan fumeur\u00a0<\/strong><\/h3>\n<h3 style=\"text-align: justify;\"><strong>Portrait<\/strong><\/h3>\n<h3 style=\"text-align: justify;\"><a href=\"http:\/\/www.lioneldurot.fr\/\">R\u00e4ucherlachs<\/a><br \/>\nArradon (Morbihan)<\/h3>\n<h3 style=\"text-align: justify;\"><strong>Racontez-nous votre histoire en quelques mots.<\/strong><\/h3>\n<p style=\"text-align: justify;\">J\u2019ai pass\u00e9 15 ans comme second, puis Chef, o\u00f9 j\u2019ai d\u00e9couvert le fumage du poisson.\u00a0J\u2019ai eu\u00a0mon entreprise, c\u2019est donc que je me suis install\u00e9 pr\u00e8s de Vannes. Apr\u00e8s 1 an &amp; 1\/2\u00a0de d\u00e9marches, j\u2019ai pu ouvrir ma boutique en mars 2013.<\/p>\n<h3 style=\"text-align: justify;\"><strong>Qu\u2019est-ce qui a inspir\u00e9 le nom de votre boutique\u00a0?<\/strong><\/h3>\n<p style=\"text-align: justify;\">Je n\u2019aimais pas les termes \u00ab\u00a0saumonerie\u00a0\u00bb, \u00ab\u00a0fumage artisanal\u00a0\u00bb. En travaillant sur le logo j\u2019ai voulu y mettre mon nom, et on me dit souvent que c\u2019est tr\u00e8s \u00ab\u00a0haut de gamme\u00a0\u00bb.<\/p>\n<h3 style=\"text-align: justify;\"><strong>Qu\u2019est-ce qui vous a plu en vous installant ici ?<\/strong><\/h3>\n<p style=\"text-align: justify;\">Je voulais \u00eatre au c\u0153ur du Golfe du Morbihan, pr\u00e8s de Vannes. Et puis\u00a0j\u2019aime beaucoup Arradon, j\u2019y avais la place d\u2019installer mon laboratoire de fumage.<\/p>\n<h3 style=\"text-align: justify;\"><strong>Comment choisissez-vous les produits et les marques que l\u2019on trouve dans votre magasin ?<\/strong><\/h3>\n<p style=\"text-align: justify;\">Je ne propose que du saumon d\u2019\u00e9levage bio. Il provient essentiellement d\u2019Irlande, o\u00f9 les courants sont plus violents donc les poissons moins gras et plus muscl\u00e9s.<\/p>\n<h3 style=\"text-align: justify;\"><strong>Parlez-nous de la premi\u00e8re fois o\u00f9 vous avez go\u00fbt\u00e9 du caviar.<\/strong><\/h3>\n<p style=\"text-align: justify;\">C\u2019\u00e9tait dans un restaurant en Alsace, avec un carpaccio de St Jacques. \u00c7a ne m\u2019a pas fait un grand effet, mais la premi\u00e8re fois que j\u2019ai go\u00fbt\u00e9 le Caviar de Neuvic, j\u2019ai ador\u00e9\u00a0!<\/p>\n<h3 style=\"text-align: justify;\"><strong>Quelles astuces conseillez-vous pour la d\u00e9gustation du caviar\u00a0?<\/strong><\/h3>\n<p style=\"text-align: justify;\">Il faut le d\u00e9guster \u00ab\u00a0\u00e0 la russe\u00a0\u00bb\u00a0: une gorg\u00e9e de vodka, puis un peu caviar d\u00e9pos\u00e9 sur le dos de la main. Pour les connaisseurs, je conseille le\u00a0<a href=\"http:\/\/www.lioneldurot.fr\/cote-mer\/21-saumon-gravelax-6-tranches-gourmande-coupe-droite-.html\">saumon gravelax<\/a>\u00a0avec le caviar R\u00e9serve.<\/p>\n\t\t<style>\n\t\t\t.blog_sticker{\n\t\t\t\tmargin-top: 50px !important;\n\t\t\t\tdisplay: flex;\n  \t\t\t\tjustify-content: center;\n\t\t\t\tflex-wrap: wrap;\n\t\t\t}\n\t\t\t.blog_sticker .product-miniature-list.row .span_1_of_3{\n\t\t\t\twidth: 100%!important;\n\t\t\t\tflex: 0 0 100%!important;\n\t\t\t\tmax-width: 400px!important;\n\t\t\t}\n\t\t\t.blog_sticker_right{\n\t\t\t\tmax-width: 400px;\n\t\t\t}\n\t\t\t.product-miniature-list.row {\n\t\t\t\tdisplay: flex;\n\t\t\t\tjustify-content: center;\n\t\t\t\tflex-wrap: wrap;\n\t\t\t}\n\t\t<\/style>\n\t\t<div class=\"blog_sticker d-flex flex-wrap\">\n\t\t\t<div class=\"blog_sticker_left col-sm-12 col-md-6 products-grid\">\n\t\t\t\t<div class=\"product-miniature-list row\">\n\t\t\t\t\t<div class=\"woocommerce\">\r\n<ul class=\"products oceanwp-row clr grid tablet-col tablet-2-col mobile-col mobile-2-col load-more-wrap\">\r\n<li class=\"entry has-media has-product-nav col span_1_of_3 owp-content-center item-entry owp-thumbs-layout-vertical owp-btn-normal owp-tabs-layout-horizontal product type-product post-293 status-publish first outofstock product_cat-coffrets product_cat-esturgeon product_cat-rillettes-d-esturgeon has-post-thumbnail taxable shipping-taxable purchasable product-type-simple\">\n\t<div class=\"product-inner clr\">\r\n\t<div class=\"woo-entry-image clr\">\r\n\t\t<a href=\"https:\/\/caviar-de-neuvic.com\/de_ch\/p\/accueil\/esturgeon\/rillettes-d-esturgeon\/trio-rillettes-d-esturgeon\/\" class=\"woocommerce-LoopProduct-link\"><img fetchpriority=\"high\" decoding=\"async\" width=\"348\" height=\"464\" src=\"https:\/\/caviar-de-neuvic.com\/wp-content\/uploads\/2016\/06\/2784-Trio-Rillettes-desturgeon-348x464.jpg\" class=\"woo-entry-image-main\" alt=\"Trio Rillettes d&rsquo;esturgeon\" itemprop=\"image\" srcset=\"https:\/\/caviar-de-neuvic.com\/wp-content\/uploads\/2016\/06\/2784-Trio-Rillettes-desturgeon-348x464.jpg 348w, https:\/\/caviar-de-neuvic.com\/wp-content\/uploads\/2016\/06\/2784-Trio-Rillettes-desturgeon-9x12.jpg 9w\" sizes=\"(max-width: 348px) 100vw, 348px\" \/><\/a>\t<\/div><!-- .woo-entry-image -->\r\n\r\n<div class=\"grc-category-stars\" \n                        data-product-id=\"293\"\n                         data-product-sku=\"CDN033\">\n                    <\/div><ul class=\"woo-entry-inner clr\"><li class=\"image-wrap\">\t\t\t\t<div class=\"outofstock-badge\">\n\t\t\t\t\tOut of Stock\t\t\t\t<\/div><!-- .product-entry-out-of-stock-badge -->\n\t\t\t\t\r\n\t<div class=\"woo-entry-image clr\">\r\n\t\t<a href=\"https:\/\/caviar-de-neuvic.com\/de_ch\/p\/accueil\/esturgeon\/rillettes-d-esturgeon\/trio-rillettes-d-esturgeon\/\" class=\"woocommerce-LoopProduct-link\"><img fetchpriority=\"high\" decoding=\"async\" width=\"348\" height=\"464\" src=\"https:\/\/caviar-de-neuvic.com\/wp-content\/uploads\/2016\/06\/2784-Trio-Rillettes-desturgeon-348x464.jpg\" class=\"woo-entry-image-main\" alt=\"Trio Rillettes d&rsquo;esturgeon\" itemprop=\"image\" srcset=\"https:\/\/caviar-de-neuvic.com\/wp-content\/uploads\/2016\/06\/2784-Trio-Rillettes-desturgeon-348x464.jpg 348w, https:\/\/caviar-de-neuvic.com\/wp-content\/uploads\/2016\/06\/2784-Trio-Rillettes-desturgeon-9x12.jpg 9w\" sizes=\"(max-width: 348px) 100vw, 348px\" \/><\/a>\t<\/div><!-- .woo-entry-image -->\r\n\r\n<\/li><li class=\"title\"><h2><a href=\"https:\/\/caviar-de-neuvic.com\/de_ch\/p\/accueil\/esturgeon\/rillettes-d-esturgeon\/trio-rillettes-d-esturgeon\/\">Trio aus St\u00f6r-Rillettes<\/a><\/h2><\/li><li class=\"rating\"><\/li><li class=\"price-wrap\">\n\t<span class=\"price\"><span class=\"woocommerce-Price-amount amount\"><bdi>30,00&nbsp;<span class=\"woocommerce-Price-currencySymbol\">&#67;&#72;&#70;<\/span><\/bdi><\/span><\/span>\n<\/li><li class=\"btn-wrap clr\"><a href=\"https:\/\/caviar-de-neuvic.com\/de_ch\/p\/accueil\/esturgeon\/rillettes-d-esturgeon\/trio-rillettes-d-esturgeon\/\" aria-describedby=\"woocommerce_loop_add_to_cart_link_describedby_293\" data-quantity=\"1\" class=\"button product_type_simple\" data-product_id=\"293\" data-product_sku=\"CDN033\" aria-label=\"En savoir plus sur \u201cTrio Rillettes d&#039;esturgeon\u201d\" rel=\"nofollow\" data-success_message=\"\" data-no-translation=\"\" data-trp-gettext=\"\" data-no-translation-aria-label=\"\">Lire la suite<\/a>\t<span id=\"woocommerce_loop_add_to_cart_link_describedby_293\" class=\"screen-reader-text\">\n\t\t\t<\/span>\n<\/li><\/ul><\/div><!-- .product-inner .clr --><\/li>\n<\/ul>\n<\/div>\t\t\t\t<\/div>\n\t\t\t<\/div>\n\t\t\t<div class=\"blog_sticker_right col-sm-12 col-md-6\">\n\t\t\t\t\t\t\t<\/div>\n\t\t<\/div>\n\t\n<p style=\"text-align: justify;\">D\u00e9couvrez les saumons fum\u00e9s de\u00a0<strong>Lionel Durot<\/strong><br \/>\n<a href=\"http:\/\/localhost\/caviardeblog\/wp-content\/uploads\/2017\/08\/\u00e9picerie-fine.jpg\" target=\"_blank\" rel=\"noopener noreferrer\"><img decoding=\"async\" class=\"aligncenter wp-image-1577 size-full\" title=\"\u00e9picerie fine\" src=\"https:\/\/caviar-de-neuvic.com\/testblog\/wp-content\/uploads\/2017\/08\/\u00e9picerie-fine.jpg\" alt=\"\u00e9picerie fine\" width=\"850\" height=\"425\" \/><\/a><\/p>\n<p><strong>A la boutique<\/strong><br \/>\n<strong> 9 all\u00e9e L\u00e9onard de Vinci\u00a056610 Arradon<\/strong><br \/>\n<strong> 09 83 27 85 80 \/ 06 81 82 82 67<\/strong><br \/>\n<strong> Sur les march\u00e9s de Vannes, Arradon, Baden et Larmor-Baden<\/strong><br \/>\n<strong> Sur internet :\u00a0<a href=\"http:\/\/www.lioneldurot.fr\/\">http:\/\/www.lioneldurot.fr<\/a><\/strong><\/p>","protected":false},"excerpt":{"rendered":"<p>Tous les mois nous pr\u00e9sentons un \u00e9tablissement ou\u00a0un Chef qui travaille le Caviar de Neuvic.\u00a0 Lionel Durot, Artisan fumeur\u00a0 Portrait Saumon fum\u00e9 Arradon (Morbihan) Racontez-nous votre histoire en quelques mots. J\u2019ai pass\u00e9 15 ans comme second, puis Chef, o\u00f9 j\u2019ai d\u00e9couvert le fumage du poisson.\u00a0J\u2019ai eu\u00a0mon entreprise, c\u2019est donc que je me suis install\u00e9 pr\u00e8s [&hellip;]<\/p>\n","protected":false},"featured_media":22638,"template":"","recipe-type":[],"class_list":["post-27352","inspiry_chef","type-inspiry_chef","status-publish","has-post-thumbnail","hentry","entry","has-media","owp-thumbs-layout-vertical","owp-btn-normal","owp-tabs-layout-horizontal","has-no-thumbnails","has-product-nav"],"acf":[],"yoast_head":"<!-- This site is optimized with the Yoast SEO plugin v27.4 - https:\/\/yoast.com\/product\/yoast-seo-wordpress\/ -->\n<title>Lionel Durot - Producteur Fran\u00e7ais De Caviar<\/title>\n<meta name=\"description\" content=\"Portrait de Lionel Durot : Un Chef qui travaille le Caviar de Neuvic.\u00a0&quot;J\u2019ai pass\u00e9 15 ans comme second, puis Chef&quot;.\" \/>\n<meta name=\"robots\" content=\"index, follow, max-snippet:-1, max-image-preview:large, max-video-preview:-1\" \/>\n<link rel=\"canonical\" href=\"https:\/\/caviar-de-neuvic.com\/de_ch\/Chef\/lionel-durot\/\" \/>\n<meta property=\"og:locale\" content=\"de_DE\" \/>\n<meta property=\"og:type\" content=\"article\" \/>\n<meta property=\"og:title\" content=\"Lionel Durot - Producteur Fran\u00e7ais De Caviar\" \/>\n<meta property=\"og:description\" content=\"Portrait de Lionel Durot : Un Chef qui travaille le Caviar de Neuvic.\u00a0&quot;J\u2019ai pass\u00e9 15 ans comme second, puis Chef&quot;.\" \/>\n<meta property=\"og:url\" content=\"https:\/\/caviar-de-neuvic.com\/de_ch\/Chef\/lionel-durot\/\" \/>\n<meta property=\"og:site_name\" content=\"Producteur Fran\u00e7ais De Caviar\" \/>\n<meta property=\"og:image\" content=\"https:\/\/caviar-de-neuvic.com\/wp-content\/uploads\/2018\/06\/lionel-durot-portrait.jpg\" \/>\n\t<meta property=\"og:image:width\" content=\"479\" \/>\n\t<meta property=\"og:image:height\" content=\"492\" \/>\n\t<meta property=\"og:image:type\" content=\"image\/jpeg\" \/>\n<meta name=\"twitter:card\" content=\"summary_large_image\" \/>\n<meta name=\"twitter:label1\" content=\"Gesch\u00e4tzte Lesezeit\" \/>\n\t<meta name=\"twitter:data1\" content=\"3 Minuten\" \/>\n<script type=\"application\/ld+json\" class=\"yoast-schema-graph\">{\"@context\":\"https:\\\/\\\/schema.org\",\"@graph\":[{\"@type\":\"WebPage\",\"@id\":\"https:\\\/\\\/caviar-de-neuvic.com\\\/Chef\\\/lionel-durot\\\/\",\"url\":\"https:\\\/\\\/caviar-de-neuvic.com\\\/Chef\\\/lionel-durot\\\/\",\"name\":\"Lionel Durot - Producteur Fran\u00e7ais De Caviar\",\"isPartOf\":{\"@id\":\"http:\\\/\\\/caviar-de-neuvic.com\\\/fr\\\/#website\"},\"primaryImageOfPage\":{\"@id\":\"https:\\\/\\\/caviar-de-neuvic.com\\\/Chef\\\/lionel-durot\\\/#primaryimage\"},\"image\":{\"@id\":\"https:\\\/\\\/caviar-de-neuvic.com\\\/Chef\\\/lionel-durot\\\/#primaryimage\"},\"thumbnailUrl\":\"https:\\\/\\\/caviar-de-neuvic.com\\\/wp-content\\\/uploads\\\/2018\\\/06\\\/lionel-durot-portrait.jpg\",\"datePublished\":\"2018-06-18T10:27:35+00:00\",\"description\":\"Portrait de Lionel Durot : Un Chef qui travaille le Caviar de Neuvic.\u00a0\\\"J\u2019ai pass\u00e9 15 ans comme second, puis Chef\\\".\",\"breadcrumb\":{\"@id\":\"https:\\\/\\\/caviar-de-neuvic.com\\\/Chef\\\/lionel-durot\\\/#breadcrumb\"},\"inLanguage\":\"de-CH\",\"potentialAction\":[{\"@type\":\"ReadAction\",\"target\":[\"https:\\\/\\\/caviar-de-neuvic.com\\\/Chef\\\/lionel-durot\\\/\"]}]},{\"@type\":\"ImageObject\",\"inLanguage\":\"de-CH\",\"@id\":\"https:\\\/\\\/caviar-de-neuvic.com\\\/Chef\\\/lionel-durot\\\/#primaryimage\",\"url\":\"https:\\\/\\\/caviar-de-neuvic.com\\\/wp-content\\\/uploads\\\/2018\\\/06\\\/lionel-durot-portrait.jpg\",\"contentUrl\":\"https:\\\/\\\/caviar-de-neuvic.com\\\/wp-content\\\/uploads\\\/2018\\\/06\\\/lionel-durot-portrait.jpg\",\"width\":479,\"height\":492},{\"@type\":\"BreadcrumbList\",\"@id\":\"https:\\\/\\\/caviar-de-neuvic.com\\\/Chef\\\/lionel-durot\\\/#breadcrumb\",\"itemListElement\":[{\"@type\":\"ListItem\",\"position\":1,\"name\":\"Caviar de Neuvic\",\"item\":\"https:\\\/\\\/caviar-de-neuvic.com\\\/\"},{\"@type\":\"ListItem\",\"position\":2,\"name\":\"Chefs\",\"item\":\"https:\\\/\\\/caviar-de-neuvic.com\\\/Chef\\\/\"},{\"@type\":\"ListItem\",\"position\":3,\"name\":\"Lionel Durot\"}]},{\"@type\":\"WebSite\",\"@id\":\"http:\\\/\\\/caviar-de-neuvic.com\\\/fr\\\/#website\",\"url\":\"http:\\\/\\\/caviar-de-neuvic.com\\\/fr\\\/\",\"name\":\"Producteur Fran\u00e7ais De Caviar\",\"description\":\"\",\"publisher\":{\"@id\":\"http:\\\/\\\/caviar-de-neuvic.com\\\/fr\\\/#organization\"},\"potentialAction\":[{\"@type\":\"SearchAction\",\"target\":{\"@type\":\"EntryPoint\",\"urlTemplate\":\"http:\\\/\\\/caviar-de-neuvic.com\\\/fr\\\/?s={search_term_string}\"},\"query-input\":{\"@type\":\"PropertyValueSpecification\",\"valueRequired\":true,\"valueName\":\"search_term_string\"}}],\"inLanguage\":\"de-CH\"},{\"@type\":\"Organization\",\"@id\":\"http:\\\/\\\/caviar-de-neuvic.com\\\/fr\\\/#organization\",\"name\":\"Producteur Fran\u00e7ais De Caviar\",\"url\":\"http:\\\/\\\/caviar-de-neuvic.com\\\/fr\\\/\",\"logo\":{\"@type\":\"ImageObject\",\"inLanguage\":\"de-CH\",\"@id\":\"http:\\\/\\\/caviar-de-neuvic.com\\\/fr\\\/#\\\/schema\\\/logo\\\/image\\\/\",\"url\":\"\",\"contentUrl\":\"\",\"caption\":\"Producteur Fran\u00e7ais De Caviar\"},\"image\":{\"@id\":\"http:\\\/\\\/caviar-de-neuvic.com\\\/fr\\\/#\\\/schema\\\/logo\\\/image\\\/\"}}]}<\/script>\n<!-- \/ Yoast SEO plugin. -->","yoast_head_json":{"title":"Lionel Durot - Producteur Fran\u00e7ais De Caviar","description":"Portrait de Lionel Durot : Un Chef qui travaille le Caviar de Neuvic.\u00a0\"J\u2019ai pass\u00e9 15 ans comme second, puis Chef\".","robots":{"index":"index","follow":"follow","max-snippet":"max-snippet:-1","max-image-preview":"max-image-preview:large","max-video-preview":"max-video-preview:-1"},"canonical":"https:\/\/caviar-de-neuvic.com\/de_ch\/Chef\/lionel-durot\/","og_locale":"de_DE","og_type":"article","og_title":"Lionel Durot - Producteur Fran\u00e7ais De Caviar","og_description":"Portrait de Lionel Durot : Un Chef qui travaille le Caviar de Neuvic.\u00a0\"J\u2019ai pass\u00e9 15 ans comme second, puis Chef\".","og_url":"https:\/\/caviar-de-neuvic.com\/de_ch\/Chef\/lionel-durot\/","og_site_name":"Producteur Fran\u00e7ais De Caviar","og_image":[{"width":479,"height":492,"url":"https:\/\/caviar-de-neuvic.com\/wp-content\/uploads\/2018\/06\/lionel-durot-portrait.jpg","type":"image\/jpeg"}],"twitter_card":"summary_large_image","twitter_misc":{"Gesch\u00e4tzte Lesezeit":"3 Minuten"},"schema":{"@context":"https:\/\/schema.org","@graph":[{"@type":"WebPage","@id":"https:\/\/caviar-de-neuvic.com\/Chef\/lionel-durot\/","url":"https:\/\/caviar-de-neuvic.com\/Chef\/lionel-durot\/","name":"Lionel Durot - Producteur Fran\u00e7ais De Caviar","isPartOf":{"@id":"http:\/\/caviar-de-neuvic.com\/fr\/#website"},"primaryImageOfPage":{"@id":"https:\/\/caviar-de-neuvic.com\/Chef\/lionel-durot\/#primaryimage"},"image":{"@id":"https:\/\/caviar-de-neuvic.com\/Chef\/lionel-durot\/#primaryimage"},"thumbnailUrl":"https:\/\/caviar-de-neuvic.com\/wp-content\/uploads\/2018\/06\/lionel-durot-portrait.jpg","datePublished":"2018-06-18T10:27:35+00:00","description":"Portrait de Lionel Durot : Un Chef qui travaille le Caviar de Neuvic.\u00a0\"J\u2019ai pass\u00e9 15 ans comme second, puis Chef\".","breadcrumb":{"@id":"https:\/\/caviar-de-neuvic.com\/Chef\/lionel-durot\/#breadcrumb"},"inLanguage":"de-CH","potentialAction":[{"@type":"ReadAction","target":["https:\/\/caviar-de-neuvic.com\/Chef\/lionel-durot\/"]}]},{"@type":"ImageObject","inLanguage":"de-CH","@id":"https:\/\/caviar-de-neuvic.com\/Chef\/lionel-durot\/#primaryimage","url":"https:\/\/caviar-de-neuvic.com\/wp-content\/uploads\/2018\/06\/lionel-durot-portrait.jpg","contentUrl":"https:\/\/caviar-de-neuvic.com\/wp-content\/uploads\/2018\/06\/lionel-durot-portrait.jpg","width":479,"height":492},{"@type":"BreadcrumbList","@id":"https:\/\/caviar-de-neuvic.com\/Chef\/lionel-durot\/#breadcrumb","itemListElement":[{"@type":"ListItem","position":1,"name":"Caviar de Neuvic","item":"https:\/\/caviar-de-neuvic.com\/"},{"@type":"ListItem","position":2,"name":"Chefs","item":"https:\/\/caviar-de-neuvic.com\/Chef\/"},{"@type":"ListItem","position":3,"name":"Lionel Durot"}]},{"@type":"WebSite","@id":"http:\/\/caviar-de-neuvic.com\/fr\/#website","url":"http:\/\/caviar-de-neuvic.com\/fr\/","name":"Producteur Fran\u00e7ais De Caviar","description":"","publisher":{"@id":"http:\/\/caviar-de-neuvic.com\/fr\/#organization"},"potentialAction":[{"@type":"SearchAction","target":{"@type":"EntryPoint","urlTemplate":"http:\/\/caviar-de-neuvic.com\/fr\/?s={search_term_string}"},"query-input":{"@type":"PropertyValueSpecification","valueRequired":true,"valueName":"search_term_string"}}],"inLanguage":"de-CH"},{"@type":"Organization","@id":"http:\/\/caviar-de-neuvic.com\/fr\/#organization","name":"Producteur Fran\u00e7ais De Caviar","url":"http:\/\/caviar-de-neuvic.com\/fr\/","logo":{"@type":"ImageObject","inLanguage":"de-CH","@id":"http:\/\/caviar-de-neuvic.com\/fr\/#\/schema\/logo\/image\/","url":"","contentUrl":"","caption":"Producteur Fran\u00e7ais De Caviar"},"image":{"@id":"http:\/\/caviar-de-neuvic.com\/fr\/#\/schema\/logo\/image\/"}}]}},"_links":{"self":[{"href":"https:\/\/caviar-de-neuvic.com\/de_ch\/wp-json\/wp\/v2\/chef\/27352","targetHints":{"allow":["GET"]}}],"collection":[{"href":"https:\/\/caviar-de-neuvic.com\/de_ch\/wp-json\/wp\/v2\/chef"}],"about":[{"href":"https:\/\/caviar-de-neuvic.com\/de_ch\/wp-json\/wp\/v2\/types\/inspiry_chef"}],"version-history":[{"count":0,"href":"https:\/\/caviar-de-neuvic.com\/de_ch\/wp-json\/wp\/v2\/chef\/27352\/revisions"}],"wp:featuredmedia":[{"embeddable":true,"href":"https:\/\/caviar-de-neuvic.com\/de_ch\/wp-json\/wp\/v2\/media\/22638"}],"wp:attachment":[{"href":"https:\/\/caviar-de-neuvic.com\/de_ch\/wp-json\/wp\/v2\/media?parent=27352"}],"wp:term":[{"taxonomy":"recipe-type","embeddable":true,"href":"https:\/\/caviar-de-neuvic.com\/de_ch\/wp-json\/wp\/v2\/recipe-type?post=27352"}],"curies":[{"name":"wp","href":"https:\/\/api.w.org\/{rel}","templated":true}]}}