{"id":500,"date":"2017-10-16T15:08:37","date_gmt":"2017-10-16T15:08:37","guid":{"rendered":"https:\/\/caviar-de-neuvic.com\/produits\/fleur-de-sel-au-caviar-seche\/"},"modified":"2026-04-27T17:54:14","modified_gmt":"2026-04-27T15:54:14","slug":"fleur-de-sel-au-caviar-seche","status":"publish","type":"product","link":"https:\/\/caviar-de-neuvic.com\/en\/p\/accueil\/l-epicerie-neuvic\/epicerie-caviar\/fleur-de-sel-au-caviar-seche\/","title":{"rendered":"Sea salt with dried caviar"},"content":{"rendered":"<h3>Serving suggestion<\/h3>\n<p>Seasoning salt enriched with a few grains of dried caviar.\n\nPerfect for sprinkling over fish, white meat or risotto, Fleur de Sel with dried caviar adds iodized notes that will awaken your guests\u2019 taste buds. It is also excellent on a simple slice of bread with unsalted butter, for a refined and surprising tasting experience.<\/p>","protected":false},"excerpt":{"rendered":"<p>Dried caviar salt combines the delicacy of Gu\u00e9rande fleur de sel with the intensity of caviar grains, adding a unique iodized and robust touch to seasonings.<\/p>\n<p>Made with Gu\u00e9rande fleur de sel and dried caviar from sturgeons raised at the Domaine de Neuvic, this seasoning once again demonstrates our capacity for innovation around caviar.<\/p>\n<p>Its black appearance evokes the world of caviar and creates a refined visual contrast on the plate. A true gustatory and aesthetic signature to enhance your dishes.<\/p>\n<p>Crafted in Neuvic with dried caviar from sturgeons raised at the Domaine, this product once again showcases our capacity for innovation around caviar.<\/p>","protected":false},"featured_media":496,"template":"","meta":{"_acf_changed":false,"ocean_post_layout":"","ocean_both_sidebars_style":"","ocean_both_sidebars_content_width":0,"ocean_both_sidebars_sidebars_width":0,"ocean_sidebar":"0","ocean_second_sidebar":"0","ocean_disable_margins":"enable","ocean_add_body_class":"","ocean_shortcode_before_top_bar":"","ocean_shortcode_after_top_bar":"","ocean_shortcode_before_header":"","ocean_shortcode_after_header":"","ocean_has_shortcode":"","ocean_shortcode_after_title":"","ocean_shortcode_before_footer_widgets":"","ocean_shortcode_after_footer_widgets":"","ocean_shortcode_before_footer_bottom":"","ocean_shortcode_after_footer_bottom":"","ocean_display_top_bar":"default","ocean_display_header":"default","ocean_header_style":"","ocean_center_header_left_menu":"0","ocean_custom_header_template":"0","ocean_custom_logo":0,"ocean_custom_retina_logo":0,"ocean_custom_logo_max_width":0,"ocean_custom_logo_tablet_max_width":0,"ocean_custom_logo_mobile_max_width":0,"ocean_custom_logo_max_height":0,"ocean_custom_logo_tablet_max_height":0,"ocean_custom_logo_mobile_max_height":0,"ocean_header_custom_menu":"0","ocean_menu_typo_font_family":"0","ocean_menu_typo_font_subset":"","ocean_menu_typo_font_size":0,"ocean_menu_typo_font_size_tablet":0,"ocean_menu_typo_font_size_mobile":0,"ocean_menu_typo_font_size_unit":"px","ocean_menu_typo_font_weight":"","ocean_menu_typo_font_weight_tablet":"","ocean_menu_typo_font_weight_mobile":"","ocean_menu_typo_transform":"","ocean_menu_typo_transform_tablet":"","ocean_menu_typo_transform_mobile":"","ocean_menu_typo_line_height":0,"ocean_menu_typo_line_height_tablet":0,"ocean_menu_typo_line_height_mobile":0,"ocean_menu_typo_line_height_unit":"","ocean_menu_typo_spacing":0,"ocean_menu_typo_spacing_tablet":0,"ocean_menu_typo_spacing_mobile":0,"ocean_menu_typo_spacing_unit":"","ocean_menu_link_color":"","ocean_menu_link_color_hover":"","ocean_menu_link_color_active":"","ocean_menu_link_background":"","ocean_menu_link_hover_background":"","ocean_menu_link_active_background":"","ocean_menu_social_links_bg":"","ocean_menu_social_hover_links_bg":"","ocean_menu_social_links_color":"","ocean_menu_social_hover_links_color":"","ocean_disable_title":"default","ocean_disable_heading":"default","ocean_post_title":"","ocean_post_subheading":"","ocean_post_title_style":"","ocean_post_title_background_color":"","ocean_post_title_background":0,"ocean_post_title_bg_image_position":"","ocean_post_title_bg_image_attachment":"","ocean_post_title_bg_image_repeat":"","ocean_post_title_bg_image_size":"","ocean_post_title_height":0,"ocean_post_title_bg_overlay":0.5,"ocean_post_title_bg_overlay_color":"","ocean_disable_breadcrumbs":"default","ocean_breadcrumbs_color":"","ocean_breadcrumbs_separator_color":"","ocean_breadcrumbs_links_color":"","ocean_breadcrumbs_links_hover_color":"","ocean_display_footer_widgets":"default","ocean_display_footer_bottom":"default","ocean_custom_footer_template":"0","omw_enable_modal_window":"enable"},"product_brand":[],"product_cat":[45,22],"product_tag":[],"class_list":{"0":"post-500","1":"product","2":"type-product","3":"status-publish","4":"has-post-thumbnail","6":"product_cat-epicerie-caviar","7":"product_cat-l-epicerie-neuvic","8":"product_shipping_class-sec","9":"pa_conservation-endroitfraisetsec","10":"pa_livraison-sec","11":"pa_origine-france","13":"entry","14":"has-media","16":"first","17":"outofstock","18":"taxable","19":"shipping-taxable","20":"purchasable","21":"product-type-simple","22":"has-product-nav","23":"col","24":"span_1_of_3","25":"owp-content-center","26":"item-entry","27":"owp-thumbs-layout-vertical","28":"owp-btn-normal","29":"owp-tabs-layout-horizontal"},"acf":[],"yoast_head":"<!-- This site is optimized with the Yoast SEO plugin v27.4 - https:\/\/yoast.com\/product\/yoast-seo-wordpress\/ -->\n<title>Fleur de sel au caviar s\u00e9ch\u00e9 - Caviar de Neuvic<\/title>\n<meta name=\"description\" content=\"Le sel au caviar s\u00e9ch\u00e9 conjugue la finesse de la fleur de sel de Gu\u00e9rande et les grains de caviar pour donner aux assaisonnements une touche iod\u00e9e et cors\u00e9e.\" \/>\n<meta name=\"robots\" content=\"index, follow, max-snippet:-1, max-image-preview:large, max-video-preview:-1\" \/>\n<link rel=\"canonical\" href=\"https:\/\/caviar-de-neuvic.com\/en\/p\/accueil\/l-epicerie-neuvic\/epicerie-caviar\/fleur-de-sel-au-caviar-seche\/\" \/>\n<meta property=\"og:locale\" content=\"en_GB\" \/>\n<meta property=\"og:type\" content=\"article\" \/>\n<meta property=\"og:title\" content=\"Fleur de sel au caviar s\u00e9ch\u00e9 - Caviar de Neuvic\" \/>\n<meta property=\"og:description\" content=\"Le sel au caviar s\u00e9ch\u00e9 conjugue la finesse de la fleur de sel de Gu\u00e9rande et les grains de caviar pour donner aux assaisonnements une touche iod\u00e9e et cors\u00e9e.\" \/>\n<meta property=\"og:url\" content=\"https:\/\/caviar-de-neuvic.com\/en\/p\/accueil\/l-epicerie-neuvic\/epicerie-caviar\/fleur-de-sel-au-caviar-seche\/\" \/>\n<meta property=\"og:site_name\" content=\"Producteur Fran\u00e7ais De Caviar\" \/>\n<meta property=\"article:modified_time\" content=\"2026-04-27T15:54:14+00:00\" \/>\n<meta property=\"og:image\" content=\"https:\/\/caviar-de-neuvic.com\/wp-content\/uploads\/2017\/10\/2141-Fleur-de-sel-au-caviar-seche.jpg\" \/>\n\t<meta property=\"og:image:width\" content=\"1100\" \/>\n\t<meta property=\"og:image:height\" content=\"1422\" \/>\n\t<meta property=\"og:image:type\" content=\"image\/jpeg\" \/>\n<meta name=\"twitter:card\" content=\"summary_large_image\" \/>\n<meta name=\"twitter:label1\" content=\"Estimated reading time\" \/>\n\t<meta name=\"twitter:data1\" content=\"1 minute\" \/>\n<script type=\"application\/ld+json\" class=\"yoast-schema-graph\">{\"@context\":\"https:\\\/\\\/schema.org\",\"@graph\":[{\"@type\":\"WebPage\",\"@id\":\"https:\\\/\\\/caviar-de-neuvic.com\\\/p\\\/accueil\\\/l-epicerie-neuvic\\\/epicerie-caviar\\\/fleur-de-sel-au-caviar-seche\\\/\",\"url\":\"https:\\\/\\\/caviar-de-neuvic.com\\\/p\\\/accueil\\\/l-epicerie-neuvic\\\/epicerie-caviar\\\/fleur-de-sel-au-caviar-seche\\\/\",\"name\":\"Fleur de sel au caviar s\u00e9ch\u00e9 - Caviar de Neuvic\",\"isPartOf\":{\"@id\":\"http:\\\/\\\/caviar-de-neuvic.com\\\/fr\\\/#website\"},\"primaryImageOfPage\":{\"@id\":\"https:\\\/\\\/caviar-de-neuvic.com\\\/p\\\/accueil\\\/l-epicerie-neuvic\\\/epicerie-caviar\\\/fleur-de-sel-au-caviar-seche\\\/#primaryimage\"},\"image\":{\"@id\":\"https:\\\/\\\/caviar-de-neuvic.com\\\/p\\\/accueil\\\/l-epicerie-neuvic\\\/epicerie-caviar\\\/fleur-de-sel-au-caviar-seche\\\/#primaryimage\"},\"thumbnailUrl\":\"https:\\\/\\\/caviar-de-neuvic.com\\\/wp-content\\\/uploads\\\/2017\\\/10\\\/2141-Fleur-de-sel-au-caviar-seche.jpg\",\"datePublished\":\"2017-10-16T15:08:37+00:00\",\"dateModified\":\"2026-04-27T15:54:14+00:00\",\"description\":\"Le sel au caviar s\u00e9ch\u00e9 conjugue la finesse de la fleur de sel de Gu\u00e9rande et les grains de caviar pour donner aux assaisonnements une touche iod\u00e9e et cors\u00e9e.\",\"breadcrumb\":{\"@id\":\"https:\\\/\\\/caviar-de-neuvic.com\\\/p\\\/accueil\\\/l-epicerie-neuvic\\\/epicerie-caviar\\\/fleur-de-sel-au-caviar-seche\\\/#breadcrumb\"},\"inLanguage\":\"en-GB\",\"potentialAction\":[{\"@type\":\"ReadAction\",\"target\":[\"https:\\\/\\\/caviar-de-neuvic.com\\\/p\\\/accueil\\\/l-epicerie-neuvic\\\/epicerie-caviar\\\/fleur-de-sel-au-caviar-seche\\\/\"]}]},{\"@type\":\"ImageObject\",\"inLanguage\":\"en-GB\",\"@id\":\"https:\\\/\\\/caviar-de-neuvic.com\\\/p\\\/accueil\\\/l-epicerie-neuvic\\\/epicerie-caviar\\\/fleur-de-sel-au-caviar-seche\\\/#primaryimage\",\"url\":\"https:\\\/\\\/caviar-de-neuvic.com\\\/wp-content\\\/uploads\\\/2017\\\/10\\\/2141-Fleur-de-sel-au-caviar-seche.jpg\",\"contentUrl\":\"https:\\\/\\\/caviar-de-neuvic.com\\\/wp-content\\\/uploads\\\/2017\\\/10\\\/2141-Fleur-de-sel-au-caviar-seche.jpg\",\"width\":1100,\"height\":1422,\"caption\":\"Fleur de sel au caviar s\u00e9ch\u00e9\"},{\"@type\":\"BreadcrumbList\",\"@id\":\"https:\\\/\\\/caviar-de-neuvic.com\\\/p\\\/accueil\\\/l-epicerie-neuvic\\\/epicerie-caviar\\\/fleur-de-sel-au-caviar-seche\\\/#breadcrumb\",\"itemListElement\":[{\"@type\":\"ListItem\",\"position\":1,\"name\":\"Caviar de Neuvic\",\"item\":\"https:\\\/\\\/caviar-de-neuvic.com\\\/\"},{\"@type\":\"ListItem\",\"position\":2,\"name\":\"Shop\",\"item\":\"https:\\\/\\\/caviar-de-neuvic.com\\\/en\\\/shop\\\/\"},{\"@type\":\"ListItem\",\"position\":3,\"name\":\"Fleur de sel au caviar s\u00e9ch\u00e9\"}]},{\"@type\":\"WebSite\",\"@id\":\"http:\\\/\\\/caviar-de-neuvic.com\\\/fr\\\/#website\",\"url\":\"http:\\\/\\\/caviar-de-neuvic.com\\\/fr\\\/\",\"name\":\"Producteur Fran\u00e7ais De Caviar\",\"description\":\"\",\"publisher\":{\"@id\":\"http:\\\/\\\/caviar-de-neuvic.com\\\/fr\\\/#organization\"},\"potentialAction\":[{\"@type\":\"SearchAction\",\"target\":{\"@type\":\"EntryPoint\",\"urlTemplate\":\"http:\\\/\\\/caviar-de-neuvic.com\\\/fr\\\/?s={search_term_string}\"},\"query-input\":{\"@type\":\"PropertyValueSpecification\",\"valueRequired\":true,\"valueName\":\"search_term_string\"}}],\"inLanguage\":\"en-GB\"},{\"@type\":\"Organization\",\"@id\":\"http:\\\/\\\/caviar-de-neuvic.com\\\/fr\\\/#organization\",\"name\":\"Producteur Fran\u00e7ais De Caviar\",\"url\":\"http:\\\/\\\/caviar-de-neuvic.com\\\/fr\\\/\",\"logo\":{\"@type\":\"ImageObject\",\"inLanguage\":\"en-GB\",\"@id\":\"http:\\\/\\\/caviar-de-neuvic.com\\\/fr\\\/#\\\/schema\\\/logo\\\/image\\\/\",\"url\":\"\",\"contentUrl\":\"\",\"caption\":\"Producteur Fran\u00e7ais De Caviar\"},\"image\":{\"@id\":\"http:\\\/\\\/caviar-de-neuvic.com\\\/fr\\\/#\\\/schema\\\/logo\\\/image\\\/\"}}]}<\/script>\n<!-- \/ Yoast SEO plugin. -->","yoast_head_json":{"title":"Fleur de sel au caviar s\u00e9ch\u00e9 - Caviar de Neuvic","description":"Dried caviar salt combines the delicacy of Gu\u00e9rande fleur de sel with the intensity of caviar grains, adding a unique iodized and robust touch to seasonings.","robots":{"index":"index","follow":"follow","max-snippet":"max-snippet:-1","max-image-preview":"max-image-preview:large","max-video-preview":"max-video-preview:-1"},"canonical":"https:\/\/caviar-de-neuvic.com\/en\/p\/accueil\/l-epicerie-neuvic\/epicerie-caviar\/fleur-de-sel-au-caviar-seche\/","og_locale":"en_GB","og_type":"article","og_title":"Fleur de sel au caviar s\u00e9ch\u00e9 - Caviar de Neuvic","og_description":"Le sel au caviar s\u00e9ch\u00e9 conjugue la finesse de la fleur de sel de Gu\u00e9rande et les grains de caviar pour donner aux assaisonnements une touche iod\u00e9e et cors\u00e9e.","og_url":"https:\/\/caviar-de-neuvic.com\/en\/p\/accueil\/l-epicerie-neuvic\/epicerie-caviar\/fleur-de-sel-au-caviar-seche\/","og_site_name":"Producteur Fran\u00e7ais De Caviar","article_modified_time":"2026-04-27T15:54:14+00:00","og_image":[{"width":1100,"height":1422,"url":"https:\/\/caviar-de-neuvic.com\/wp-content\/uploads\/2017\/10\/2141-Fleur-de-sel-au-caviar-seche.jpg","type":"image\/jpeg"}],"twitter_card":"summary_large_image","twitter_misc":{"Estimated reading time":"1 minute"},"schema":{"@context":"https:\/\/schema.org","@graph":[{"@type":"WebPage","@id":"https:\/\/caviar-de-neuvic.com\/p\/accueil\/l-epicerie-neuvic\/epicerie-caviar\/fleur-de-sel-au-caviar-seche\/","url":"https:\/\/caviar-de-neuvic.com\/p\/accueil\/l-epicerie-neuvic\/epicerie-caviar\/fleur-de-sel-au-caviar-seche\/","name":"Fleur de sel au caviar s\u00e9ch\u00e9 - Caviar de Neuvic","isPartOf":{"@id":"http:\/\/caviar-de-neuvic.com\/fr\/#website"},"primaryImageOfPage":{"@id":"https:\/\/caviar-de-neuvic.com\/p\/accueil\/l-epicerie-neuvic\/epicerie-caviar\/fleur-de-sel-au-caviar-seche\/#primaryimage"},"image":{"@id":"https:\/\/caviar-de-neuvic.com\/p\/accueil\/l-epicerie-neuvic\/epicerie-caviar\/fleur-de-sel-au-caviar-seche\/#primaryimage"},"thumbnailUrl":"https:\/\/caviar-de-neuvic.com\/wp-content\/uploads\/2017\/10\/2141-Fleur-de-sel-au-caviar-seche.jpg","datePublished":"2017-10-16T15:08:37+00:00","dateModified":"2026-04-27T15:54:14+00:00","description":"Dried caviar salt combines the delicacy of Gu\u00e9rande fleur de sel with the intensity of caviar grains, adding a unique iodized and robust touch to seasonings.","breadcrumb":{"@id":"https:\/\/caviar-de-neuvic.com\/p\/accueil\/l-epicerie-neuvic\/epicerie-caviar\/fleur-de-sel-au-caviar-seche\/#breadcrumb"},"inLanguage":"en-GB","potentialAction":[{"@type":"ReadAction","target":["https:\/\/caviar-de-neuvic.com\/p\/accueil\/l-epicerie-neuvic\/epicerie-caviar\/fleur-de-sel-au-caviar-seche\/"]}]},{"@type":"ImageObject","inLanguage":"en-GB","@id":"https:\/\/caviar-de-neuvic.com\/p\/accueil\/l-epicerie-neuvic\/epicerie-caviar\/fleur-de-sel-au-caviar-seche\/#primaryimage","url":"https:\/\/caviar-de-neuvic.com\/wp-content\/uploads\/2017\/10\/2141-Fleur-de-sel-au-caviar-seche.jpg","contentUrl":"https:\/\/caviar-de-neuvic.com\/wp-content\/uploads\/2017\/10\/2141-Fleur-de-sel-au-caviar-seche.jpg","width":1100,"height":1422,"caption":"Fleur de sel au caviar s\u00e9ch\u00e9"},{"@type":"BreadcrumbList","@id":"https:\/\/caviar-de-neuvic.com\/p\/accueil\/l-epicerie-neuvic\/epicerie-caviar\/fleur-de-sel-au-caviar-seche\/#breadcrumb","itemListElement":[{"@type":"ListItem","position":1,"name":"Caviar de Neuvic","item":"https:\/\/caviar-de-neuvic.com\/"},{"@type":"ListItem","position":2,"name":"Shop","item":"https:\/\/caviar-de-neuvic.com\/en\/shop\/"},{"@type":"ListItem","position":3,"name":"Fleur de sel au caviar s\u00e9ch\u00e9"}]},{"@type":"WebSite","@id":"http:\/\/caviar-de-neuvic.com\/fr\/#website","url":"http:\/\/caviar-de-neuvic.com\/fr\/","name":"Producteur Fran\u00e7ais De Caviar","description":"","publisher":{"@id":"http:\/\/caviar-de-neuvic.com\/fr\/#organization"},"potentialAction":[{"@type":"SearchAction","target":{"@type":"EntryPoint","urlTemplate":"http:\/\/caviar-de-neuvic.com\/fr\/?s={search_term_string}"},"query-input":{"@type":"PropertyValueSpecification","valueRequired":true,"valueName":"search_term_string"}}],"inLanguage":"en-GB"},{"@type":"Organization","@id":"http:\/\/caviar-de-neuvic.com\/fr\/#organization","name":"Producteur Fran\u00e7ais De Caviar","url":"http:\/\/caviar-de-neuvic.com\/fr\/","logo":{"@type":"ImageObject","inLanguage":"en-GB","@id":"http:\/\/caviar-de-neuvic.com\/fr\/#\/schema\/logo\/image\/","url":"","contentUrl":"","caption":"Producteur Fran\u00e7ais De Caviar"},"image":{"@id":"http:\/\/caviar-de-neuvic.com\/fr\/#\/schema\/logo\/image\/"}}]}},"_links":{"self":[{"href":"https:\/\/caviar-de-neuvic.com\/en\/wp-json\/wp\/v2\/product\/500","targetHints":{"allow":["GET"]}}],"collection":[{"href":"https:\/\/caviar-de-neuvic.com\/en\/wp-json\/wp\/v2\/product"}],"about":[{"href":"https:\/\/caviar-de-neuvic.com\/en\/wp-json\/wp\/v2\/types\/product"}],"version-history":[{"count":2,"href":"https:\/\/caviar-de-neuvic.com\/en\/wp-json\/wp\/v2\/product\/500\/revisions"}],"predecessor-version":[{"id":29578,"href":"https:\/\/caviar-de-neuvic.com\/en\/wp-json\/wp\/v2\/product\/500\/revisions\/29578"}],"wp:featuredmedia":[{"embeddable":true,"href":"https:\/\/caviar-de-neuvic.com\/en\/wp-json\/wp\/v2\/media\/496"}],"wp:attachment":[{"href":"https:\/\/caviar-de-neuvic.com\/en\/wp-json\/wp\/v2\/media?parent=500"}],"wp:term":[{"taxonomy":"product_brand","embeddable":true,"href":"https:\/\/caviar-de-neuvic.com\/en\/wp-json\/wp\/v2\/product_brand?post=500"},{"taxonomy":"product_cat","embeddable":true,"href":"https:\/\/caviar-de-neuvic.com\/en\/wp-json\/wp\/v2\/product_cat?post=500"},{"taxonomy":"product_tag","embeddable":true,"href":"https:\/\/caviar-de-neuvic.com\/en\/wp-json\/wp\/v2\/product_tag?post=500"}],"curies":[{"name":"wp","href":"https:\/\/api.w.org\/{rel}","templated":true}]}}