{"id":24023,"date":"2025-08-25T14:14:21","date_gmt":"2025-08-25T14:14:21","guid":{"rendered":"https:\/\/caviar-de-neuvic.com\/?page_id=24023"},"modified":"2025-09-24T10:02:28","modified_gmt":"2025-09-24T10:02:28","slug":"notre-histoire","status":"publish","type":"page","link":"https:\/\/caviar-de-neuvic.com\/es_es\/notre-histoire\/","title":{"rendered":"Nuestra historia"},"content":{"rendered":"<div data-elementor-type=\"wp-page\" data-elementor-id=\"24023\" class=\"elementor elementor-24023\" data-elementor-post-type=\"page\">\n\t\t\t\t<div class=\"elementor-element elementor-element-ab349e9 fullwidth_fix e-flex e-con-boxed e-con e-parent\" data-id=\"ab349e9\" data-element_type=\"container\" data-e-type=\"container\" data-settings=\"{&quot;background_background&quot;:&quot;classic&quot;}\">\n\t\t\t\t\t<div class=\"e-con-inner\">\n\t\t\t\t\t<\/div>\n\t\t\t\t<\/div>\n\t\t<div class=\"elementor-element elementor-element-3c016c5 e-flex e-con-boxed e-con e-parent\" data-id=\"3c016c5\" data-element_type=\"container\" data-e-type=\"container\">\n\t\t\t\t\t<div class=\"e-con-inner\">\n\t\t<div class=\"elementor-element elementor-element-4ad527b e-con-full e-flex e-con e-child\" data-id=\"4ad527b\" data-element_type=\"container\" data-e-type=\"container\">\n\t\t\t\t<div class=\"elementor-element elementor-element-c6f3c87 elementor-widget elementor-widget-heading\" data-id=\"c6f3c87\" data-element_type=\"widget\" data-e-type=\"widget\" data-widget_type=\"heading.default\">\n\t\t\t\t<div class=\"elementor-widget-container\">\n\t\t\t\t\t<h1 class=\"elementor-heading-title elementor-size-default\">Nuestra historia<\/h1>\t\t\t\t<\/div>\n\t\t\t\t<\/div>\n\t\t\t\t<div class=\"elementor-element elementor-element-1a9c995 elementor-widget elementor-widget-text-editor\" data-id=\"1a9c995\" data-element_type=\"widget\" data-e-type=\"widget\" data-widget_type=\"text-editor.default\">\n\t\t\t\t<div class=\"elementor-widget-container\">\n\t\t\t\t\t\t\t\t\t<p>\u00a0<\/p><p>Caviar de Neuvic, empresa francesa pionera en el arte de la cr\u00eda del esturi\u00f3n y la producci\u00f3n de caviar excepcional, encarna una aut\u00e9ntica revoluci\u00f3n gustativa para los sibaritas de hoy y de ma\u00f1ana. Desde sus inicios, Caviar de Neuvic se esfuerza por redefinir los est\u00e1ndares de calidad y sostenibilidad en la industria del caviar. Un modelo de integraci\u00f3n \u00fanico que se basa en los pilares fundamentales del respeto, la excelencia y la innovaci\u00f3n.<\/p><p>El compromiso de Caviar de Neuvic con la integridad medioambiental y el bienestar de los esturiones es inquebrantable. La empresa ha creado un entorno propicio para el desarrollo de los esturiones, prestando especial atenci\u00f3n a la conservaci\u00f3n de la calidad del agua y la integridad del ecosistema, y garantizando una alimentaci\u00f3n ecol\u00f3gica perfectamente adaptada a sus necesidades. Todo ello con el objetivo \u00faltimo de crear una experiencia gustativa inigualable para los sibaritas de hoy y de ma\u00f1ana.<\/p>\t\t\t\t\t\t\t\t<\/div>\n\t\t\t\t<\/div>\n\t\t\t\t<\/div>\n\t\t\t\t\t<\/div>\n\t\t\t\t<\/div>\n\t\t<div class=\"elementor-element elementor-element-e5f5653 fullwidth_fix e-flex e-con-boxed e-con e-parent\" data-id=\"e5f5653\" data-element_type=\"container\" data-e-type=\"container\" data-settings=\"{&quot;background_background&quot;:&quot;classic&quot;}\">\n\t\t\t\t\t<div class=\"e-con-inner\">\n\t\t<div class=\"elementor-element elementor-element-68de8c7 e-con-full e-flex e-con e-child\" data-id=\"68de8c7\" data-element_type=\"container\" data-e-type=\"container\" data-settings=\"{&quot;background_background&quot;:&quot;classic&quot;}\">\n\t\t\t\t<div class=\"elementor-element elementor-element-7c1b88a elementor-widget elementor-widget-spacer\" data-id=\"7c1b88a\" data-element_type=\"widget\" data-e-type=\"widget\" data-widget_type=\"spacer.default\">\n\t\t\t\t<div class=\"elementor-widget-container\">\n\t\t\t\t\t\t\t<div class=\"elementor-spacer\">\n\t\t\t<div class=\"elementor-spacer-inner\"><\/div>\n\t\t<\/div>\n\t\t\t\t\t\t<\/div>\n\t\t\t\t<\/div>\n\t\t\t\t<div class=\"elementor-element elementor-element-7e61c0d elementor-widget__width-initial elementor-widget elementor-widget-video\" data-id=\"7e61c0d\" data-element_type=\"widget\" data-e-type=\"widget\" data-settings=\"{&quot;youtube_url&quot;:&quot;https:\\\/\\\/www.youtube.com\\\/watch?v=HWjzh3pkQiE&amp;t=5s&quot;,&quot;lazy_load&quot;:&quot;yes&quot;,&quot;show_image_overlay&quot;:&quot;yes&quot;,&quot;image_overlay&quot;:{&quot;url&quot;:&quot;https:\\\/\\\/caviar-de-neuvic.com\\\/wp-content\\\/uploads\\\/2025\\\/07\\\/transp.png&quot;,&quot;id&quot;:20475,&quot;size&quot;:&quot;&quot;,&quot;alt&quot;:&quot;&quot;,&quot;source&quot;:&quot;library&quot;},&quot;lightbox&quot;:&quot;yes&quot;,&quot;video_type&quot;:&quot;youtube&quot;,&quot;controls&quot;:&quot;yes&quot;}\" data-widget_type=\"video.default\">\n\t\t\t\t<div class=\"elementor-widget-container\">\n\t\t\t\t\t\t\t<div class=\"elementor-wrapper elementor-open-lightbox\">\n\t\t\t\t\t\t\t<div class=\"elementor-custom-embed-image-overlay\" data-elementor-open-lightbox=\"yes\" data-elementor-lightbox=\"{&quot;type&quot;:&quot;video&quot;,&quot;videoType&quot;:&quot;youtube&quot;,&quot;url&quot;:&quot;https:\\\/\\\/www.youtube.com\\\/embed\\\/HWjzh3pkQiE?feature=oembed&amp;start&amp;end&amp;wmode=opaque&amp;loop=0&amp;controls=1&amp;mute=0&amp;rel=0&amp;cc_load_policy=0&quot;,&quot;autoplay&quot;:&quot;&quot;,&quot;modalOptions&quot;:{&quot;id&quot;:&quot;elementor-lightbox-7e61c0d&quot;,&quot;entranceAnimation&quot;:&quot;&quot;,&quot;entranceAnimation_tablet&quot;:&quot;&quot;,&quot;entranceAnimation_mobile&quot;:&quot;&quot;,&quot;videoAspectRatio&quot;:&quot;169&quot;}}\" data-e-action-hash=\"#elementor-action%3Aaction%3Dlightbox%26settings%3DeyJ0eXBlIjoidmlkZW8iLCJ2aWRlb1R5cGUiOiJ5b3V0dWJlIiwidXJsIjoiaHR0cHM6XC9cL3d3dy55b3V0dWJlLmNvbVwvZW1iZWRcL0hXanpoM3BrUWlFP2ZlYXR1cmU9b2VtYmVkJnN0YXJ0JmVuZCZ3bW9kZT1vcGFxdWUmbG9vcD0wJmNvbnRyb2xzPTEmbXV0ZT0wJnJlbD0wJmNjX2xvYWRfcG9saWN5PTAiLCJhdXRvcGxheSI6IiIsIm1vZGFsT3B0aW9ucyI6eyJpZCI6ImVsZW1lbnRvci1saWdodGJveC03ZTYxYzBkIiwiZW50cmFuY2VBbmltYXRpb24iOiIiLCJlbnRyYW5jZUFuaW1hdGlvbl90YWJsZXQiOiIiLCJlbnRyYW5jZUFuaW1hdGlvbl9tb2JpbGUiOiIiLCJ2aWRlb0FzcGVjdFJhdGlvIjoiMTY5In19\">\n\t\t\t\t\t\t\t\t\t\t\t<img decoding=\"async\" width=\"120\" height=\"120\" src=\"https:\/\/caviar-de-neuvic.com\/wp-content\/uploads\/2025\/07\/transp.png\" class=\"attachment-full size-full wp-image-20475\" alt=\"\" srcset=\"https:\/\/caviar-de-neuvic.com\/wp-content\/uploads\/2025\/07\/transp.png 120w, https:\/\/caviar-de-neuvic.com\/wp-content\/uploads\/2025\/07\/transp-12x12.png 12w, https:\/\/caviar-de-neuvic.com\/wp-content\/uploads\/2025\/07\/transp-100x100.png 100w\" sizes=\"(max-width: 120px) 100vw, 120px\" \/>\t\t\t\t\t\t\t\t\t\t\t\t\t\t\t\t<div class=\"elementor-custom-embed-play\" role=\"button\" aria-label=\"Lire la vid\u00e9o\" tabindex=\"0\">\n\t\t\t\t\t\t\t<svg aria-hidden=\"true\" class=\"e-font-icon-svg e-fas-play-circle\" viewbox=\"0 0 512 512\" xmlns=\"http:\/\/www.w3.org\/2000\/svg\"><path d=\"M256 8C119 8 8 119 8 256s111 248 248 248 248-111 248-248S393 8 256 8zm115.7 272l-176 101c-15.8 8.8-35.7-2.5-35.7-21V152c0-18.4 19.8-29.8 35.7-21l176 107c16.4 9.2 16.4 32.9 0 42z\"><\/path><\/svg>\t\t\t\t\t\t<\/div>\n\t\t\t\t\t\t\t\t\t<\/div>\n\t\t\t\t\t<\/div>\n\t\t\t\t\t\t<\/div>\n\t\t\t\t<\/div>\n\t\t\t\t<div class=\"elementor-element elementor-element-814682d elementor-widget elementor-widget-spacer\" data-id=\"814682d\" data-element_type=\"widget\" data-e-type=\"widget\" data-widget_type=\"spacer.default\">\n\t\t\t\t<div class=\"elementor-widget-container\">\n\t\t\t\t\t\t\t<div class=\"elementor-spacer\">\n\t\t\t<div class=\"elementor-spacer-inner\"><\/div>\n\t\t<\/div>\n\t\t\t\t\t\t<\/div>\n\t\t\t\t<\/div>\n\t\t\t\t<\/div>\n\t\t\t\t\t<\/div>\n\t\t\t\t<\/div>\n\t\t<div class=\"elementor-element elementor-element-ff84c4c fullwidth_fix e-con-full e-flex e-con e-parent\" data-id=\"ff84c4c\" data-element_type=\"container\" data-e-type=\"container\" id=\"stepneuvic\" data-settings=\"{&quot;background_background&quot;:&quot;classic&quot;}\">\n\t\t<div class=\"elementor-element elementor-element-3303554 e-con-full e-flex e-con e-child\" data-id=\"3303554\" data-element_type=\"container\" data-e-type=\"container\">\n\t\t\t\t<div class=\"elementor-element elementor-element-40545c6 elementor-widget elementor-widget-heading\" data-id=\"40545c6\" data-element_type=\"widget\" data-e-type=\"widget\" data-widget_type=\"heading.default\">\n\t\t\t\t<div class=\"elementor-widget-container\">\n\t\t\t\t\t<h2 class=\"elementor-heading-title elementor-size-default\">CREACI\u00d3N DE LA EMPRESA<\/h2>\t\t\t\t<\/div>\n\t\t\t\t<\/div>\n\t\t\t\t<div class=\"elementor-element elementor-element-d7d8e13 elementor-widget elementor-widget-text-editor\" data-id=\"d7d8e13\" data-element_type=\"widget\" data-e-type=\"widget\" data-widget_type=\"text-editor.default\">\n\t\t\t\t<div class=\"elementor-widget-container\">\n\t\t\t\t\t\t\t\t\t<p>El proyecto inicial de Caviar de Neuvic se resum\u00eda en una sola frase: producir en Francia un caviar de excelencia respetuoso con el medio ambiente.<\/p><p>Cuando Laurent Deverlanges, apasionado de la acuicultura, present\u00f3 su programa, r\u00e1pidamente sedujo a un grupo de socios que decidieron apoyar el proyecto. Se trataba principalmente de empresarios procedentes de los sectores del arte de vivir, la innovaci\u00f3n y el lujo.<\/p><p>A medida que avanzaban el proyecto y las inversiones, se les unieron fondos de inversi\u00f3n del sector del lujo y fondos de bancos locales. Estos socios contribuyen de manera significativa al \u00e9xito del proyecto.<\/p><p>La empresa Caviar de Neuvic tiene su sede en P\u00e9rigord, en la regi\u00f3n de Nueva Aquitania. La finca de 30 hect\u00e1reas est\u00e1 situada en los municipios de Neuvic y Sourzac, a orillas del r\u00edo Isle. Este r\u00edo, pionero en el cultivo del esturi\u00f3n, alberga otras tres granjas de esturiones y fue el lugar donde se produjo el primer caviar de Aquitania en la d\u00e9cada de 1980.<\/p>\t\t\t\t\t\t\t\t<\/div>\n\t\t\t\t<\/div>\n\t\t\t\t<\/div>\n\t\t<div class=\"elementor-element elementor-element-8e254ee e-con-full e-flex e-con e-child\" data-id=\"8e254ee\" data-element_type=\"container\" data-e-type=\"container\" data-settings=\"{&quot;background_background&quot;:&quot;classic&quot;}\">\n\t\t\t\t<div class=\"elementor-element elementor-element-62b5206 elementor-widget elementor-widget-heading\" data-id=\"62b5206\" data-element_type=\"widget\" data-e-type=\"widget\" data-widget_type=\"heading.default\">\n\t\t\t\t<div class=\"elementor-widget-container\">\n\t\t\t\t\t<span class=\"elementor-heading-title elementor-size-default\">2011<\/span>\t\t\t\t<\/div>\n\t\t\t\t<\/div>\n\t\t\t\t<\/div>\n\t\t\t\t<\/div>\n\t\t<div class=\"elementor-element elementor-element-2d1e100 fullwidth_fix e-con-full e-flex e-con e-parent\" data-id=\"2d1e100\" data-element_type=\"container\" data-e-type=\"container\" id=\"stepparis\" data-settings=\"{&quot;background_background&quot;:&quot;classic&quot;}\">\n\t\t<div class=\"elementor-element elementor-element-84e4557 e-con-full e-flex e-con e-child\" data-id=\"84e4557\" data-element_type=\"container\" data-e-type=\"container\" data-settings=\"{&quot;background_background&quot;:&quot;classic&quot;}\">\n\t\t\t\t<div class=\"elementor-element elementor-element-737cddf elementor-widget elementor-widget-heading\" data-id=\"737cddf\" data-element_type=\"widget\" data-e-type=\"widget\" data-widget_type=\"heading.default\">\n\t\t\t\t<div class=\"elementor-widget-container\">\n\t\t\t\t\t<span class=\"elementor-heading-title elementor-size-default\">2013<\/span>\t\t\t\t<\/div>\n\t\t\t\t<\/div>\n\t\t\t\t<\/div>\n\t\t<div class=\"elementor-element elementor-element-8e459ce e-con-full e-flex e-con e-child\" data-id=\"8e459ce\" data-element_type=\"container\" data-e-type=\"container\">\n\t\t\t\t<div class=\"elementor-element elementor-element-584c3a2 elementor-widget elementor-widget-heading\" data-id=\"584c3a2\" data-element_type=\"widget\" data-e-type=\"widget\" data-widget_type=\"heading.default\">\n\t\t\t\t<div class=\"elementor-widget-container\">\n\t\t\t\t\t<h2 class=\"elementor-heading-title elementor-size-default\">CAVIAR DE NEUVIC: UNA EMPRESA DESTACADA<\/h2>\t\t\t\t<\/div>\n\t\t\t\t<\/div>\n\t\t\t\t<div class=\"elementor-element elementor-element-490f68a elementor-widget elementor-widget-text-editor\" data-id=\"490f68a\" data-element_type=\"widget\" data-e-type=\"widget\" data-widget_type=\"text-editor.default\">\n\t\t\t\t<div class=\"elementor-widget-container\">\n\t\t\t\t\t\t\t\t\t<p>En 2013, la asociaci\u00f3n France Initiative, presidida por el Sr. Schweitzer y con el apoyo del Ministerio de Peque\u00f1as y Medianas Empresas (PYME), distingui\u00f3 a Domaine Caviar de Neuvic seleccion\u00e1ndola entre las diez \u00abempresas destacadas\u00bb del a\u00f1o. Este reconocimiento premi\u00f3 la iniciativa innovadora de la empresa.<\/p><p>Cabe destacar que esta certificaci\u00f3n de \u00abempresa destacada\u00bb se reafirm\u00f3 en 2020, lo que pone de relieve la constancia de la empresa en su compromiso con la innovaci\u00f3n y la excelencia, y confirma su condici\u00f3n de actor principal en el sector del caviar.<\/p><p>Esta distinci\u00f3n en 2013, seguida de su renovaci\u00f3n en 2020, ha permitido a Caviar de Neuvic consolidar su reputaci\u00f3n de empresa visionaria y comprometida, al tiempo que ha reafirmado su creciente influencia en el sector del caviar, como modelo de excelencia e innovaci\u00f3n reconocido por las autoridades y los actores de la industria.<\/p>\t\t\t\t\t\t\t\t<\/div>\n\t\t\t\t<\/div>\n\t\t\t\t<\/div>\n\t\t\t\t<\/div>\n\t\t<div class=\"elementor-element elementor-element-25fed11 fullwidth_fix e-con-full e-flex e-con e-parent\" data-id=\"25fed11\" data-element_type=\"container\" data-e-type=\"container\" id=\"stepbordeaux\" data-settings=\"{&quot;background_background&quot;:&quot;classic&quot;}\">\n\t\t<div class=\"elementor-element elementor-element-1ded7b8 e-con-full e-flex e-con e-child\" data-id=\"1ded7b8\" data-element_type=\"container\" data-e-type=\"container\">\n\t\t\t\t<div class=\"elementor-element elementor-element-a8d8089 elementor-widget elementor-widget-heading\" data-id=\"a8d8089\" data-element_type=\"widget\" data-e-type=\"widget\" data-widget_type=\"heading.default\">\n\t\t\t\t<div class=\"elementor-widget-container\">\n\t\t\t\t\t<h2 class=\"elementor-heading-title elementor-size-default\">INAUGURACI\u00d3N DE LA TIENDA EN PAR\u00cdS<\/h2>\t\t\t\t<\/div>\n\t\t\t\t<\/div>\n\t\t\t\t<div class=\"elementor-element elementor-element-4fb50f3 elementor-widget elementor-widget-text-editor\" data-id=\"4fb50f3\" data-element_type=\"widget\" data-e-type=\"widget\" data-widget_type=\"text-editor.default\">\n\t\t\t\t<div class=\"elementor-widget-container\">\n\t\t\t\t\t\t\t\t\t<p>En 2015, Caviar de Neuvic decidi\u00f3 instalarse en la orilla izquierda del Sena, en el coraz\u00f3n de Saint-Germain-des-Pr\u00e9s, en Par\u00eds. Enclavada en un entorno de piedra y madera, la marca, simbolizada por su famosa cajita blanca, abri\u00f3 sus puertas a los parisinos, invit\u00e1ndoles a vivir una experiencia \u00fanica de degustaci\u00f3n de caviar.<\/p><p>Este enfoque innovador, inspirado en la excelencia gustativa y la creaci\u00f3n de nuevos rituales, ha convertido este lugar en mucho m\u00e1s que un simple punto de venta; tambi\u00e9n se ha convertido en una oficina permanente de la empresa en Par\u00eds.<\/p><p>Caviar de Neuvic, m\u00e1s all\u00e1 de su funci\u00f3n comercial, se ha convertido en un espacio de encuentro y descubrimiento dedicado a la exploraci\u00f3n de nuevas experiencias en torno al caviar.<\/p><p>Este lugar encarnaba as\u00ed la visi\u00f3n de la empresa, combinando el arte de la degustaci\u00f3n, la innovaci\u00f3n y la convivencia en un entorno emblem\u00e1tico, ofreciendo una nueva perspectiva sobre el mundo del caviar.<\/p>\t\t\t\t\t\t\t\t<\/div>\n\t\t\t\t<\/div>\n\t\t\t\t<\/div>\n\t\t<div class=\"elementor-element elementor-element-a5bcaa5 e-con-full e-flex e-con e-child\" data-id=\"a5bcaa5\" data-element_type=\"container\" data-e-type=\"container\" data-settings=\"{&quot;background_background&quot;:&quot;classic&quot;}\">\n\t\t\t\t<div class=\"elementor-element elementor-element-70c71a1 elementor-widget elementor-widget-heading\" data-id=\"70c71a1\" data-element_type=\"widget\" data-e-type=\"widget\" data-widget_type=\"heading.default\">\n\t\t\t\t<div class=\"elementor-widget-container\">\n\t\t\t\t\t<span class=\"elementor-heading-title elementor-size-default\">2015<\/span>\t\t\t\t<\/div>\n\t\t\t\t<\/div>\n\t\t\t\t<\/div>\n\t\t\t\t<\/div>\n\t\t<div class=\"elementor-element elementor-element-cdeb9d3 fullwidth_fix e-con-full e-flex e-con e-parent\" data-id=\"cdeb9d3\" data-element_type=\"container\" data-e-type=\"container\" id=\"steplyon\" data-settings=\"{&quot;background_background&quot;:&quot;classic&quot;}\">\n\t\t<div class=\"elementor-element elementor-element-20631ac e-con-full e-flex e-con e-child\" data-id=\"20631ac\" data-element_type=\"container\" data-e-type=\"container\" data-settings=\"{&quot;background_background&quot;:&quot;classic&quot;}\">\n\t\t\t\t<div class=\"elementor-element elementor-element-7c4084b elementor-widget elementor-widget-heading\" data-id=\"7c4084b\" data-element_type=\"widget\" data-e-type=\"widget\" data-widget_type=\"heading.default\">\n\t\t\t\t<div class=\"elementor-widget-container\">\n\t\t\t\t\t<span class=\"elementor-heading-title elementor-size-default\">2020<\/span>\t\t\t\t<\/div>\n\t\t\t\t<\/div>\n\t\t\t\t<\/div>\n\t\t<div class=\"elementor-element elementor-element-05c379f e-con-full e-flex e-con e-child\" data-id=\"05c379f\" data-element_type=\"container\" data-e-type=\"container\">\n\t\t\t\t<div class=\"elementor-element elementor-element-b52abb3 elementor-widget elementor-widget-heading\" data-id=\"b52abb3\" data-element_type=\"widget\" data-e-type=\"widget\" data-widget_type=\"heading.default\">\n\t\t\t\t<div class=\"elementor-widget-container\">\n\t\t\t\t\t<h2 class=\"elementor-heading-title elementor-size-default\">Inauguraci\u00f3n del Comptoir Bordelais<\/h2>\t\t\t\t<\/div>\n\t\t\t\t<\/div>\n\t\t\t\t<div class=\"elementor-element elementor-element-ad2d55d elementor-widget elementor-widget-text-editor\" data-id=\"ad2d55d\" data-element_type=\"widget\" data-e-type=\"widget\" data-widget_type=\"text-editor.default\">\n\t\t\t\t<div class=\"elementor-widget-container\">\n\t\t\t\t\t\t\t\t\t<div class=\"elementor-widget elementor-element elementor-element-ikqq53e elementor-widget-text-editor\" data-element_type=\"text-editor\"><div class=\"elementor-widget-container\"><div class=\"elementor-text-editor rte-content\"><p>En 2020, Caviar de Neuvic escribi\u00f3 un nuevo cap\u00edtulo en su historia con la inauguraci\u00f3n de su primer restaurante en Burdeos, situado en el famoso Passage Sarget.<\/p><p>Al igual que la tienda parisina, la tienda de Burdeos ofrece a los visitantes una experiencia \u00fanica que combina una boutique refinada y una sala de degustaci\u00f3n.<\/p><p>La distinci\u00f3n del mostrador Bordelais reside en una actividad de restauraci\u00f3n totalmente nueva. De hecho, los clientes ahora pueden degustar los platos estrella de un productor franc\u00e9s de caviar.<\/p><p>Esta nueva aventura culinaria refleja el compromiso continuo de Caviar de Neuvic por ofrecer experiencias gastron\u00f3micas de primera clase, compartiendo la pasi\u00f3n y la excelencia que han hecho famosa a la empresa.<\/p><\/div><\/div><\/div>\t\t\t\t\t\t\t\t<\/div>\n\t\t\t\t<\/div>\n\t\t\t\t<\/div>\n\t\t\t\t<\/div>\n\t\t<div class=\"elementor-element elementor-element-561ecd9 fullwidth_fix e-con-full e-flex e-con e-parent\" data-id=\"561ecd9\" data-element_type=\"container\" data-e-type=\"container\" data-settings=\"{&quot;background_background&quot;:&quot;classic&quot;}\">\n\t\t<div class=\"elementor-element elementor-element-ab91d36 e-con-full e-flex e-con e-child\" data-id=\"ab91d36\" data-element_type=\"container\" data-e-type=\"container\">\n\t\t\t\t<div class=\"elementor-element elementor-element-9045eda elementor-widget elementor-widget-heading\" data-id=\"9045eda\" data-element_type=\"widget\" data-e-type=\"widget\" data-widget_type=\"heading.default\">\n\t\t\t\t<div class=\"elementor-widget-container\">\n\t\t\t\t\t<h2 class=\"elementor-heading-title elementor-size-default\">PRIMER CAVIAR ECOL\u00d3GICO FRANC\u00c9S<\/h2>\t\t\t\t<\/div>\n\t\t\t\t<\/div>\n\t\t\t\t<div class=\"elementor-element elementor-element-51b98f9 elementor-widget elementor-widget-text-editor\" data-id=\"51b98f9\" data-element_type=\"widget\" data-e-type=\"widget\" data-widget_type=\"text-editor.default\">\n\t\t\t\t<div class=\"elementor-widget-container\">\n\t\t\t\t\t\t\t\t\t<p>En 2021, la empresa Caviar de Neuvic ha orientado sus prioridades hacia la Responsabilidad Social y Medioambiental (RSE).<\/p><p>Como pionera en el sector de la acuicultura, se ha distinguido por convertirse en la primera empresa con misi\u00f3n en acuicultura, as\u00ed como la primera empresa con misi\u00f3n en Dordo\u00f1a.<\/p><p>Caviar de Neuvic tambi\u00e9n ha hecho historia al obtener la primera certificaci\u00f3n ecol\u00f3gica para el caviar franc\u00e9s, un hito significativo en la b\u00fasqueda de una producci\u00f3n sostenible y respetuosa con el medio ambiente.<\/p><p>En l\u00ednea con sus esfuerzos en favor de la RSE, la empresa ha dado un paso decisivo al iniciar el proceso de certificaci\u00f3n B-CORP.<\/p>\t\t\t\t\t\t\t\t<\/div>\n\t\t\t\t<\/div>\n\t\t\t\t<\/div>\n\t\t<div class=\"elementor-element elementor-element-e9c851d e-con-full e-flex e-con e-child\" data-id=\"e9c851d\" data-element_type=\"container\" data-e-type=\"container\" data-settings=\"{&quot;background_background&quot;:&quot;classic&quot;}\">\n\t\t\t\t<div class=\"elementor-element elementor-element-8e87c36 elementor-widget elementor-widget-heading\" data-id=\"8e87c36\" data-element_type=\"widget\" data-e-type=\"widget\" data-widget_type=\"heading.default\">\n\t\t\t\t<div class=\"elementor-widget-container\">\n\t\t\t\t\t<span class=\"elementor-heading-title elementor-size-default\">2021<\/span>\t\t\t\t<\/div>\n\t\t\t\t<\/div>\n\t\t\t\t<\/div>\n\t\t\t\t<\/div>\n\t\t<div class=\"elementor-element elementor-element-295dc94 fullwidth_fix e-con-full e-flex e-con e-parent\" data-id=\"295dc94\" data-element_type=\"container\" data-e-type=\"container\" data-settings=\"{&quot;background_background&quot;:&quot;classic&quot;}\">\n\t\t<div class=\"elementor-element elementor-element-ce4a237 e-con-full e-flex e-con e-child\" data-id=\"ce4a237\" data-element_type=\"container\" data-e-type=\"container\" data-settings=\"{&quot;background_background&quot;:&quot;classic&quot;}\">\n\t\t\t\t<div class=\"elementor-element elementor-element-ff54abb elementor-widget elementor-widget-heading\" data-id=\"ff54abb\" data-element_type=\"widget\" data-e-type=\"widget\" data-widget_type=\"heading.default\">\n\t\t\t\t<div class=\"elementor-widget-container\">\n\t\t\t\t\t<span class=\"elementor-heading-title elementor-size-default\">2022<\/span>\t\t\t\t<\/div>\n\t\t\t\t<\/div>\n\t\t\t\t<\/div>\n\t\t<div class=\"elementor-element elementor-element-75fb0de e-con-full e-flex e-con e-child\" data-id=\"75fb0de\" data-element_type=\"container\" data-e-type=\"container\">\n\t\t\t\t<div class=\"elementor-element elementor-element-9447e08 elementor-widget elementor-widget-heading\" data-id=\"9447e08\" data-element_type=\"widget\" data-e-type=\"widget\" data-widget_type=\"heading.default\">\n\t\t\t\t<div class=\"elementor-widget-container\">\n\t\t\t\t\t<h2 class=\"elementor-heading-title elementor-size-default\">APERTURA DEL MOSTRADOR LYONNAIS<\/h2>\t\t\t\t<\/div>\n\t\t\t\t<\/div>\n\t\t\t\t<div class=\"elementor-element elementor-element-139c1a8 elementor-widget elementor-widget-text-editor\" data-id=\"139c1a8\" data-element_type=\"widget\" data-e-type=\"widget\" data-widget_type=\"text-editor.default\">\n\t\t\t\t<div class=\"elementor-widget-container\">\n\t\t\t\t\t\t\t\t\t<div class=\"elementor-widget elementor-element elementor-element-ikqq53e elementor-widget-text-editor\" data-element_type=\"text-editor\"><div class=\"elementor-widget-container\"><div class=\"elementor-text-editor rte-content\"><p>En 2022, la famosa cajita blanca se instala en Lyon.<\/p><p>Esta cuarta tienda de la marca est\u00e1 situada en el coraz\u00f3n del distrito 2, cerca de la plaza de los Jacobinos.<\/p><p>Una evidente afinidad une a los Jacobinos y Caviar de Neuvic: la cultura de la elegancia, el esp\u00edritu impertinente, la pasi\u00f3n por los encuentros. Entre tapas, boutiques de dise\u00f1adores y marcas de lujo, el barrio de los Jacobinos es un coraz\u00f3n que late en el centro de la pen\u00ednsula.<\/p><p>Tras una exitosa restauraci\u00f3n en 2012, el barrio de los Jacobinos sigue escribiendo la historia y las leyendas del arte de vivir a la manera de Lyon.<\/p><p>Esta tienda representa una nueva oportunidad para mostrar su saber hacer, romper con los c\u00f3digos establecidos, modernizar, desmitificar y simplificar el caviar.<\/p><\/div><\/div><\/div>\t\t\t\t\t\t\t\t<\/div>\n\t\t\t\t<\/div>\n\t\t\t\t<\/div>\n\t\t\t\t<\/div>\n\t\t<div class=\"elementor-element elementor-element-ad6e24d fullwidth_fix e-con-full e-flex e-con e-parent\" data-id=\"ad6e24d\" data-element_type=\"container\" data-e-type=\"container\" data-settings=\"{&quot;background_background&quot;:&quot;classic&quot;}\">\n\t\t<div class=\"elementor-element elementor-element-7229b15 e-con-full e-flex e-con e-child\" data-id=\"7229b15\" data-element_type=\"container\" data-e-type=\"container\">\n\t\t\t\t<div class=\"elementor-element elementor-element-5270a3b elementor-widget elementor-widget-heading\" data-id=\"5270a3b\" data-element_type=\"widget\" data-e-type=\"widget\" data-widget_type=\"heading.default\">\n\t\t\t\t<div class=\"elementor-widget-container\">\n\t\t\t\t\t<h2 class=\"elementor-heading-title elementor-size-default\">CERTIFICACI\u00d3N B CORP<\/h2>\t\t\t\t<\/div>\n\t\t\t\t<\/div>\n\t\t\t\t<div class=\"elementor-element elementor-element-2f0cca3 elementor-widget elementor-widget-text-editor\" data-id=\"2f0cca3\" data-element_type=\"widget\" data-e-type=\"widget\" data-widget_type=\"text-editor.default\">\n\t\t\t\t<div class=\"elementor-widget-container\">\n\t\t\t\t\t\t\t\t\t<p>Caviar de Neuvic se une a la comunidad de empresas con certificaci\u00f3n B Corp.<\/p><p>Este galard\u00f3n culmina una trayectoria de compromiso iniciada desde la creaci\u00f3n de la empresa: demostrando que es posible producir caviar en condiciones de cr\u00eda certificadas como ecol\u00f3gicas y adoptando posteriormente el estatus de empresa con misi\u00f3n.<\/p><p>Hoy, con la certificaci\u00f3n B Corp, Caviar de Neuvic demuestra que la piscicultura tambi\u00e9n puede formar parte de un proceso exigente y obtener una certificaci\u00f3n global por sus pr\u00e1cticas.<\/p><p>Caviar de Neuvic desea inspirar a otros actores y a sus partes interesadas a adoptar pr\u00e1cticas responsables y contribuir a la creaci\u00f3n de un futuro sostenible.<\/p><p>\u00abNo ser los mejores del mundo, sino los mejores para el mundo\u00bb \u2013 B Corp<\/p>\t\t\t\t\t\t\t\t<\/div>\n\t\t\t\t<\/div>\n\t\t\t\t<\/div>\n\t\t<div class=\"elementor-element elementor-element-bc3c659 e-con-full e-flex e-con e-child\" data-id=\"bc3c659\" data-element_type=\"container\" data-e-type=\"container\" data-settings=\"{&quot;background_background&quot;:&quot;classic&quot;}\">\n\t\t\t\t<div class=\"elementor-element elementor-element-aac6896 elementor-widget elementor-widget-heading\" data-id=\"aac6896\" data-element_type=\"widget\" data-e-type=\"widget\" data-widget_type=\"heading.default\">\n\t\t\t\t<div class=\"elementor-widget-container\">\n\t\t\t\t\t<span class=\"elementor-heading-title elementor-size-default\">2023<\/span>\t\t\t\t<\/div>\n\t\t\t\t<\/div>\n\t\t\t\t<\/div>\n\t\t\t\t<\/div>\n\t\t<div class=\"elementor-element elementor-element-c311b80 e-flex e-con-boxed e-con e-parent\" data-id=\"c311b80\" data-element_type=\"container\" data-e-type=\"container\">\n\t\t\t\t\t<div class=\"e-con-inner\">\n\t\t\t\t<div class=\"elementor-element elementor-element-e215709 elementor-widget-divider--view-line elementor-widget elementor-widget-divider\" data-id=\"e215709\" data-element_type=\"widget\" data-e-type=\"widget\" data-widget_type=\"divider.default\">\n\t\t\t\t<div class=\"elementor-widget-container\">\n\t\t\t\t\t\t\t<div class=\"elementor-divider\">\n\t\t\t<span class=\"elementor-divider-separator\">\n\t\t\t\t\t\t<\/span>\n\t\t<\/div>\n\t\t\t\t\t\t<\/div>\n\t\t\t\t<\/div>\n\t\t\t\t\t<\/div>\n\t\t\t\t<\/div>\n\t\t<div class=\"elementor-element elementor-element-77bb150 e-flex e-con-boxed e-con e-parent\" data-id=\"77bb150\" data-element_type=\"container\" data-e-type=\"container\">\n\t\t\t\t\t<div class=\"e-con-inner\">\n\t\t<div class=\"elementor-element elementor-element-e2d8b40 e-con-full e-flex e-con e-child\" data-id=\"e2d8b40\" data-element_type=\"container\" data-e-type=\"container\">\n\t\t\t\t<div class=\"elementor-element elementor-element-3238c79 elementor-widget elementor-widget-heading\" data-id=\"3238c79\" data-element_type=\"widget\" data-e-type=\"widget\" data-widget_type=\"heading.default\">\n\t\t\t\t<div class=\"elementor-widget-container\">\n\t\t\t\t\t<h2 class=\"elementor-heading-title elementor-size-default\"><a href=\"https:\/\/caviar-de-neuvic.com\/es_es\/universducaviar\/comment-servir-du-caviar\/\">servir<\/a><\/h2>\t\t\t\t<\/div>\n\t\t\t\t<\/div>\n\t\t\t\t<div class=\"elementor-element elementor-element-9573d06 elementor-widget elementor-widget-image\" data-id=\"9573d06\" data-element_type=\"widget\" data-e-type=\"widget\" data-widget_type=\"image.default\">\n\t\t\t\t<div class=\"elementor-widget-container\">\n\t\t\t\t\t\t\t\t\t\t\t\t\t\t\t\t<a href=\"https:\/\/caviar-de-neuvic.com\/es_es\/universducaviar\/comment-servir-du-caviar\/\">\n\t\t\t\t\t\t\t<img fetchpriority=\"high\" decoding=\"async\" width=\"1024\" height=\"369\" src=\"https:\/\/caviar-de-neuvic.com\/wp-content\/uploads\/2025\/09\/cdn-servir.png\" class=\"attachment-large size-large wp-image-24178\" alt=\"\" srcset=\"https:\/\/caviar-de-neuvic.com\/wp-content\/uploads\/2025\/09\/cdn-servir.png 1025w, https:\/\/caviar-de-neuvic.com\/wp-content\/uploads\/2025\/09\/cdn-servir-300x108.png 300w, https:\/\/caviar-de-neuvic.com\/wp-content\/uploads\/2025\/09\/cdn-servir-768x276.png 768w, https:\/\/caviar-de-neuvic.com\/wp-content\/uploads\/2025\/09\/cdn-servir-18x6.png 18w, https:\/\/caviar-de-neuvic.com\/wp-content\/uploads\/2025\/09\/cdn-servir-454x163.png 454w\" sizes=\"(max-width: 1024px) 100vw, 1024px\" \/>\t\t\t\t\t\t\t\t<\/a>\n\t\t\t\t\t\t\t\t\t\t\t\t\t\t\t<\/div>\n\t\t\t\t<\/div>\n\t\t\t\t<\/div>\n\t\t<div class=\"elementor-element elementor-element-eeec5de e-con-full e-flex e-con e-child\" data-id=\"eeec5de\" data-element_type=\"container\" data-e-type=\"container\">\n\t\t\t\t<div class=\"elementor-element elementor-element-fb543df elementor-widget elementor-widget-heading\" data-id=\"fb543df\" data-element_type=\"widget\" data-e-type=\"widget\" data-widget_type=\"heading.default\">\n\t\t\t\t<div class=\"elementor-widget-container\">\n\t\t\t\t\t<h2 class=\"elementor-heading-title elementor-size-default\"><a href=\"https:\/\/caviar-de-neuvic.com\/es_es\/universducaviar\/caviar-baeri-ou-oscietre-que-choisir\/\">seleccionar<\/a><\/h2>\t\t\t\t<\/div>\n\t\t\t\t<\/div>\n\t\t\t\t<div class=\"elementor-element elementor-element-64da0a4 elementor-widget elementor-widget-image\" data-id=\"64da0a4\" data-element_type=\"widget\" data-e-type=\"widget\" data-widget_type=\"image.default\">\n\t\t\t\t<div class=\"elementor-widget-container\">\n\t\t\t\t\t\t\t\t\t\t\t\t\t\t\t\t<a href=\"https:\/\/caviar-de-neuvic.com\/es_es\/universducaviar\/caviar-baeri-ou-oscietre-que-choisir\/\">\n\t\t\t\t\t\t\t<img decoding=\"async\" width=\"1024\" height=\"369\" src=\"https:\/\/caviar-de-neuvic.com\/wp-content\/uploads\/2025\/09\/cdn-choisir.png\" class=\"attachment-large size-large wp-image-24180\" alt=\"\" srcset=\"https:\/\/caviar-de-neuvic.com\/wp-content\/uploads\/2025\/09\/cdn-choisir.png 1025w, https:\/\/caviar-de-neuvic.com\/wp-content\/uploads\/2025\/09\/cdn-choisir-300x108.png 300w, https:\/\/caviar-de-neuvic.com\/wp-content\/uploads\/2025\/09\/cdn-choisir-768x276.png 768w, https:\/\/caviar-de-neuvic.com\/wp-content\/uploads\/2025\/09\/cdn-choisir-18x6.png 18w, https:\/\/caviar-de-neuvic.com\/wp-content\/uploads\/2025\/09\/cdn-choisir-454x163.png 454w\" sizes=\"(max-width: 1024px) 100vw, 1024px\" \/>\t\t\t\t\t\t\t\t<\/a>\n\t\t\t\t\t\t\t\t\t\t\t\t\t\t\t<\/div>\n\t\t\t\t<\/div>\n\t\t\t\t<\/div>\n\t\t<div class=\"elementor-element elementor-element-e639fc6 e-con-full e-flex e-con e-child\" data-id=\"e639fc6\" data-element_type=\"container\" data-e-type=\"container\">\n\t\t\t\t<div class=\"elementor-element elementor-element-fc5a99c elementor-widget elementor-widget-heading\" data-id=\"fc5a99c\" data-element_type=\"widget\" data-e-type=\"widget\" data-widget_type=\"heading.default\">\n\t\t\t\t<div class=\"elementor-widget-container\">\n\t\t\t\t\t<h2 class=\"elementor-heading-title elementor-size-default\"><a href=\"https:\/\/caviar-de-neuvic.com\/es_es\/universducaviar\/comment-accompagner-le-caviar\/\">Acompa\u00f1ar<\/a><\/h2>\t\t\t\t<\/div>\n\t\t\t\t<\/div>\n\t\t\t\t<div class=\"elementor-element elementor-element-479c594 elementor-widget elementor-widget-image\" data-id=\"479c594\" data-element_type=\"widget\" data-e-type=\"widget\" data-widget_type=\"image.default\">\n\t\t\t\t<div class=\"elementor-widget-container\">\n\t\t\t\t\t\t\t\t\t\t\t\t\t\t\t\t<a href=\"https:\/\/caviar-de-neuvic.com\/es_es\/universducaviar\/comment-accompagner-le-caviar\/\">\n\t\t\t\t\t\t\t<img loading=\"lazy\" decoding=\"async\" width=\"1024\" height=\"369\" src=\"https:\/\/caviar-de-neuvic.com\/wp-content\/uploads\/2025\/09\/cdn-accompagner.png\" class=\"attachment-large size-large wp-image-24179\" alt=\"\" srcset=\"https:\/\/caviar-de-neuvic.com\/wp-content\/uploads\/2025\/09\/cdn-accompagner.png 1025w, https:\/\/caviar-de-neuvic.com\/wp-content\/uploads\/2025\/09\/cdn-accompagner-300x108.png 300w, https:\/\/caviar-de-neuvic.com\/wp-content\/uploads\/2025\/09\/cdn-accompagner-768x276.png 768w, https:\/\/caviar-de-neuvic.com\/wp-content\/uploads\/2025\/09\/cdn-accompagner-18x6.png 18w, https:\/\/caviar-de-neuvic.com\/wp-content\/uploads\/2025\/09\/cdn-accompagner-454x163.png 454w\" sizes=\"(max-width: 1024px) 100vw, 1024px\" \/>\t\t\t\t\t\t\t\t<\/a>\n\t\t\t\t\t\t\t\t\t\t\t\t\t\t\t<\/div>\n\t\t\t\t<\/div>\n\t\t\t\t<\/div>\n\t\t\t\t\t<\/div>\n\t\t\t\t<\/div>\n\t\t\t\t<\/div>","protected":false},"excerpt":{"rendered":"<p>Notre histoire \u00a0 Caviar de Neuvic, entreprise fran\u00e7aise pionni\u00e8re dans l&rsquo;art de l&rsquo;\u00e9levage de l&rsquo;esturgeon et la production de caviar d&rsquo;exception, incarne une v\u00e9ritable r\u00e9volution gustative pour les \u00e9picuriens d&rsquo;aujourd&rsquo;hui et de demain. Depuis sa gen\u00e8se, Caviar de Neuvic s&rsquo;efforce de red\u00e9finir les normes de qualit\u00e9 et de durabilit\u00e9 au sein de l&rsquo;industrie du caviar. [&hellip;]<\/p>\n","protected":false},"author":1,"featured_media":0,"parent":0,"menu_order":0,"comment_status":"closed","ping_status":"closed","template":"","meta":{"_acf_changed":false,"ocean_post_layout":"","ocean_both_sidebars_style":"","ocean_both_sidebars_content_width":0,"ocean_both_sidebars_sidebars_width":0,"ocean_sidebar":"","ocean_second_sidebar":"","ocean_disable_margins":"enable","ocean_add_body_class":"","ocean_shortcode_before_top_bar":"","ocean_shortcode_after_top_bar":"","ocean_shortcode_before_header":"","ocean_shortcode_after_header":"","ocean_has_shortcode":"","ocean_shortcode_after_title":"","ocean_shortcode_before_footer_widgets":"","ocean_shortcode_after_footer_widgets":"","ocean_shortcode_before_footer_bottom":"","ocean_shortcode_after_footer_bottom":"","ocean_display_top_bar":"default","ocean_display_header":"default","ocean_header_style":"","ocean_center_header_left_menu":"","ocean_custom_header_template":"","ocean_custom_logo":0,"ocean_custom_retina_logo":0,"ocean_custom_logo_max_width":0,"ocean_custom_logo_tablet_max_width":0,"ocean_custom_logo_mobile_max_width":0,"ocean_custom_logo_max_height":0,"ocean_custom_logo_tablet_max_height":0,"ocean_custom_logo_mobile_max_height":0,"ocean_header_custom_menu":"","ocean_menu_typo_font_family":"","ocean_menu_typo_font_subset":"","ocean_menu_typo_font_size":0,"ocean_menu_typo_font_size_tablet":0,"ocean_menu_typo_font_size_mobile":0,"ocean_menu_typo_font_size_unit":"px","ocean_menu_typo_font_weight":"","ocean_menu_typo_font_weight_tablet":"","ocean_menu_typo_font_weight_mobile":"","ocean_menu_typo_transform":"","ocean_menu_typo_transform_tablet":"","ocean_menu_typo_transform_mobile":"","ocean_menu_typo_line_height":0,"ocean_menu_typo_line_height_tablet":0,"ocean_menu_typo_line_height_mobile":0,"ocean_menu_typo_line_height_unit":"","ocean_menu_typo_spacing":0,"ocean_menu_typo_spacing_tablet":0,"ocean_menu_typo_spacing_mobile":0,"ocean_menu_typo_spacing_unit":"","ocean_menu_link_color":"","ocean_menu_link_color_hover":"","ocean_menu_link_color_active":"","ocean_menu_link_background":"","ocean_menu_link_hover_background":"","ocean_menu_link_active_background":"","ocean_menu_social_links_bg":"","ocean_menu_social_hover_links_bg":"","ocean_menu_social_links_color":"","ocean_menu_social_hover_links_color":"","ocean_disable_title":"default","ocean_disable_heading":"default","ocean_post_title":"","ocean_post_subheading":"","ocean_post_title_style":"","ocean_post_title_background_color":"","ocean_post_title_background":0,"ocean_post_title_bg_image_position":"","ocean_post_title_bg_image_attachment":"","ocean_post_title_bg_image_repeat":"","ocean_post_title_bg_image_size":"","ocean_post_title_height":0,"ocean_post_title_bg_overlay":0.5,"ocean_post_title_bg_overlay_color":"","ocean_disable_breadcrumbs":"default","ocean_breadcrumbs_color":"","ocean_breadcrumbs_separator_color":"","ocean_breadcrumbs_links_color":"","ocean_breadcrumbs_links_hover_color":"","ocean_display_footer_widgets":"default","ocean_display_footer_bottom":"default","ocean_custom_footer_template":"","omw_enable_modal_window":"enable","footnotes":""},"class_list":["post-24023","page","type-page","status-publish","hentry","entry","owp-thumbs-layout-vertical","owp-btn-normal","owp-tabs-layout-horizontal","has-no-thumbnails","has-product-nav"],"acf":[],"yoast_head":"<!-- This site is optimized with the Yoast SEO plugin v27.4 - https:\/\/yoast.com\/product\/yoast-seo-wordpress\/ -->\n<title>Notre histoire - Producteur Fran\u00e7ais De Caviar<\/title>\n<meta name=\"robots\" content=\"index, follow, max-snippet:-1, max-image-preview:large, max-video-preview:-1\" \/>\n<link rel=\"canonical\" href=\"https:\/\/caviar-de-neuvic.com\/es_es\/notre-histoire\/\" \/>\n<meta property=\"og:locale\" content=\"es_ES\" \/>\n<meta property=\"og:type\" content=\"article\" \/>\n<meta property=\"og:title\" content=\"Notre histoire - Producteur Fran\u00e7ais De Caviar\" \/>\n<meta property=\"og:description\" content=\"Notre histoire \u00a0 Caviar de Neuvic, entreprise fran\u00e7aise pionni\u00e8re dans l&rsquo;art de l&rsquo;\u00e9levage de l&rsquo;esturgeon et la production de caviar d&rsquo;exception, incarne une v\u00e9ritable r\u00e9volution gustative pour les \u00e9picuriens d&rsquo;aujourd&rsquo;hui et de demain. Depuis sa gen\u00e8se, Caviar de Neuvic s&rsquo;efforce de red\u00e9finir les normes de qualit\u00e9 et de durabilit\u00e9 au sein de l&rsquo;industrie du caviar. [&hellip;]\" \/>\n<meta property=\"og:url\" content=\"https:\/\/caviar-de-neuvic.com\/es_es\/notre-histoire\/\" \/>\n<meta property=\"og:site_name\" content=\"Producteur Fran\u00e7ais De Caviar\" \/>\n<meta property=\"article:modified_time\" content=\"2025-09-24T10:02:28+00:00\" \/>\n<meta property=\"og:image\" content=\"http:\/\/caviar-de-neuvic.com\/wp-content\/uploads\/2025\/09\/cdn-servir.png\" \/>\n<meta name=\"twitter:card\" content=\"summary_large_image\" \/>\n<meta name=\"twitter:label1\" content=\"Tiempo de lectura\" \/>\n\t<meta name=\"twitter:data1\" content=\"8 minutos\" \/>\n<script type=\"application\/ld+json\" class=\"yoast-schema-graph\">{\"@context\":\"https:\\\/\\\/schema.org\",\"@graph\":[{\"@type\":\"WebPage\",\"@id\":\"https:\\\/\\\/caviar-de-neuvic.com\\\/fr\\\/notre-histoire\\\/\",\"url\":\"https:\\\/\\\/caviar-de-neuvic.com\\\/fr\\\/notre-histoire\\\/\",\"name\":\"Notre histoire - Producteur Fran\u00e7ais De Caviar\",\"isPartOf\":{\"@id\":\"http:\\\/\\\/caviar-de-neuvic.com\\\/fr\\\/#website\"},\"primaryImageOfPage\":{\"@id\":\"https:\\\/\\\/caviar-de-neuvic.com\\\/fr\\\/notre-histoire\\\/#primaryimage\"},\"image\":{\"@id\":\"https:\\\/\\\/caviar-de-neuvic.com\\\/fr\\\/notre-histoire\\\/#primaryimage\"},\"thumbnailUrl\":\"http:\\\/\\\/caviar-de-neuvic.com\\\/wp-content\\\/uploads\\\/2025\\\/09\\\/cdn-servir.png\",\"datePublished\":\"2025-08-25T14:14:21+00:00\",\"dateModified\":\"2025-09-24T10:02:28+00:00\",\"breadcrumb\":{\"@id\":\"https:\\\/\\\/caviar-de-neuvic.com\\\/fr\\\/notre-histoire\\\/#breadcrumb\"},\"inLanguage\":\"es\",\"potentialAction\":[{\"@type\":\"ReadAction\",\"target\":[\"https:\\\/\\\/caviar-de-neuvic.com\\\/fr\\\/notre-histoire\\\/\"]}]},{\"@type\":\"ImageObject\",\"inLanguage\":\"es\",\"@id\":\"https:\\\/\\\/caviar-de-neuvic.com\\\/fr\\\/notre-histoire\\\/#primaryimage\",\"url\":\"http:\\\/\\\/caviar-de-neuvic.com\\\/wp-content\\\/uploads\\\/2025\\\/09\\\/cdn-servir.png\",\"contentUrl\":\"http:\\\/\\\/caviar-de-neuvic.com\\\/wp-content\\\/uploads\\\/2025\\\/09\\\/cdn-servir.png\"},{\"@type\":\"BreadcrumbList\",\"@id\":\"https:\\\/\\\/caviar-de-neuvic.com\\\/fr\\\/notre-histoire\\\/#breadcrumb\",\"itemListElement\":[{\"@type\":\"ListItem\",\"position\":1,\"name\":\"Caviar de Neuvic\",\"item\":\"https:\\\/\\\/caviar-de-neuvic.com\\\/\"},{\"@type\":\"ListItem\",\"position\":2,\"name\":\"Notre histoire\"}]},{\"@type\":\"WebSite\",\"@id\":\"http:\\\/\\\/caviar-de-neuvic.com\\\/fr\\\/#website\",\"url\":\"http:\\\/\\\/caviar-de-neuvic.com\\\/fr\\\/\",\"name\":\"Producteur Fran\u00e7ais De Caviar\",\"description\":\"\",\"publisher\":{\"@id\":\"http:\\\/\\\/caviar-de-neuvic.com\\\/fr\\\/#organization\"},\"potentialAction\":[{\"@type\":\"SearchAction\",\"target\":{\"@type\":\"EntryPoint\",\"urlTemplate\":\"http:\\\/\\\/caviar-de-neuvic.com\\\/fr\\\/?s={search_term_string}\"},\"query-input\":{\"@type\":\"PropertyValueSpecification\",\"valueRequired\":true,\"valueName\":\"search_term_string\"}}],\"inLanguage\":\"es\"},{\"@type\":\"Organization\",\"@id\":\"http:\\\/\\\/caviar-de-neuvic.com\\\/fr\\\/#organization\",\"name\":\"Producteur Fran\u00e7ais De Caviar\",\"url\":\"http:\\\/\\\/caviar-de-neuvic.com\\\/fr\\\/\",\"logo\":{\"@type\":\"ImageObject\",\"inLanguage\":\"es\",\"@id\":\"http:\\\/\\\/caviar-de-neuvic.com\\\/fr\\\/#\\\/schema\\\/logo\\\/image\\\/\",\"url\":\"\",\"contentUrl\":\"\",\"caption\":\"Producteur Fran\u00e7ais De Caviar\"},\"image\":{\"@id\":\"http:\\\/\\\/caviar-de-neuvic.com\\\/fr\\\/#\\\/schema\\\/logo\\\/image\\\/\"}}]}<\/script>\n<!-- \/ Yoast SEO plugin. -->","yoast_head_json":{"title":"Notre histoire - Producteur Fran\u00e7ais De Caviar","robots":{"index":"index","follow":"follow","max-snippet":"max-snippet:-1","max-image-preview":"max-image-preview:large","max-video-preview":"max-video-preview:-1"},"canonical":"https:\/\/caviar-de-neuvic.com\/es_es\/notre-histoire\/","og_locale":"es_ES","og_type":"article","og_title":"Notre histoire - Producteur Fran\u00e7ais De Caviar","og_description":"Notre histoire \u00a0 Caviar de Neuvic, entreprise fran\u00e7aise pionni\u00e8re dans l&rsquo;art de l&rsquo;\u00e9levage de l&rsquo;esturgeon et la production de caviar d&rsquo;exception, incarne une v\u00e9ritable r\u00e9volution gustative pour les \u00e9picuriens d&rsquo;aujourd&rsquo;hui et de demain. Depuis sa gen\u00e8se, Caviar de Neuvic s&rsquo;efforce de red\u00e9finir les normes de qualit\u00e9 et de durabilit\u00e9 au sein de l&rsquo;industrie du caviar. [&hellip;]","og_url":"https:\/\/caviar-de-neuvic.com\/es_es\/notre-histoire\/","og_site_name":"Producteur Fran\u00e7ais De Caviar","article_modified_time":"2025-09-24T10:02:28+00:00","og_image":[{"url":"http:\/\/caviar-de-neuvic.com\/wp-content\/uploads\/2025\/09\/cdn-servir.png","type":"","width":"","height":""}],"twitter_card":"summary_large_image","twitter_misc":{"Tiempo de lectura":"8 minutos"},"schema":{"@context":"https:\/\/schema.org","@graph":[{"@type":"WebPage","@id":"https:\/\/caviar-de-neuvic.com\/fr\/notre-histoire\/","url":"https:\/\/caviar-de-neuvic.com\/fr\/notre-histoire\/","name":"Notre histoire - Producteur Fran\u00e7ais De Caviar","isPartOf":{"@id":"http:\/\/caviar-de-neuvic.com\/fr\/#website"},"primaryImageOfPage":{"@id":"https:\/\/caviar-de-neuvic.com\/fr\/notre-histoire\/#primaryimage"},"image":{"@id":"https:\/\/caviar-de-neuvic.com\/fr\/notre-histoire\/#primaryimage"},"thumbnailUrl":"http:\/\/caviar-de-neuvic.com\/wp-content\/uploads\/2025\/09\/cdn-servir.png","datePublished":"2025-08-25T14:14:21+00:00","dateModified":"2025-09-24T10:02:28+00:00","breadcrumb":{"@id":"https:\/\/caviar-de-neuvic.com\/fr\/notre-histoire\/#breadcrumb"},"inLanguage":"es","potentialAction":[{"@type":"ReadAction","target":["https:\/\/caviar-de-neuvic.com\/fr\/notre-histoire\/"]}]},{"@type":"ImageObject","inLanguage":"es","@id":"https:\/\/caviar-de-neuvic.com\/fr\/notre-histoire\/#primaryimage","url":"http:\/\/caviar-de-neuvic.com\/wp-content\/uploads\/2025\/09\/cdn-servir.png","contentUrl":"http:\/\/caviar-de-neuvic.com\/wp-content\/uploads\/2025\/09\/cdn-servir.png"},{"@type":"BreadcrumbList","@id":"https:\/\/caviar-de-neuvic.com\/fr\/notre-histoire\/#breadcrumb","itemListElement":[{"@type":"ListItem","position":1,"name":"Caviar de Neuvic","item":"https:\/\/caviar-de-neuvic.com\/"},{"@type":"ListItem","position":2,"name":"Notre histoire"}]},{"@type":"WebSite","@id":"http:\/\/caviar-de-neuvic.com\/fr\/#website","url":"http:\/\/caviar-de-neuvic.com\/fr\/","name":"Producteur Fran\u00e7ais De Caviar","description":"","publisher":{"@id":"http:\/\/caviar-de-neuvic.com\/fr\/#organization"},"potentialAction":[{"@type":"SearchAction","target":{"@type":"EntryPoint","urlTemplate":"http:\/\/caviar-de-neuvic.com\/fr\/?s={search_term_string}"},"query-input":{"@type":"PropertyValueSpecification","valueRequired":true,"valueName":"search_term_string"}}],"inLanguage":"es"},{"@type":"Organization","@id":"http:\/\/caviar-de-neuvic.com\/fr\/#organization","name":"Producteur Fran\u00e7ais De Caviar","url":"http:\/\/caviar-de-neuvic.com\/fr\/","logo":{"@type":"ImageObject","inLanguage":"es","@id":"http:\/\/caviar-de-neuvic.com\/fr\/#\/schema\/logo\/image\/","url":"","contentUrl":"","caption":"Producteur Fran\u00e7ais De Caviar"},"image":{"@id":"http:\/\/caviar-de-neuvic.com\/fr\/#\/schema\/logo\/image\/"}}]}},"_links":{"self":[{"href":"https:\/\/caviar-de-neuvic.com\/es_es\/wp-json\/wp\/v2\/pages\/24023","targetHints":{"allow":["GET"]}}],"collection":[{"href":"https:\/\/caviar-de-neuvic.com\/es_es\/wp-json\/wp\/v2\/pages"}],"about":[{"href":"https:\/\/caviar-de-neuvic.com\/es_es\/wp-json\/wp\/v2\/types\/page"}],"author":[{"embeddable":true,"href":"https:\/\/caviar-de-neuvic.com\/es_es\/wp-json\/wp\/v2\/users\/1"}],"replies":[{"embeddable":true,"href":"https:\/\/caviar-de-neuvic.com\/es_es\/wp-json\/wp\/v2\/comments?post=24023"}],"version-history":[{"count":103,"href":"https:\/\/caviar-de-neuvic.com\/es_es\/wp-json\/wp\/v2\/pages\/24023\/revisions"}],"predecessor-version":[{"id":25674,"href":"https:\/\/caviar-de-neuvic.com\/es_es\/wp-json\/wp\/v2\/pages\/24023\/revisions\/25674"}],"wp:attachment":[{"href":"https:\/\/caviar-de-neuvic.com\/es_es\/wp-json\/wp\/v2\/media?parent=24023"}],"curies":[{"name":"wp","href":"https:\/\/api.w.org\/{rel}","templated":true}]}}