{"id":24879,"date":"2018-06-15T10:26:27","date_gmt":"2018-06-15T08:26:27","guid":{"rendered":"http:\/\/localhost\/caviardeblog\/?post_type=universducaviar&amp;p=3491"},"modified":"2018-06-15T10:26:27","modified_gmt":"2018-06-15T08:26:27","slug":"a-quelle-occasion-consommer-du-caviar","status":"publish","type":"universducaviar","link":"https:\/\/caviar-de-neuvic.com\/es_es\/universducaviar\/a-quelle-occasion-consommer-du-caviar\/","title":{"rendered":"\u00c0 quelle occasion consommer du caviar ?"},"content":{"rendered":"<h3>Le caviar, un mets d&rsquo;exception<\/h3>\n<p>\u00c0 quelle occasion consommer du caviar ? Consommer du caviar est aujourd&rsquo;hui le summum du luxe alimentaire. Ouvrir une bo\u00eete de caviar est n\u00e9cessairement une f\u00eate. Aujourd&rsquo;hui, tout concourt \u00e0 en faire un mets de c\u00e9l\u00e9bration. Sa raret\u00e9, sa subtilit\u00e9, son intensit\u00e9, ses \u00e9tonnantes propri\u00e9t\u00e9s en bouche, sa beaut\u00e9 et, bien s\u00fbr, son<strong><a href=\"https:\/\/caviar-de-neuvic.com\/es_es\/parlons-caviar\/universducaviar\/pourquoi-le-caviar-est-il-cher\/\"> prix.<\/a><\/strong><\/p>\n\t\t<style>\n\t\t\t.blog_sticker{\n\t\t\t\tmargin-top: 50px !important;\n\t\t\t\tdisplay: flex;\n  \t\t\t\tjustify-content: center;\n\t\t\t\tflex-wrap: wrap;\n\t\t\t}\n\t\t\t.blog_sticker .product-miniature-list.row .span_1_of_3{\n\t\t\t\twidth: 100%!important;\n\t\t\t\tflex: 0 0 100%!important;\n\t\t\t\tmax-width: 400px!important;\n\t\t\t}\n\t\t\t.blog_sticker_right{\n\t\t\t\tmax-width: 400px;\n\t\t\t}\n\t\t\t.product-miniature-list.row {\n\t\t\t\tdisplay: flex;\n\t\t\t\tjustify-content: center;\n\t\t\t\tflex-wrap: wrap;\n\t\t\t}\n\t\t<\/style>\n\t\t<div class=\"blog_sticker d-flex flex-wrap\">\n\t\t\t<div class=\"blog_sticker_left col-sm-12 col-md-6 products-grid\">\n\t\t\t\t<div class=\"product-miniature-list row\">\n\t\t\t\t\t\t\t\t\t<\/div>\n\t\t\t<\/div>\n\t\t\t<div class=\"blog_sticker_right col-sm-12 col-md-6\">\n\t\t\t\t\t\t\t<\/div>\n\t\t<\/div>\n\t\n<p>En 1900, 125 grammes de caviar \u00e0 la carte chez Maxim&rsquo;s co\u00fbtaient le m\u00eame prix qu&rsquo;une douzaine d&rsquo;hu\u00eetres, soit 4 francs. Une bouteille de champagne en co\u00fbtait 20, ce qui repr\u00e9sentait pr\u00e8s d&rsquo;une semaine de salaire d&rsquo;un ouvrier. Aujourd&rsquo;hui, la plupart des aliments autrefois qualifi\u00e9s de \u00ab luxueux \u00bb (champagne, saumon, hu\u00eetres ou foie gras) sont devenus bien plus accessibles. Ils ont perdu leur caract\u00e8re exceptionnel jusqu&rsquo;\u00e0 devenir, parfois, des produits de \u00ab grande consommation \u00bb.<\/p>\n<h3>un \u00ab moment caviar \u00bb<\/h3>\n<p>Le caviar est donc le dernier luxe v\u00e9ritable, la derni\u00e8re exception. Pour en consommer, il faut donc un moment \u00e0 la hauteur de son statut. Une c\u00e9l\u00e9bration, un instant intime, une f\u00eate. Pour en profiter, il suffit de s&rsquo;inventer un \u00ab moment caviar \u00bb. Un instant de d\u00e9gustation hors du temps et loin des habitudes qui pourra rester tr\u00e8s simple, mais se devra d&rsquo;\u00eatre m\u00e9morable.<\/p>","protected":false},"excerpt":{"rendered":"<p>Le caviar, un mets d&rsquo;exception \u00c0 quelle occasion consommer du caviar ? Consommer du caviar est aujourd&rsquo;hui le summum du luxe alimentaire. Ouvrir une bo\u00eete de caviar est n\u00e9cessairement une f\u00eate. Aujourd&rsquo;hui, tout concourt \u00e0 en faire un mets de c\u00e9l\u00e9bration. Sa raret\u00e9, sa subtilit\u00e9, son intensit\u00e9, ses \u00e9tonnantes propri\u00e9t\u00e9s en bouche, sa beaut\u00e9 et, [&hellip;]<\/p>\n","protected":false},"author":11974,"featured_media":23812,"parent":0,"template":"","meta":{"_acf_changed":false,"ocean_post_layout":"","ocean_both_sidebars_style":"","ocean_both_sidebars_content_width":0,"ocean_both_sidebars_sidebars_width":0,"ocean_sidebar":"","ocean_second_sidebar":"","ocean_disable_margins":"enable","ocean_add_body_class":"","ocean_shortcode_before_top_bar":"","ocean_shortcode_after_top_bar":"","ocean_shortcode_before_header":"","ocean_shortcode_after_header":"","ocean_has_shortcode":"","ocean_shortcode_after_title":"","ocean_shortcode_before_footer_widgets":"","ocean_shortcode_after_footer_widgets":"","ocean_shortcode_before_footer_bottom":"","ocean_shortcode_after_footer_bottom":"","ocean_display_top_bar":"default","ocean_display_header":"default","ocean_header_style":"","ocean_center_header_left_menu":"","ocean_custom_header_template":"","ocean_custom_logo":0,"ocean_custom_retina_logo":0,"ocean_custom_logo_max_width":0,"ocean_custom_logo_tablet_max_width":0,"ocean_custom_logo_mobile_max_width":0,"ocean_custom_logo_max_height":0,"ocean_custom_logo_tablet_max_height":0,"ocean_custom_logo_mobile_max_height":0,"ocean_header_custom_menu":"","ocean_menu_typo_font_family":"","ocean_menu_typo_font_subset":"","ocean_menu_typo_font_size":0,"ocean_menu_typo_font_size_tablet":0,"ocean_menu_typo_font_size_mobile":0,"ocean_menu_typo_font_size_unit":"px","ocean_menu_typo_font_weight":"","ocean_menu_typo_font_weight_tablet":"","ocean_menu_typo_font_weight_mobile":"","ocean_menu_typo_transform":"","ocean_menu_typo_transform_tablet":"","ocean_menu_typo_transform_mobile":"","ocean_menu_typo_line_height":0,"ocean_menu_typo_line_height_tablet":0,"ocean_menu_typo_line_height_mobile":0,"ocean_menu_typo_line_height_unit":"","ocean_menu_typo_spacing":0,"ocean_menu_typo_spacing_tablet":0,"ocean_menu_typo_spacing_mobile":0,"ocean_menu_typo_spacing_unit":"","ocean_menu_link_color":"","ocean_menu_link_color_hover":"","ocean_menu_link_color_active":"","ocean_menu_link_background":"","ocean_menu_link_hover_background":"","ocean_menu_link_active_background":"","ocean_menu_social_links_bg":"","ocean_menu_social_hover_links_bg":"","ocean_menu_social_links_color":"","ocean_menu_social_hover_links_color":"","ocean_disable_title":"default","ocean_disable_heading":"default","ocean_post_title":"","ocean_post_subheading":"","ocean_post_title_style":"","ocean_post_title_background_color":"","ocean_post_title_background":0,"ocean_post_title_bg_image_position":"","ocean_post_title_bg_image_attachment":"","ocean_post_title_bg_image_repeat":"","ocean_post_title_bg_image_size":"","ocean_post_title_height":0,"ocean_post_title_bg_overlay":0.5,"ocean_post_title_bg_overlay_color":"","ocean_disable_breadcrumbs":"default","ocean_breadcrumbs_color":"","ocean_breadcrumbs_separator_color":"","ocean_breadcrumbs_links_color":"","ocean_breadcrumbs_links_hover_color":"","ocean_display_footer_widgets":"default","ocean_display_footer_bottom":"default","ocean_custom_footer_template":"","omw_enable_modal_window":"enable","footnotes":""},"tags":[],"universducaviar-categories":[363],"class_list":["post-24879","universducaviar","type-universducaviar","status-publish","has-post-thumbnail","hentry","universducaviar-categories-conseils-de-degustation","entry","has-media","owp-thumbs-layout-vertical","owp-btn-normal","owp-tabs-layout-horizontal","has-no-thumbnails","has-product-nav"],"acf":[],"yoast_head":"<!-- This site is optimized with the Yoast SEO plugin v27.5 - https:\/\/yoast.com\/product\/yoast-seo-wordpress\/ -->\n<title>\u00c0 quelle occasion consommer du caviar ? - Producteur Fran\u00e7ais De Caviar<\/title>\n<meta name=\"description\" content=\"\u00c0 quelle occasion consommer du caviar ? Aujourd&#039;hui, tout concourt \u00e0 en faire un mets de c\u00e9l\u00e9bration : sa raret\u00e9, sa subtilit\u00e9 et son prix.\" \/>\n<meta name=\"robots\" content=\"index, follow, max-snippet:-1, max-image-preview:large, max-video-preview:-1\" \/>\n<link rel=\"canonical\" href=\"https:\/\/caviar-de-neuvic.com\/es_es\/universducaviar\/a-quelle-occasion-consommer-du-caviar\/\" \/>\n<meta property=\"og:locale\" content=\"es_ES\" \/>\n<meta property=\"og:type\" content=\"article\" \/>\n<meta property=\"og:title\" content=\"\u00c0 quelle occasion consommer du caviar ? - Producteur Fran\u00e7ais De Caviar\" \/>\n<meta property=\"og:description\" content=\"\u00c0 quelle occasion consommer du caviar ? Aujourd&#039;hui, tout concourt \u00e0 en faire un mets de c\u00e9l\u00e9bration : sa raret\u00e9, sa subtilit\u00e9 et son prix.\" \/>\n<meta property=\"og:url\" content=\"https:\/\/caviar-de-neuvic.com\/es_es\/universducaviar\/a-quelle-occasion-consommer-du-caviar\/\" \/>\n<meta property=\"og:site_name\" content=\"Producteur Fran\u00e7ais De Caviar\" \/>\n<meta property=\"og:image\" content=\"https:\/\/caviar-de-neuvic.com\/wp-content\/uploads\/2018\/06\/amb-matiere-2.jpg\" \/>\n\t<meta property=\"og:image:width\" content=\"1920\" \/>\n\t<meta property=\"og:image:height\" content=\"1225\" \/>\n\t<meta property=\"og:image:type\" content=\"image\/jpeg\" \/>\n<meta name=\"twitter:card\" content=\"summary_large_image\" \/>\n<meta name=\"twitter:label1\" content=\"Tiempo de lectura\" \/>\n\t<meta name=\"twitter:data1\" content=\"2 minutos\" \/>\n<script type=\"application\/ld+json\" class=\"yoast-schema-graph\">{\"@context\":\"https:\\\/\\\/schema.org\",\"@graph\":[{\"@type\":\"WebPage\",\"@id\":\"https:\\\/\\\/caviar-de-neuvic.com\\\/fr\\\/universducaviar\\\/a-quelle-occasion-consommer-du-caviar\\\/\",\"url\":\"https:\\\/\\\/caviar-de-neuvic.com\\\/fr\\\/universducaviar\\\/a-quelle-occasion-consommer-du-caviar\\\/\",\"name\":\"\u00c0 quelle occasion consommer du caviar ? - Producteur Fran\u00e7ais De Caviar\",\"isPartOf\":{\"@id\":\"http:\\\/\\\/caviar-de-neuvic.com\\\/fr\\\/#website\"},\"primaryImageOfPage\":{\"@id\":\"https:\\\/\\\/caviar-de-neuvic.com\\\/fr\\\/universducaviar\\\/a-quelle-occasion-consommer-du-caviar\\\/#primaryimage\"},\"image\":{\"@id\":\"https:\\\/\\\/caviar-de-neuvic.com\\\/fr\\\/universducaviar\\\/a-quelle-occasion-consommer-du-caviar\\\/#primaryimage\"},\"thumbnailUrl\":\"https:\\\/\\\/caviar-de-neuvic.com\\\/wp-content\\\/uploads\\\/2018\\\/06\\\/amb-matiere-2.jpg\",\"datePublished\":\"2018-06-15T08:26:27+00:00\",\"description\":\"\u00c0 quelle occasion consommer du caviar ? Aujourd'hui, tout concourt \u00e0 en faire un mets de c\u00e9l\u00e9bration : sa raret\u00e9, sa subtilit\u00e9 et son prix.\",\"breadcrumb\":{\"@id\":\"https:\\\/\\\/caviar-de-neuvic.com\\\/fr\\\/universducaviar\\\/a-quelle-occasion-consommer-du-caviar\\\/#breadcrumb\"},\"inLanguage\":\"es\",\"potentialAction\":[{\"@type\":\"ReadAction\",\"target\":[\"https:\\\/\\\/caviar-de-neuvic.com\\\/fr\\\/universducaviar\\\/a-quelle-occasion-consommer-du-caviar\\\/\"]}]},{\"@type\":\"ImageObject\",\"inLanguage\":\"es\",\"@id\":\"https:\\\/\\\/caviar-de-neuvic.com\\\/fr\\\/universducaviar\\\/a-quelle-occasion-consommer-du-caviar\\\/#primaryimage\",\"url\":\"https:\\\/\\\/caviar-de-neuvic.com\\\/wp-content\\\/uploads\\\/2018\\\/06\\\/amb-matiere-2.jpg\",\"contentUrl\":\"https:\\\/\\\/caviar-de-neuvic.com\\\/wp-content\\\/uploads\\\/2018\\\/06\\\/amb-matiere-2.jpg\",\"width\":1920,\"height\":1225,\"caption\":\"\u00c0 quelle occasion consommer du caviar ?\"},{\"@type\":\"BreadcrumbList\",\"@id\":\"https:\\\/\\\/caviar-de-neuvic.com\\\/fr\\\/universducaviar\\\/a-quelle-occasion-consommer-du-caviar\\\/#breadcrumb\",\"itemListElement\":[{\"@type\":\"ListItem\",\"position\":1,\"name\":\"Caviar de Neuvic\",\"item\":\"https:\\\/\\\/caviar-de-neuvic.com\\\/\"},{\"@type\":\"ListItem\",\"position\":2,\"name\":\"Univers du Caviar\",\"item\":\"https:\\\/\\\/caviar-de-neuvic.com\\\/univers-caviars\\\/\"},{\"@type\":\"ListItem\",\"position\":3,\"name\":\"\u00c0 quelle occasion consommer du caviar ?\"}]},{\"@type\":\"WebSite\",\"@id\":\"http:\\\/\\\/caviar-de-neuvic.com\\\/fr\\\/#website\",\"url\":\"http:\\\/\\\/caviar-de-neuvic.com\\\/fr\\\/\",\"name\":\"Producteur Fran\u00e7ais De Caviar\",\"description\":\"\",\"publisher\":{\"@id\":\"http:\\\/\\\/caviar-de-neuvic.com\\\/fr\\\/#organization\"},\"potentialAction\":[{\"@type\":\"SearchAction\",\"target\":{\"@type\":\"EntryPoint\",\"urlTemplate\":\"http:\\\/\\\/caviar-de-neuvic.com\\\/fr\\\/?s={search_term_string}\"},\"query-input\":{\"@type\":\"PropertyValueSpecification\",\"valueRequired\":true,\"valueName\":\"search_term_string\"}}],\"inLanguage\":\"es\"},{\"@type\":\"Organization\",\"@id\":\"http:\\\/\\\/caviar-de-neuvic.com\\\/fr\\\/#organization\",\"name\":\"Producteur Fran\u00e7ais De Caviar\",\"url\":\"http:\\\/\\\/caviar-de-neuvic.com\\\/fr\\\/\",\"logo\":{\"@type\":\"ImageObject\",\"inLanguage\":\"es\",\"@id\":\"http:\\\/\\\/caviar-de-neuvic.com\\\/fr\\\/#\\\/schema\\\/logo\\\/image\\\/\",\"url\":\"\",\"contentUrl\":\"\",\"caption\":\"Producteur Fran\u00e7ais De Caviar\"},\"image\":{\"@id\":\"http:\\\/\\\/caviar-de-neuvic.com\\\/fr\\\/#\\\/schema\\\/logo\\\/image\\\/\"}}]}<\/script>\n<!-- \/ Yoast SEO plugin. -->","yoast_head_json":{"title":"\u00c0 quelle occasion consommer du caviar ? - Producteur Fran\u00e7ais De Caviar","description":"\u00c0 quelle occasion consommer du caviar ? Aujourd'hui, tout concourt \u00e0 en faire un mets de c\u00e9l\u00e9bration : sa raret\u00e9, sa subtilit\u00e9 et son prix.","robots":{"index":"index","follow":"follow","max-snippet":"max-snippet:-1","max-image-preview":"max-image-preview:large","max-video-preview":"max-video-preview:-1"},"canonical":"https:\/\/caviar-de-neuvic.com\/es_es\/universducaviar\/a-quelle-occasion-consommer-du-caviar\/","og_locale":"es_ES","og_type":"article","og_title":"\u00c0 quelle occasion consommer du caviar ? - Producteur Fran\u00e7ais De Caviar","og_description":"\u00c0 quelle occasion consommer du caviar ? Aujourd'hui, tout concourt \u00e0 en faire un mets de c\u00e9l\u00e9bration : sa raret\u00e9, sa subtilit\u00e9 et son prix.","og_url":"https:\/\/caviar-de-neuvic.com\/es_es\/universducaviar\/a-quelle-occasion-consommer-du-caviar\/","og_site_name":"Producteur Fran\u00e7ais De Caviar","og_image":[{"width":1920,"height":1225,"url":"https:\/\/caviar-de-neuvic.com\/wp-content\/uploads\/2018\/06\/amb-matiere-2.jpg","type":"image\/jpeg"}],"twitter_card":"summary_large_image","twitter_misc":{"Tiempo de lectura":"2 minutos"},"schema":{"@context":"https:\/\/schema.org","@graph":[{"@type":"WebPage","@id":"https:\/\/caviar-de-neuvic.com\/fr\/universducaviar\/a-quelle-occasion-consommer-du-caviar\/","url":"https:\/\/caviar-de-neuvic.com\/fr\/universducaviar\/a-quelle-occasion-consommer-du-caviar\/","name":"\u00c0 quelle occasion consommer du caviar ? - Producteur Fran\u00e7ais De Caviar","isPartOf":{"@id":"http:\/\/caviar-de-neuvic.com\/fr\/#website"},"primaryImageOfPage":{"@id":"https:\/\/caviar-de-neuvic.com\/fr\/universducaviar\/a-quelle-occasion-consommer-du-caviar\/#primaryimage"},"image":{"@id":"https:\/\/caviar-de-neuvic.com\/fr\/universducaviar\/a-quelle-occasion-consommer-du-caviar\/#primaryimage"},"thumbnailUrl":"https:\/\/caviar-de-neuvic.com\/wp-content\/uploads\/2018\/06\/amb-matiere-2.jpg","datePublished":"2018-06-15T08:26:27+00:00","description":"\u00c0 quelle occasion consommer du caviar ? Aujourd'hui, tout concourt \u00e0 en faire un mets de c\u00e9l\u00e9bration : sa raret\u00e9, sa subtilit\u00e9 et son prix.","breadcrumb":{"@id":"https:\/\/caviar-de-neuvic.com\/fr\/universducaviar\/a-quelle-occasion-consommer-du-caviar\/#breadcrumb"},"inLanguage":"es","potentialAction":[{"@type":"ReadAction","target":["https:\/\/caviar-de-neuvic.com\/fr\/universducaviar\/a-quelle-occasion-consommer-du-caviar\/"]}]},{"@type":"ImageObject","inLanguage":"es","@id":"https:\/\/caviar-de-neuvic.com\/fr\/universducaviar\/a-quelle-occasion-consommer-du-caviar\/#primaryimage","url":"https:\/\/caviar-de-neuvic.com\/wp-content\/uploads\/2018\/06\/amb-matiere-2.jpg","contentUrl":"https:\/\/caviar-de-neuvic.com\/wp-content\/uploads\/2018\/06\/amb-matiere-2.jpg","width":1920,"height":1225,"caption":"\u00c0 quelle occasion consommer du caviar ?"},{"@type":"BreadcrumbList","@id":"https:\/\/caviar-de-neuvic.com\/fr\/universducaviar\/a-quelle-occasion-consommer-du-caviar\/#breadcrumb","itemListElement":[{"@type":"ListItem","position":1,"name":"Caviar de Neuvic","item":"https:\/\/caviar-de-neuvic.com\/"},{"@type":"ListItem","position":2,"name":"Univers du Caviar","item":"https:\/\/caviar-de-neuvic.com\/univers-caviars\/"},{"@type":"ListItem","position":3,"name":"\u00c0 quelle occasion consommer du caviar ?"}]},{"@type":"WebSite","@id":"http:\/\/caviar-de-neuvic.com\/fr\/#website","url":"http:\/\/caviar-de-neuvic.com\/fr\/","name":"Producteur Fran\u00e7ais De Caviar","description":"","publisher":{"@id":"http:\/\/caviar-de-neuvic.com\/fr\/#organization"},"potentialAction":[{"@type":"SearchAction","target":{"@type":"EntryPoint","urlTemplate":"http:\/\/caviar-de-neuvic.com\/fr\/?s={search_term_string}"},"query-input":{"@type":"PropertyValueSpecification","valueRequired":true,"valueName":"search_term_string"}}],"inLanguage":"es"},{"@type":"Organization","@id":"http:\/\/caviar-de-neuvic.com\/fr\/#organization","name":"Producteur Fran\u00e7ais De Caviar","url":"http:\/\/caviar-de-neuvic.com\/fr\/","logo":{"@type":"ImageObject","inLanguage":"es","@id":"http:\/\/caviar-de-neuvic.com\/fr\/#\/schema\/logo\/image\/","url":"","contentUrl":"","caption":"Producteur Fran\u00e7ais De Caviar"},"image":{"@id":"http:\/\/caviar-de-neuvic.com\/fr\/#\/schema\/logo\/image\/"}}]}},"_links":{"self":[{"href":"https:\/\/caviar-de-neuvic.com\/es_es\/wp-json\/wp\/v2\/universducaviar\/24879","targetHints":{"allow":["GET"]}}],"collection":[{"href":"https:\/\/caviar-de-neuvic.com\/es_es\/wp-json\/wp\/v2\/universducaviar"}],"about":[{"href":"https:\/\/caviar-de-neuvic.com\/es_es\/wp-json\/wp\/v2\/types\/universducaviar"}],"author":[{"embeddable":true,"href":"https:\/\/caviar-de-neuvic.com\/es_es\/wp-json\/wp\/v2\/users\/11974"}],"version-history":[{"count":0,"href":"https:\/\/caviar-de-neuvic.com\/es_es\/wp-json\/wp\/v2\/universducaviar\/24879\/revisions"}],"wp:featuredmedia":[{"embeddable":true,"href":"https:\/\/caviar-de-neuvic.com\/es_es\/wp-json\/wp\/v2\/media\/23812"}],"wp:attachment":[{"href":"https:\/\/caviar-de-neuvic.com\/es_es\/wp-json\/wp\/v2\/media?parent=24879"}],"wp:term":[{"taxonomy":"post_tag","embeddable":true,"href":"https:\/\/caviar-de-neuvic.com\/es_es\/wp-json\/wp\/v2\/tags?post=24879"},{"taxonomy":"universducaviar-categories","embeddable":true,"href":"https:\/\/caviar-de-neuvic.com\/es_es\/wp-json\/wp\/v2\/universducaviar-categories?post=24879"}],"curies":[{"name":"wp","href":"https:\/\/api.w.org\/{rel}","templated":true}]}}