{"id":27076,"date":"2025-09-30T09:10:21","date_gmt":"2025-09-30T09:10:21","guid":{"rendered":"https:\/\/caviar-de-neuvic.com\/parlons-caviar-old\/?post_type=inspiry_recipes&#038;p=8698"},"modified":"2025-09-30T09:12:05","modified_gmt":"2025-09-30T09:12:05","slug":"trilogie-de-tartelettes-aux-oeufs-de-poisson-et-radis","status":"publish","type":"inspiry_recipes","link":"https:\/\/caviar-de-neuvic.com\/fr\/recette\/trilogie-de-tartelettes-aux-oeufs-de-poisson-et-radis\/","title":{"rendered":"Trilogie de Tartelettes aux \u0152ufs de Poisson et Radis"},"content":{"rendered":"<p style=\"font-weight: 400;\">Trilogie de Tartelettes aux \u0152ufs de Poisson et Radis<\/p>\n<p>Recette pour 4 personnes (pour 12 tartelettes, 4 de chaque type)<\/p>\n<p>Recette imagin\u00e9e et cr\u00e9e par <a href=\"https:\/\/www.lacachette-valence.fr\/fr\/l-univers-du-chef.html\" target=\"_blank\" rel=\"noopener\">Masashi IJICHI chef du restaurant La Cachette<\/a> exclusivement pour Caviar de Neuvic<\/p>\n<p>Temps de pr\u00e9paration : 1h<br data-start=\"141\" data-end=\"144\" \/>Temps de cuisson : 20 minutes<br data-start=\"177\" data-end=\"180\" \/>Repos \/ marinade : 0 minutes<\/p>\n","protected":false},"excerpt":{"rendered":"<p>Trilogie de Tartelettes aux \u0152ufs de Poisson et Radis Recette pour 4 personnes (pour 12 tartelettes, 4 de chaque type) Recette imagin\u00e9e et cr\u00e9e par Masashi IJICHI chef du restaurant La Cachette exclusivement pour Caviar de Neuvic Temps de pr\u00e9paration : 1hTemps de cuisson : 20 minutesRepos \/ marinade : 0 minutes<\/p>\n","protected":false},"author":11896,"featured_media":27456,"parent":0,"menu_order":0,"comment_status":"open","ping_status":"closed","template":"","tags":[421,435],"recipe-type":[],"cuisine":[427],"course":[431],"skill-level":[424],"class_list":["post-27076","inspiry_recipes","type-inspiry_recipes","status-publish","has-post-thumbnail","hentry","tag-aperitif-entree","tag-oeuf","inspiry-cuisine-2entree","inspiry-course-repas-d-exception","skill-level-les-recettes-de-chefs","entry","has-media","owp-thumbs-layout-vertical","owp-btn-normal","owp-tabs-layout-horizontal","has-no-thumbnails","has-product-nav"],"acf":[],"yoast_head":"<!-- This site is optimized with the Yoast SEO plugin v27.4 - https:\/\/yoast.com\/product\/yoast-seo-wordpress\/ -->\n<title>Trilogie de Tartelettes aux \u0152ufs de Poisson et Radis - Producteur Fran\u00e7ais De Caviar<\/title>\n<meta name=\"description\" content=\"Trilogie de Tartelettes aux \u0152ufs de Poisson et Radis. Recette imagin\u00e9e et cr\u00e9e par Masashi IJICHI chef du restaurant La Cachette.\" \/>\n<meta name=\"robots\" content=\"index, follow, max-snippet:-1, max-image-preview:large, max-video-preview:-1\" \/>\n<link rel=\"canonical\" href=\"https:\/\/caviar-de-neuvic.com\/fr\/recipe\/trilogie-de-tartelettes-aux-oeufs-de-poisson-et-radis\/\" \/>\n<meta property=\"og:locale\" content=\"fr_FR\" \/>\n<meta property=\"og:type\" content=\"article\" \/>\n<meta property=\"og:title\" content=\"Trilogie de Tartelettes aux \u0152ufs de Poisson et Radis - Producteur Fran\u00e7ais De Caviar\" \/>\n<meta property=\"og:description\" content=\"Trilogie de Tartelettes aux \u0152ufs de Poisson et Radis. Recette imagin\u00e9e et cr\u00e9e par Masashi IJICHI chef du restaurant La Cachette.\" \/>\n<meta property=\"og:url\" content=\"https:\/\/caviar-de-neuvic.com\/fr\/recipe\/trilogie-de-tartelettes-aux-oeufs-de-poisson-et-radis\/\" \/>\n<meta property=\"og:site_name\" content=\"Producteur Fran\u00e7ais De Caviar\" \/>\n<meta property=\"article:modified_time\" content=\"2025-09-30T09:12:05+00:00\" \/>\n<meta property=\"og:image\" content=\"https:\/\/caviar-de-neuvic.com\/wp-content\/uploads\/2025\/09\/CDN_LACACHETTE_290825_\u00aeAV-69.jpg\" \/>\n\t<meta property=\"og:image:width\" content=\"1280\" \/>\n\t<meta property=\"og:image:height\" content=\"1920\" \/>\n\t<meta property=\"og:image:type\" content=\"image\/jpeg\" \/>\n<meta name=\"twitter:card\" content=\"summary_large_image\" \/>\n<meta name=\"twitter:label1\" content=\"Dur\u00e9e de lecture estim\u00e9e\" \/>\n\t<meta name=\"twitter:data1\" content=\"1 minute\" \/>\n<script type=\"application\/ld+json\" class=\"yoast-schema-graph\">{\"@context\":\"https:\\\/\\\/schema.org\",\"@graph\":[{\"@type\":\"WebPage\",\"@id\":\"https:\\\/\\\/caviar-de-neuvic.com\\\/en\\\/recipe\\\/trilogie-de-tartelettes-aux-oeufs-de-poisson-et-radis\\\/\",\"url\":\"https:\\\/\\\/caviar-de-neuvic.com\\\/en\\\/recipe\\\/trilogie-de-tartelettes-aux-oeufs-de-poisson-et-radis\\\/\",\"name\":\"Trilogie de Tartelettes aux \u0152ufs de Poisson et Radis - Producteur Fran\u00e7ais De Caviar\",\"isPartOf\":{\"@id\":\"http:\\\/\\\/caviar-de-neuvic.com\\\/fr\\\/#website\"},\"primaryImageOfPage\":{\"@id\":\"https:\\\/\\\/caviar-de-neuvic.com\\\/en\\\/recipe\\\/trilogie-de-tartelettes-aux-oeufs-de-poisson-et-radis\\\/#primaryimage\"},\"image\":{\"@id\":\"https:\\\/\\\/caviar-de-neuvic.com\\\/en\\\/recipe\\\/trilogie-de-tartelettes-aux-oeufs-de-poisson-et-radis\\\/#primaryimage\"},\"thumbnailUrl\":\"https:\\\/\\\/caviar-de-neuvic.com\\\/wp-content\\\/uploads\\\/2025\\\/09\\\/CDN_LACACHETTE_290825_\u00aeAV-69.jpg\",\"datePublished\":\"2025-09-30T09:10:21+00:00\",\"dateModified\":\"2025-09-30T09:12:05+00:00\",\"description\":\"Trilogie de Tartelettes aux \u0152ufs de Poisson et Radis. Recette imagin\u00e9e et cr\u00e9e par Masashi IJICHI chef du restaurant La Cachette.\",\"breadcrumb\":{\"@id\":\"https:\\\/\\\/caviar-de-neuvic.com\\\/en\\\/recipe\\\/trilogie-de-tartelettes-aux-oeufs-de-poisson-et-radis\\\/#breadcrumb\"},\"inLanguage\":\"fr-FR\",\"potentialAction\":[{\"@type\":\"ReadAction\",\"target\":[\"https:\\\/\\\/caviar-de-neuvic.com\\\/en\\\/recipe\\\/trilogie-de-tartelettes-aux-oeufs-de-poisson-et-radis\\\/\"]}]},{\"@type\":\"ImageObject\",\"inLanguage\":\"fr-FR\",\"@id\":\"https:\\\/\\\/caviar-de-neuvic.com\\\/en\\\/recipe\\\/trilogie-de-tartelettes-aux-oeufs-de-poisson-et-radis\\\/#primaryimage\",\"url\":\"https:\\\/\\\/caviar-de-neuvic.com\\\/wp-content\\\/uploads\\\/2025\\\/09\\\/CDN_LACACHETTE_290825_\u00aeAV-69.jpg\",\"contentUrl\":\"https:\\\/\\\/caviar-de-neuvic.com\\\/wp-content\\\/uploads\\\/2025\\\/09\\\/CDN_LACACHETTE_290825_\u00aeAV-69.jpg\",\"width\":1280,\"height\":1920},{\"@type\":\"BreadcrumbList\",\"@id\":\"https:\\\/\\\/caviar-de-neuvic.com\\\/en\\\/recipe\\\/trilogie-de-tartelettes-aux-oeufs-de-poisson-et-radis\\\/#breadcrumb\",\"itemListElement\":[{\"@type\":\"ListItem\",\"position\":1,\"name\":\"Caviar de Neuvic\",\"item\":\"https:\\\/\\\/caviar-de-neuvic.com\\\/\"},{\"@type\":\"ListItem\",\"position\":2,\"name\":\"Recettes\",\"item\":\"https:\\\/\\\/caviar-de-neuvic.com\\\/recette\\\/\"},{\"@type\":\"ListItem\",\"position\":3,\"name\":\"Trilogie de Tartelettes aux \u0152ufs de Poisson et Radis\"}]},{\"@type\":\"WebSite\",\"@id\":\"http:\\\/\\\/caviar-de-neuvic.com\\\/fr\\\/#website\",\"url\":\"http:\\\/\\\/caviar-de-neuvic.com\\\/fr\\\/\",\"name\":\"Producteur Fran\u00e7ais De Caviar\",\"description\":\"\",\"publisher\":{\"@id\":\"http:\\\/\\\/caviar-de-neuvic.com\\\/fr\\\/#organization\"},\"potentialAction\":[{\"@type\":\"SearchAction\",\"target\":{\"@type\":\"EntryPoint\",\"urlTemplate\":\"http:\\\/\\\/caviar-de-neuvic.com\\\/fr\\\/?s={search_term_string}\"},\"query-input\":{\"@type\":\"PropertyValueSpecification\",\"valueRequired\":true,\"valueName\":\"search_term_string\"}}],\"inLanguage\":\"fr-FR\"},{\"@type\":\"Organization\",\"@id\":\"http:\\\/\\\/caviar-de-neuvic.com\\\/fr\\\/#organization\",\"name\":\"Producteur Fran\u00e7ais De Caviar\",\"url\":\"http:\\\/\\\/caviar-de-neuvic.com\\\/fr\\\/\",\"logo\":{\"@type\":\"ImageObject\",\"inLanguage\":\"fr-FR\",\"@id\":\"http:\\\/\\\/caviar-de-neuvic.com\\\/fr\\\/#\\\/schema\\\/logo\\\/image\\\/\",\"url\":\"\",\"contentUrl\":\"\",\"caption\":\"Producteur Fran\u00e7ais De Caviar\"},\"image\":{\"@id\":\"http:\\\/\\\/caviar-de-neuvic.com\\\/fr\\\/#\\\/schema\\\/logo\\\/image\\\/\"}}]}<\/script>\n<!-- \/ Yoast SEO plugin. -->","yoast_head_json":{"title":"Trilogie de Tartelettes aux \u0152ufs de Poisson et Radis - Producteur Fran\u00e7ais De Caviar","description":"Trilogie de Tartelettes aux \u0152ufs de Poisson et Radis. Recette imagin\u00e9e et cr\u00e9e par Masashi IJICHI chef du restaurant La Cachette.","robots":{"index":"index","follow":"follow","max-snippet":"max-snippet:-1","max-image-preview":"max-image-preview:large","max-video-preview":"max-video-preview:-1"},"canonical":"https:\/\/caviar-de-neuvic.com\/fr\/recipe\/trilogie-de-tartelettes-aux-oeufs-de-poisson-et-radis\/","og_locale":"fr_FR","og_type":"article","og_title":"Trilogie de Tartelettes aux \u0152ufs de Poisson et Radis - Producteur Fran\u00e7ais De Caviar","og_description":"Trilogie de Tartelettes aux \u0152ufs de Poisson et Radis. Recette imagin\u00e9e et cr\u00e9e par Masashi IJICHI chef du restaurant La Cachette.","og_url":"https:\/\/caviar-de-neuvic.com\/fr\/recipe\/trilogie-de-tartelettes-aux-oeufs-de-poisson-et-radis\/","og_site_name":"Producteur Fran\u00e7ais De Caviar","article_modified_time":"2025-09-30T09:12:05+00:00","og_image":[{"width":1280,"height":1920,"url":"https:\/\/caviar-de-neuvic.com\/wp-content\/uploads\/2025\/09\/CDN_LACACHETTE_290825_\u00aeAV-69.jpg","type":"image\/jpeg"}],"twitter_card":"summary_large_image","twitter_misc":{"Dur\u00e9e de lecture estim\u00e9e":"1 minute"},"schema":{"@context":"https:\/\/schema.org","@graph":[{"@type":"WebPage","@id":"https:\/\/caviar-de-neuvic.com\/en\/recipe\/trilogie-de-tartelettes-aux-oeufs-de-poisson-et-radis\/","url":"https:\/\/caviar-de-neuvic.com\/en\/recipe\/trilogie-de-tartelettes-aux-oeufs-de-poisson-et-radis\/","name":"Trilogie de Tartelettes aux \u0152ufs de Poisson et Radis - Producteur Fran\u00e7ais De Caviar","isPartOf":{"@id":"http:\/\/caviar-de-neuvic.com\/fr\/#website"},"primaryImageOfPage":{"@id":"https:\/\/caviar-de-neuvic.com\/en\/recipe\/trilogie-de-tartelettes-aux-oeufs-de-poisson-et-radis\/#primaryimage"},"image":{"@id":"https:\/\/caviar-de-neuvic.com\/en\/recipe\/trilogie-de-tartelettes-aux-oeufs-de-poisson-et-radis\/#primaryimage"},"thumbnailUrl":"https:\/\/caviar-de-neuvic.com\/wp-content\/uploads\/2025\/09\/CDN_LACACHETTE_290825_\u00aeAV-69.jpg","datePublished":"2025-09-30T09:10:21+00:00","dateModified":"2025-09-30T09:12:05+00:00","description":"Trilogie de Tartelettes aux \u0152ufs de Poisson et Radis. Recette imagin\u00e9e et cr\u00e9e par Masashi IJICHI chef du restaurant La Cachette.","breadcrumb":{"@id":"https:\/\/caviar-de-neuvic.com\/en\/recipe\/trilogie-de-tartelettes-aux-oeufs-de-poisson-et-radis\/#breadcrumb"},"inLanguage":"fr-FR","potentialAction":[{"@type":"ReadAction","target":["https:\/\/caviar-de-neuvic.com\/en\/recipe\/trilogie-de-tartelettes-aux-oeufs-de-poisson-et-radis\/"]}]},{"@type":"ImageObject","inLanguage":"fr-FR","@id":"https:\/\/caviar-de-neuvic.com\/en\/recipe\/trilogie-de-tartelettes-aux-oeufs-de-poisson-et-radis\/#primaryimage","url":"https:\/\/caviar-de-neuvic.com\/wp-content\/uploads\/2025\/09\/CDN_LACACHETTE_290825_\u00aeAV-69.jpg","contentUrl":"https:\/\/caviar-de-neuvic.com\/wp-content\/uploads\/2025\/09\/CDN_LACACHETTE_290825_\u00aeAV-69.jpg","width":1280,"height":1920},{"@type":"BreadcrumbList","@id":"https:\/\/caviar-de-neuvic.com\/en\/recipe\/trilogie-de-tartelettes-aux-oeufs-de-poisson-et-radis\/#breadcrumb","itemListElement":[{"@type":"ListItem","position":1,"name":"Caviar de Neuvic","item":"https:\/\/caviar-de-neuvic.com\/"},{"@type":"ListItem","position":2,"name":"Recettes","item":"https:\/\/caviar-de-neuvic.com\/recette\/"},{"@type":"ListItem","position":3,"name":"Trilogie de Tartelettes aux \u0152ufs de Poisson et Radis"}]},{"@type":"WebSite","@id":"http:\/\/caviar-de-neuvic.com\/fr\/#website","url":"http:\/\/caviar-de-neuvic.com\/fr\/","name":"Producteur Fran\u00e7ais De Caviar","description":"","publisher":{"@id":"http:\/\/caviar-de-neuvic.com\/fr\/#organization"},"potentialAction":[{"@type":"SearchAction","target":{"@type":"EntryPoint","urlTemplate":"http:\/\/caviar-de-neuvic.com\/fr\/?s={search_term_string}"},"query-input":{"@type":"PropertyValueSpecification","valueRequired":true,"valueName":"search_term_string"}}],"inLanguage":"fr-FR"},{"@type":"Organization","@id":"http:\/\/caviar-de-neuvic.com\/fr\/#organization","name":"Producteur Fran\u00e7ais De Caviar","url":"http:\/\/caviar-de-neuvic.com\/fr\/","logo":{"@type":"ImageObject","inLanguage":"fr-FR","@id":"http:\/\/caviar-de-neuvic.com\/fr\/#\/schema\/logo\/image\/","url":"","contentUrl":"","caption":"Producteur Fran\u00e7ais De Caviar"},"image":{"@id":"http:\/\/caviar-de-neuvic.com\/fr\/#\/schema\/logo\/image\/"}}]}},"_links":{"self":[{"href":"https:\/\/caviar-de-neuvic.com\/fr\/wp-json\/wp\/v2\/recipe\/27076","targetHints":{"allow":["GET"]}}],"collection":[{"href":"https:\/\/caviar-de-neuvic.com\/fr\/wp-json\/wp\/v2\/recipe"}],"about":[{"href":"https:\/\/caviar-de-neuvic.com\/fr\/wp-json\/wp\/v2\/types\/inspiry_recipes"}],"author":[{"embeddable":true,"href":"https:\/\/caviar-de-neuvic.com\/fr\/wp-json\/wp\/v2\/users\/11896"}],"replies":[{"embeddable":true,"href":"https:\/\/caviar-de-neuvic.com\/fr\/wp-json\/wp\/v2\/comments?post=27076"}],"version-history":[{"count":1,"href":"https:\/\/caviar-de-neuvic.com\/fr\/wp-json\/wp\/v2\/recipe\/27076\/revisions"}],"predecessor-version":[{"id":27451,"href":"https:\/\/caviar-de-neuvic.com\/fr\/wp-json\/wp\/v2\/recipe\/27076\/revisions\/27451"}],"wp:featuredmedia":[{"embeddable":true,"href":"https:\/\/caviar-de-neuvic.com\/fr\/wp-json\/wp\/v2\/media\/27456"}],"wp:attachment":[{"href":"https:\/\/caviar-de-neuvic.com\/fr\/wp-json\/wp\/v2\/media?parent=27076"}],"wp:term":[{"taxonomy":"post_tag","embeddable":true,"href":"https:\/\/caviar-de-neuvic.com\/fr\/wp-json\/wp\/v2\/tags?post=27076"},{"taxonomy":"recipe-type","embeddable":true,"href":"https:\/\/caviar-de-neuvic.com\/fr\/wp-json\/wp\/v2\/recipe-type?post=27076"},{"taxonomy":"inspiry-cuisine","embeddable":true,"href":"https:\/\/caviar-de-neuvic.com\/fr\/wp-json\/wp\/v2\/cuisine?post=27076"},{"taxonomy":"inspiry-course","embeddable":true,"href":"https:\/\/caviar-de-neuvic.com\/fr\/wp-json\/wp\/v2\/course?post=27076"},{"taxonomy":"skill-level","embeddable":true,"href":"https:\/\/caviar-de-neuvic.com\/fr\/wp-json\/wp\/v2\/skill-level?post=27076"}],"curies":[{"name":"wp","href":"https:\/\/api.w.org\/{rel}","templated":true}]}}