{"id":24023,"date":"2025-08-25T14:14:21","date_gmt":"2025-08-25T14:14:21","guid":{"rendered":"https:\/\/caviar-de-neuvic.com\/?page_id=24023"},"modified":"2025-09-24T10:02:28","modified_gmt":"2025-09-24T10:02:28","slug":"notre-histoire","status":"publish","type":"page","link":"https:\/\/caviar-de-neuvic.com\/fr_be\/notre-histoire\/","title":{"rendered":"Notre histoire"},"content":{"rendered":"<div data-elementor-type=\"wp-page\" data-elementor-id=\"24023\" class=\"elementor elementor-24023\" data-elementor-post-type=\"page\">\n\t\t\t\t<div class=\"elementor-element elementor-element-ab349e9 fullwidth_fix e-flex e-con-boxed e-con e-parent\" data-id=\"ab349e9\" data-element_type=\"container\" data-e-type=\"container\" data-settings=\"{&quot;background_background&quot;:&quot;classic&quot;}\">\n\t\t\t\t\t<div class=\"e-con-inner\">\n\t\t\t\t\t<\/div>\n\t\t\t\t<\/div>\n\t\t<div class=\"elementor-element elementor-element-3c016c5 e-flex e-con-boxed e-con e-parent\" data-id=\"3c016c5\" data-element_type=\"container\" data-e-type=\"container\">\n\t\t\t\t\t<div class=\"e-con-inner\">\n\t\t<div class=\"elementor-element elementor-element-4ad527b e-con-full e-flex e-con e-child\" data-id=\"4ad527b\" data-element_type=\"container\" data-e-type=\"container\">\n\t\t\t\t<div class=\"elementor-element elementor-element-c6f3c87 elementor-widget elementor-widget-heading\" data-id=\"c6f3c87\" data-element_type=\"widget\" data-e-type=\"widget\" data-widget_type=\"heading.default\">\n\t\t\t\t<div class=\"elementor-widget-container\">\n\t\t\t\t\t<h1 class=\"elementor-heading-title elementor-size-default\">Notre histoire<\/h1>\t\t\t\t<\/div>\n\t\t\t\t<\/div>\n\t\t\t\t<div class=\"elementor-element elementor-element-1a9c995 elementor-widget elementor-widget-text-editor\" data-id=\"1a9c995\" data-element_type=\"widget\" data-e-type=\"widget\" data-widget_type=\"text-editor.default\">\n\t\t\t\t<div class=\"elementor-widget-container\">\n\t\t\t\t\t\t\t\t\t<p>\u00a0<\/p><p>Caviar de Neuvic, entreprise fran\u00e7aise pionni\u00e8re dans l&rsquo;art de l&rsquo;\u00e9levage de l&rsquo;esturgeon et la production de caviar d&rsquo;exception, incarne une v\u00e9ritable r\u00e9volution gustative pour les \u00e9picuriens d&rsquo;aujourd&rsquo;hui et de demain. Depuis sa gen\u00e8se, Caviar de Neuvic s&rsquo;efforce de red\u00e9finir les normes de qualit\u00e9 et de durabilit\u00e9 au sein de l&rsquo;industrie du caviar. Un mod\u00e8le d&rsquo;int\u00e9gration unique qui repose sur les piliers fondamentaux du respect, de l&rsquo;excellence et de l&rsquo;innovation.<\/p><p>L\u2019engagement de Caviar de Neuvic envers l&rsquo;int\u00e9grit\u00e9 environnementale et le bien-\u00eatre des esturgeons est ind\u00e9fectible. L&rsquo;entreprise a fa\u00e7onn\u00e9 un environnement propice \u00e0 l&rsquo;\u00e9panouissement des esturgeons en mettant un soin m\u00e9ticuleux \u00e0 pr\u00e9server la qualit\u00e9 de l&rsquo;eau, l&rsquo;int\u00e9grit\u00e9 de l&rsquo;\u00e9cosyst\u00e8me, et en garantissant une alimentation biologique parfaitement adapt\u00e9e \u00e0 leurs besoins. Tout cela, dans notre qu\u00eate ultime de cr\u00e9er une exp\u00e9rience gustative in\u00e9gal\u00e9e pour les \u00e9picuriens d&rsquo;aujourd&rsquo;hui et de demain.<\/p>\t\t\t\t\t\t\t\t<\/div>\n\t\t\t\t<\/div>\n\t\t\t\t<\/div>\n\t\t\t\t\t<\/div>\n\t\t\t\t<\/div>\n\t\t<div class=\"elementor-element elementor-element-e5f5653 fullwidth_fix e-flex e-con-boxed e-con e-parent\" data-id=\"e5f5653\" data-element_type=\"container\" data-e-type=\"container\" data-settings=\"{&quot;background_background&quot;:&quot;classic&quot;}\">\n\t\t\t\t\t<div class=\"e-con-inner\">\n\t\t<div class=\"elementor-element elementor-element-68de8c7 e-con-full e-flex e-con e-child\" data-id=\"68de8c7\" data-element_type=\"container\" data-e-type=\"container\" data-settings=\"{&quot;background_background&quot;:&quot;classic&quot;}\">\n\t\t\t\t<div class=\"elementor-element elementor-element-7c1b88a elementor-widget elementor-widget-spacer\" data-id=\"7c1b88a\" data-element_type=\"widget\" data-e-type=\"widget\" data-widget_type=\"spacer.default\">\n\t\t\t\t<div class=\"elementor-widget-container\">\n\t\t\t\t\t\t\t<div class=\"elementor-spacer\">\n\t\t\t<div class=\"elementor-spacer-inner\"><\/div>\n\t\t<\/div>\n\t\t\t\t\t\t<\/div>\n\t\t\t\t<\/div>\n\t\t\t\t<div class=\"elementor-element elementor-element-7e61c0d elementor-widget__width-initial elementor-widget elementor-widget-video\" data-id=\"7e61c0d\" data-element_type=\"widget\" data-e-type=\"widget\" data-settings=\"{&quot;youtube_url&quot;:&quot;https:\\\/\\\/www.youtube.com\\\/watch?v=HWjzh3pkQiE&amp;t=5s&quot;,&quot;lazy_load&quot;:&quot;yes&quot;,&quot;show_image_overlay&quot;:&quot;yes&quot;,&quot;image_overlay&quot;:{&quot;url&quot;:&quot;https:\\\/\\\/caviar-de-neuvic.com\\\/wp-content\\\/uploads\\\/2025\\\/07\\\/transp.png&quot;,&quot;id&quot;:20475,&quot;size&quot;:&quot;&quot;,&quot;alt&quot;:&quot;&quot;,&quot;source&quot;:&quot;library&quot;},&quot;lightbox&quot;:&quot;yes&quot;,&quot;video_type&quot;:&quot;youtube&quot;,&quot;controls&quot;:&quot;yes&quot;}\" data-widget_type=\"video.default\">\n\t\t\t\t<div class=\"elementor-widget-container\">\n\t\t\t\t\t\t\t<div class=\"elementor-wrapper elementor-open-lightbox\">\n\t\t\t\t\t\t\t<div class=\"elementor-custom-embed-image-overlay\" data-elementor-open-lightbox=\"yes\" data-elementor-lightbox=\"{&quot;type&quot;:&quot;video&quot;,&quot;videoType&quot;:&quot;youtube&quot;,&quot;url&quot;:&quot;https:\\\/\\\/www.youtube.com\\\/embed\\\/HWjzh3pkQiE?feature=oembed&amp;start&amp;end&amp;wmode=opaque&amp;loop=0&amp;controls=1&amp;mute=0&amp;rel=0&amp;cc_load_policy=0&quot;,&quot;autoplay&quot;:&quot;&quot;,&quot;modalOptions&quot;:{&quot;id&quot;:&quot;elementor-lightbox-7e61c0d&quot;,&quot;entranceAnimation&quot;:&quot;&quot;,&quot;entranceAnimation_tablet&quot;:&quot;&quot;,&quot;entranceAnimation_mobile&quot;:&quot;&quot;,&quot;videoAspectRatio&quot;:&quot;169&quot;}}\" data-e-action-hash=\"#elementor-action%3Aaction%3Dlightbox%26settings%3DeyJ0eXBlIjoidmlkZW8iLCJ2aWRlb1R5cGUiOiJ5b3V0dWJlIiwidXJsIjoiaHR0cHM6XC9cL3d3dy55b3V0dWJlLmNvbVwvZW1iZWRcL0hXanpoM3BrUWlFP2ZlYXR1cmU9b2VtYmVkJnN0YXJ0JmVuZCZ3bW9kZT1vcGFxdWUmbG9vcD0wJmNvbnRyb2xzPTEmbXV0ZT0wJnJlbD0wJmNjX2xvYWRfcG9saWN5PTAiLCJhdXRvcGxheSI6IiIsIm1vZGFsT3B0aW9ucyI6eyJpZCI6ImVsZW1lbnRvci1saWdodGJveC03ZTYxYzBkIiwiZW50cmFuY2VBbmltYXRpb24iOiIiLCJlbnRyYW5jZUFuaW1hdGlvbl90YWJsZXQiOiIiLCJlbnRyYW5jZUFuaW1hdGlvbl9tb2JpbGUiOiIiLCJ2aWRlb0FzcGVjdFJhdGlvIjoiMTY5In19\">\n\t\t\t\t\t\t\t\t\t\t\t<img decoding=\"async\" width=\"120\" height=\"120\" src=\"https:\/\/caviar-de-neuvic.com\/wp-content\/uploads\/2025\/07\/transp.png\" class=\"attachment-full size-full wp-image-20475\" alt=\"\" srcset=\"https:\/\/caviar-de-neuvic.com\/wp-content\/uploads\/2025\/07\/transp.png 120w, https:\/\/caviar-de-neuvic.com\/wp-content\/uploads\/2025\/07\/transp-12x12.png 12w, https:\/\/caviar-de-neuvic.com\/wp-content\/uploads\/2025\/07\/transp-100x100.png 100w\" sizes=\"(max-width: 120px) 100vw, 120px\" \/>\t\t\t\t\t\t\t\t\t\t\t\t\t\t\t\t<div class=\"elementor-custom-embed-play\" role=\"button\" aria-label=\"Lire la vid\u00e9o\" tabindex=\"0\">\n\t\t\t\t\t\t\t<svg aria-hidden=\"true\" class=\"e-font-icon-svg e-fas-play-circle\" viewbox=\"0 0 512 512\" xmlns=\"http:\/\/www.w3.org\/2000\/svg\"><path d=\"M256 8C119 8 8 119 8 256s111 248 248 248 248-111 248-248S393 8 256 8zm115.7 272l-176 101c-15.8 8.8-35.7-2.5-35.7-21V152c0-18.4 19.8-29.8 35.7-21l176 107c16.4 9.2 16.4 32.9 0 42z\"><\/path><\/svg>\t\t\t\t\t\t<\/div>\n\t\t\t\t\t\t\t\t\t<\/div>\n\t\t\t\t\t<\/div>\n\t\t\t\t\t\t<\/div>\n\t\t\t\t<\/div>\n\t\t\t\t<div class=\"elementor-element elementor-element-814682d elementor-widget elementor-widget-spacer\" data-id=\"814682d\" data-element_type=\"widget\" data-e-type=\"widget\" data-widget_type=\"spacer.default\">\n\t\t\t\t<div class=\"elementor-widget-container\">\n\t\t\t\t\t\t\t<div class=\"elementor-spacer\">\n\t\t\t<div class=\"elementor-spacer-inner\"><\/div>\n\t\t<\/div>\n\t\t\t\t\t\t<\/div>\n\t\t\t\t<\/div>\n\t\t\t\t<\/div>\n\t\t\t\t\t<\/div>\n\t\t\t\t<\/div>\n\t\t<div class=\"elementor-element elementor-element-ff84c4c fullwidth_fix e-con-full e-flex e-con e-parent\" data-id=\"ff84c4c\" data-element_type=\"container\" data-e-type=\"container\" id=\"stepneuvic\" data-settings=\"{&quot;background_background&quot;:&quot;classic&quot;}\">\n\t\t<div class=\"elementor-element elementor-element-3303554 e-con-full e-flex e-con e-child\" data-id=\"3303554\" data-element_type=\"container\" data-e-type=\"container\">\n\t\t\t\t<div class=\"elementor-element elementor-element-40545c6 elementor-widget elementor-widget-heading\" data-id=\"40545c6\" data-element_type=\"widget\" data-e-type=\"widget\" data-widget_type=\"heading.default\">\n\t\t\t\t<div class=\"elementor-widget-container\">\n\t\t\t\t\t<h2 class=\"elementor-heading-title elementor-size-default\">CR\u00c9ATION DE L\u2019ENTREPRISE<\/h2>\t\t\t\t<\/div>\n\t\t\t\t<\/div>\n\t\t\t\t<div class=\"elementor-element elementor-element-d7d8e13 elementor-widget elementor-widget-text-editor\" data-id=\"d7d8e13\" data-element_type=\"widget\" data-e-type=\"widget\" data-widget_type=\"text-editor.default\">\n\t\t\t\t<div class=\"elementor-widget-container\">\n\t\t\t\t\t\t\t\t\t<p>Le projet de d\u00e9part de Caviar de Neuvic tenait en une seule ligne : Produire en France un Caviar d\u2019Excellence respectueux de l\u2019environnement.<\/p><p>Quand Laurent Deverlanges, passionn\u00e9 d\u2019aquaculture, a pr\u00e9sent\u00e9 son programme, il a rapidement s\u00e9duit un groupe d\u2019associ\u00e9s qui a d\u00e9cid\u00e9 d\u2019accompagner le projet. Il s\u2019agissait principalement de chefs d\u2019entreprises issus des m\u00e9tiers de l\u2019art de vivre, de l\u2019innovation et du luxe.<\/p><p>Au gr\u00e9 du projet et des investissements, ils ont \u00e9t\u00e9 rejoints par des fonds d\u2019investissement du secteur du luxe et des fonds de banques locales. Ces partenaires apportent une contribution majeure \u00e0 la r\u00e9ussite du projet.<\/p><p>L\u2019entreprise Caviar de Neuvic est install\u00e9e en P\u00e9rigord, dans la r\u00e9gion de Nouvelle Aquitaine. Le domaine de 30 ha se situe sur les communes de Neuvic et Sourzac, le long de l\u2019Isle. Cette rivi\u00e8re, pionni\u00e8re de l\u2019\u00e9levage d\u2019esturgeon, accueille 3 autres acteurs de l\u2019\u00e9levage de l\u2019esturgeon et elle fut \u00e0 l\u2019origine des premi\u00e8res productions de caviar d\u2019Aquitaine dans les ann\u00e9es 80.<\/p>\t\t\t\t\t\t\t\t<\/div>\n\t\t\t\t<\/div>\n\t\t\t\t<\/div>\n\t\t<div class=\"elementor-element elementor-element-8e254ee e-con-full e-flex e-con e-child\" data-id=\"8e254ee\" data-element_type=\"container\" data-e-type=\"container\" data-settings=\"{&quot;background_background&quot;:&quot;classic&quot;}\">\n\t\t\t\t<div class=\"elementor-element elementor-element-62b5206 elementor-widget elementor-widget-heading\" data-id=\"62b5206\" data-element_type=\"widget\" data-e-type=\"widget\" data-widget_type=\"heading.default\">\n\t\t\t\t<div class=\"elementor-widget-container\">\n\t\t\t\t\t<span class=\"elementor-heading-title elementor-size-default\">2011<\/span>\t\t\t\t<\/div>\n\t\t\t\t<\/div>\n\t\t\t\t<\/div>\n\t\t\t\t<\/div>\n\t\t<div class=\"elementor-element elementor-element-2d1e100 fullwidth_fix e-con-full e-flex e-con e-parent\" data-id=\"2d1e100\" data-element_type=\"container\" data-e-type=\"container\" id=\"stepparis\" data-settings=\"{&quot;background_background&quot;:&quot;classic&quot;}\">\n\t\t<div class=\"elementor-element elementor-element-84e4557 e-con-full e-flex e-con e-child\" data-id=\"84e4557\" data-element_type=\"container\" data-e-type=\"container\" data-settings=\"{&quot;background_background&quot;:&quot;classic&quot;}\">\n\t\t\t\t<div class=\"elementor-element elementor-element-737cddf elementor-widget elementor-widget-heading\" data-id=\"737cddf\" data-element_type=\"widget\" data-e-type=\"widget\" data-widget_type=\"heading.default\">\n\t\t\t\t<div class=\"elementor-widget-container\">\n\t\t\t\t\t<span class=\"elementor-heading-title elementor-size-default\">2013<\/span>\t\t\t\t<\/div>\n\t\t\t\t<\/div>\n\t\t\t\t<\/div>\n\t\t<div class=\"elementor-element elementor-element-8e459ce e-con-full e-flex e-con e-child\" data-id=\"8e459ce\" data-element_type=\"container\" data-e-type=\"container\">\n\t\t\t\t<div class=\"elementor-element elementor-element-584c3a2 elementor-widget elementor-widget-heading\" data-id=\"584c3a2\" data-element_type=\"widget\" data-e-type=\"widget\" data-widget_type=\"heading.default\">\n\t\t\t\t<div class=\"elementor-widget-container\">\n\t\t\t\t\t<h2 class=\"elementor-heading-title elementor-size-default\">CAVIAR DE NEUVIC - ENTREPRISE REMARQUABLE<\/h2>\t\t\t\t<\/div>\n\t\t\t\t<\/div>\n\t\t\t\t<div class=\"elementor-element elementor-element-490f68a elementor-widget elementor-widget-text-editor\" data-id=\"490f68a\" data-element_type=\"widget\" data-e-type=\"widget\" data-widget_type=\"text-editor.default\">\n\t\t\t\t<div class=\"elementor-widget-container\">\n\t\t\t\t\t\t\t\t\t<p>En 2013, l&rsquo;association France Initiative, sous la pr\u00e9sidence de M. Schweitzer et avec le soutien du Minist\u00e8re des Petites et Moyennes Entreprises (PME), a distingu\u00e9 le Domaine Caviar de Neuvic en le s\u00e9lectionnant parmi les dix \u00ab\u00a0entreprises remarquables\u00a0\u00bb de l&rsquo;ann\u00e9e. Cette reconnaissance a salu\u00e9 la d\u00e9marche innovante de l&rsquo;entreprise.<\/p><p>Notablement, cette certification \u201cd\u2019entreprise remarquable\u00a0\u00bb a \u00e9t\u00e9 r\u00e9affirm\u00e9e en 2020, soulignant ainsi la constance de l&rsquo;entreprise dans son engagement envers l&rsquo;innovation et l&rsquo;excellence, confirmant son statut d&rsquo;acteur majeur dans le secteur du caviar.<\/p><p>Cette distinction en 2013, suivie de son renouvellement en 2020, a permis \u00e0 Caviar de Neuvic de consolider sa r\u00e9putation d&rsquo;entreprise visionnaire et engag\u00e9e, tout en affirmant son influence croissante dans le secteur du caviar, en tant que mod\u00e8le d&rsquo;excellence et d&rsquo;innovation salu\u00e9 par les autorit\u00e9s et les acteurs de l&rsquo;industrie<\/p>\t\t\t\t\t\t\t\t<\/div>\n\t\t\t\t<\/div>\n\t\t\t\t<\/div>\n\t\t\t\t<\/div>\n\t\t<div class=\"elementor-element elementor-element-25fed11 fullwidth_fix e-con-full e-flex e-con e-parent\" data-id=\"25fed11\" data-element_type=\"container\" data-e-type=\"container\" id=\"stepbordeaux\" data-settings=\"{&quot;background_background&quot;:&quot;classic&quot;}\">\n\t\t<div class=\"elementor-element elementor-element-1ded7b8 e-con-full e-flex e-con e-child\" data-id=\"1ded7b8\" data-element_type=\"container\" data-e-type=\"container\">\n\t\t\t\t<div class=\"elementor-element elementor-element-a8d8089 elementor-widget elementor-widget-heading\" data-id=\"a8d8089\" data-element_type=\"widget\" data-e-type=\"widget\" data-widget_type=\"heading.default\">\n\t\t\t\t<div class=\"elementor-widget-container\">\n\t\t\t\t\t<h2 class=\"elementor-heading-title elementor-size-default\">OUVERTURE DU COMPTOIR PARISIEN<\/h2>\t\t\t\t<\/div>\n\t\t\t\t<\/div>\n\t\t\t\t<div class=\"elementor-element elementor-element-4fb50f3 elementor-widget elementor-widget-text-editor\" data-id=\"4fb50f3\" data-element_type=\"widget\" data-e-type=\"widget\" data-widget_type=\"text-editor.default\">\n\t\t\t\t<div class=\"elementor-widget-container\">\n\t\t\t\t\t\t\t\t\t<p>En 2015, Caviar de Neuvic a choisi de s&rsquo;installer sur la rive gauche de la Seine, au c\u0153ur de Saint-Germain-des-Pr\u00e9s \u00e0 Paris. Nich\u00e9e dans un \u00e9crin de pierre et de bois, la marque, symbolis\u00e9e par sa c\u00e9l\u00e8bre petite bo\u00eete blanche, a ouvert ses portes aux Parisiens, les conviant \u00e0 vivre une exp\u00e9rience in\u00e9dite de la d\u00e9gustation de caviar.<\/p><p>Cette approche novatrice, inspir\u00e9e par l&rsquo;excellence gustative et la cr\u00e9ation de nouveaux rituels, a fait de cet endroit bien plus qu&rsquo;un simple point de vente ; il est \u00e9galement devenu un bureau parisien permanent pour l&rsquo;entreprise.<\/p><p>Caviar de Neuvic, au-del\u00e0 de son r\u00f4le commercial, s&rsquo;est transform\u00e9 en un espace de rencontres et de d\u00e9couvertes d\u00e9di\u00e9 \u00e0 l&rsquo;exploration de nouvelles exp\u00e9riences autour du caviar.<\/p><p>Cet endroit a ainsi incarn\u00e9 la vision de l&rsquo;entreprise, alliant l&rsquo;art de la d\u00e9gustation, l&rsquo;innovation et la convivialit\u00e9 dans un lieu embl\u00e9matique, offrant un nouveau regard sur l&rsquo;univers du caviar.<\/p>\t\t\t\t\t\t\t\t<\/div>\n\t\t\t\t<\/div>\n\t\t\t\t<\/div>\n\t\t<div class=\"elementor-element elementor-element-a5bcaa5 e-con-full e-flex e-con e-child\" data-id=\"a5bcaa5\" data-element_type=\"container\" data-e-type=\"container\" data-settings=\"{&quot;background_background&quot;:&quot;classic&quot;}\">\n\t\t\t\t<div class=\"elementor-element elementor-element-70c71a1 elementor-widget elementor-widget-heading\" data-id=\"70c71a1\" data-element_type=\"widget\" data-e-type=\"widget\" data-widget_type=\"heading.default\">\n\t\t\t\t<div class=\"elementor-widget-container\">\n\t\t\t\t\t<span class=\"elementor-heading-title elementor-size-default\">2015<\/span>\t\t\t\t<\/div>\n\t\t\t\t<\/div>\n\t\t\t\t<\/div>\n\t\t\t\t<\/div>\n\t\t<div class=\"elementor-element elementor-element-cdeb9d3 fullwidth_fix e-con-full e-flex e-con e-parent\" data-id=\"cdeb9d3\" data-element_type=\"container\" data-e-type=\"container\" id=\"steplyon\" data-settings=\"{&quot;background_background&quot;:&quot;classic&quot;}\">\n\t\t<div class=\"elementor-element elementor-element-20631ac e-con-full e-flex e-con e-child\" data-id=\"20631ac\" data-element_type=\"container\" data-e-type=\"container\" data-settings=\"{&quot;background_background&quot;:&quot;classic&quot;}\">\n\t\t\t\t<div class=\"elementor-element elementor-element-7c4084b elementor-widget elementor-widget-heading\" data-id=\"7c4084b\" data-element_type=\"widget\" data-e-type=\"widget\" data-widget_type=\"heading.default\">\n\t\t\t\t<div class=\"elementor-widget-container\">\n\t\t\t\t\t<span class=\"elementor-heading-title elementor-size-default\">2020<\/span>\t\t\t\t<\/div>\n\t\t\t\t<\/div>\n\t\t\t\t<\/div>\n\t\t<div class=\"elementor-element elementor-element-05c379f e-con-full e-flex e-con e-child\" data-id=\"05c379f\" data-element_type=\"container\" data-e-type=\"container\">\n\t\t\t\t<div class=\"elementor-element elementor-element-b52abb3 elementor-widget elementor-widget-heading\" data-id=\"b52abb3\" data-element_type=\"widget\" data-e-type=\"widget\" data-widget_type=\"heading.default\">\n\t\t\t\t<div class=\"elementor-widget-container\">\n\t\t\t\t\t<h2 class=\"elementor-heading-title elementor-size-default\">OUVERTURE DU COMPTOIR BORDELAIS<\/h2>\t\t\t\t<\/div>\n\t\t\t\t<\/div>\n\t\t\t\t<div class=\"elementor-element elementor-element-ad2d55d elementor-widget elementor-widget-text-editor\" data-id=\"ad2d55d\" data-element_type=\"widget\" data-e-type=\"widget\" data-widget_type=\"text-editor.default\">\n\t\t\t\t<div class=\"elementor-widget-container\">\n\t\t\t\t\t\t\t\t\t<div class=\"elementor-widget elementor-element elementor-element-ikqq53e elementor-widget-text-editor\" data-element_type=\"text-editor\"><div class=\"elementor-widget-container\"><div class=\"elementor-text-editor rte-content\"><p>En 2020, Caviar de Neuvic a \u00e9crit un nouveau chapitre de son histoire en inaugurant son tout premier restaurant \u00e0 Bordeaux, situ\u00e9 dans le c\u00e9l\u00e8bre Passage Sarget.<\/p><p>\u00c0 l&rsquo;instar du comptoir parisien, le comptoir bordelais offre aux visiteurs une exp\u00e9rience unique qui allie une boutique raffin\u00e9e et une salle de d\u00e9gustation.<\/p><p>La distinction du comptoir Bordelais r\u00e9side dans une toute nouvelle activit\u00e9 de restauration. En effet, les clients peuvent d\u00e9sormais d\u00e9guster les plats signature d\u2019un producteur fran\u00e7ais de caviar.<\/p><p>Cette nouvelle aventure culinaire refl\u00e8te l&rsquo;engagement continu de Caviar de Neuvic \u00e0 offrir des exp\u00e9riences gastronomiques de premier ordre, partageant ainsi la passion et l&rsquo;excellence qui ont fait la renomm\u00e9e de l&rsquo;entreprise.<\/p><\/div><\/div><\/div>\t\t\t\t\t\t\t\t<\/div>\n\t\t\t\t<\/div>\n\t\t\t\t<\/div>\n\t\t\t\t<\/div>\n\t\t<div class=\"elementor-element elementor-element-561ecd9 fullwidth_fix e-con-full e-flex e-con e-parent\" data-id=\"561ecd9\" data-element_type=\"container\" data-e-type=\"container\" data-settings=\"{&quot;background_background&quot;:&quot;classic&quot;}\">\n\t\t<div class=\"elementor-element elementor-element-ab91d36 e-con-full e-flex e-con e-child\" data-id=\"ab91d36\" data-element_type=\"container\" data-e-type=\"container\">\n\t\t\t\t<div class=\"elementor-element elementor-element-9045eda elementor-widget elementor-widget-heading\" data-id=\"9045eda\" data-element_type=\"widget\" data-e-type=\"widget\" data-widget_type=\"heading.default\">\n\t\t\t\t<div class=\"elementor-widget-container\">\n\t\t\t\t\t<h2 class=\"elementor-heading-title elementor-size-default\">PREMIER CAVIAR BIOLOGIQUE FRAN\u00c7AIS<\/h2>\t\t\t\t<\/div>\n\t\t\t\t<\/div>\n\t\t\t\t<div class=\"elementor-element elementor-element-51b98f9 elementor-widget elementor-widget-text-editor\" data-id=\"51b98f9\" data-element_type=\"widget\" data-e-type=\"widget\" data-widget_type=\"text-editor.default\">\n\t\t\t\t<div class=\"elementor-widget-container\">\n\t\t\t\t\t\t\t\t\t<p>En 2021, la soci\u00e9t\u00e9 Caviar de Neuvic a orient\u00e9 ses priorit\u00e9s vers la Responsabilit\u00e9 Sociale et Environnementale (RSE).<\/p><p>En tant que pionni\u00e8re dans le secteur de l&rsquo;aquaculture, elle s&rsquo;est distingu\u00e9e en devenant la Premi\u00e8re Entreprise \u00e0 Mission en Aquaculture, ainsi que la Premi\u00e8re Entreprise \u00e0 Mission en Dordogne.<\/p><p>Caviar de Neuvic a \u00e9galement marqu\u00e9 l&rsquo;histoire en obtenant la premi\u00e8re labellisation Biologique pour du caviar fran\u00e7ais, un jalon significatif dans la qu\u00eate d&rsquo;une production durable et respectueuse de l&rsquo;environnement.<\/p><p>Dans la continuit\u00e9 de ses efforts en faveur de la RSE, l&rsquo;entreprise a pris un engagement d\u00e9cisif en amor\u00e7ant une d\u00e9marche de certification B-CORP.<\/p>\t\t\t\t\t\t\t\t<\/div>\n\t\t\t\t<\/div>\n\t\t\t\t<\/div>\n\t\t<div class=\"elementor-element elementor-element-e9c851d e-con-full e-flex e-con e-child\" data-id=\"e9c851d\" data-element_type=\"container\" data-e-type=\"container\" data-settings=\"{&quot;background_background&quot;:&quot;classic&quot;}\">\n\t\t\t\t<div class=\"elementor-element elementor-element-8e87c36 elementor-widget elementor-widget-heading\" data-id=\"8e87c36\" data-element_type=\"widget\" data-e-type=\"widget\" data-widget_type=\"heading.default\">\n\t\t\t\t<div class=\"elementor-widget-container\">\n\t\t\t\t\t<span class=\"elementor-heading-title elementor-size-default\">2021<\/span>\t\t\t\t<\/div>\n\t\t\t\t<\/div>\n\t\t\t\t<\/div>\n\t\t\t\t<\/div>\n\t\t<div class=\"elementor-element elementor-element-295dc94 fullwidth_fix e-con-full e-flex e-con e-parent\" data-id=\"295dc94\" data-element_type=\"container\" data-e-type=\"container\" data-settings=\"{&quot;background_background&quot;:&quot;classic&quot;}\">\n\t\t<div class=\"elementor-element elementor-element-ce4a237 e-con-full e-flex e-con e-child\" data-id=\"ce4a237\" data-element_type=\"container\" data-e-type=\"container\" data-settings=\"{&quot;background_background&quot;:&quot;classic&quot;}\">\n\t\t\t\t<div class=\"elementor-element elementor-element-ff54abb elementor-widget elementor-widget-heading\" data-id=\"ff54abb\" data-element_type=\"widget\" data-e-type=\"widget\" data-widget_type=\"heading.default\">\n\t\t\t\t<div class=\"elementor-widget-container\">\n\t\t\t\t\t<span class=\"elementor-heading-title elementor-size-default\">2022<\/span>\t\t\t\t<\/div>\n\t\t\t\t<\/div>\n\t\t\t\t<\/div>\n\t\t<div class=\"elementor-element elementor-element-75fb0de e-con-full e-flex e-con e-child\" data-id=\"75fb0de\" data-element_type=\"container\" data-e-type=\"container\">\n\t\t\t\t<div class=\"elementor-element elementor-element-9447e08 elementor-widget elementor-widget-heading\" data-id=\"9447e08\" data-element_type=\"widget\" data-e-type=\"widget\" data-widget_type=\"heading.default\">\n\t\t\t\t<div class=\"elementor-widget-container\">\n\t\t\t\t\t<h2 class=\"elementor-heading-title elementor-size-default\">OUVERTURE DU COMPTOIR LYONNAIS<\/h2>\t\t\t\t<\/div>\n\t\t\t\t<\/div>\n\t\t\t\t<div class=\"elementor-element elementor-element-139c1a8 elementor-widget elementor-widget-text-editor\" data-id=\"139c1a8\" data-element_type=\"widget\" data-e-type=\"widget\" data-widget_type=\"text-editor.default\">\n\t\t\t\t<div class=\"elementor-widget-container\">\n\t\t\t\t\t\t\t\t\t<div class=\"elementor-widget elementor-element elementor-element-ikqq53e elementor-widget-text-editor\" data-element_type=\"text-editor\"><div class=\"elementor-widget-container\"><div class=\"elementor-text-editor rte-content\"><p>En 2022, la fameuse petite boi\u0302te blanche s\u2019implante a\u0300 Lyon.<\/p><p>Cette 4e\u0300me boutique de la marque est situe\u0301e au c\u0153ur du 2e\u0300me arrondissement, a\u0300 proximite\u0301 de la place des Jacobins.<\/p><p>Une affinite\u0301 d\u2019esprit e\u0301vidente lie les Jacobins et Caviar de Neuvic : la culture de l\u2019e\u0301le\u0301gance, l\u2019esprit d\u2019impertinence, la passion des rencontres. Entre bouchons, boutiques de cre\u0301ateurs et marques de luxe, le quartier des Jacobins est un c\u0153ur qui bat au centre de la presqu\u2019ile.<\/p><p>Apre\u0300s une restauration re\u0301ussie en 2012, le quartier des Jacobins ne cesse d\u2019e\u0301crire l\u2019histoire et les le\u0301gendes d\u2019un art de vivre a\u0300 la lyonnaise.<\/p><p>Cette boutique repre\u0301sente une nouvelle opportunite\u0301 de pre\u0301senter son savoir-faire, bousculer les codes, moderniser, de\u0301complexer et simplifier le caviar.<\/p><\/div><\/div><\/div>\t\t\t\t\t\t\t\t<\/div>\n\t\t\t\t<\/div>\n\t\t\t\t<\/div>\n\t\t\t\t<\/div>\n\t\t<div class=\"elementor-element elementor-element-ad6e24d fullwidth_fix e-con-full e-flex e-con e-parent\" data-id=\"ad6e24d\" data-element_type=\"container\" data-e-type=\"container\" data-settings=\"{&quot;background_background&quot;:&quot;classic&quot;}\">\n\t\t<div class=\"elementor-element elementor-element-7229b15 e-con-full e-flex e-con e-child\" data-id=\"7229b15\" data-element_type=\"container\" data-e-type=\"container\">\n\t\t\t\t<div class=\"elementor-element elementor-element-5270a3b elementor-widget elementor-widget-heading\" data-id=\"5270a3b\" data-element_type=\"widget\" data-e-type=\"widget\" data-widget_type=\"heading.default\">\n\t\t\t\t<div class=\"elementor-widget-container\">\n\t\t\t\t\t<h2 class=\"elementor-heading-title elementor-size-default\">CERTIFICATION B CORP<\/h2>\t\t\t\t<\/div>\n\t\t\t\t<\/div>\n\t\t\t\t<div class=\"elementor-element elementor-element-2f0cca3 elementor-widget elementor-widget-text-editor\" data-id=\"2f0cca3\" data-element_type=\"widget\" data-e-type=\"widget\" data-widget_type=\"text-editor.default\">\n\t\t\t\t<div class=\"elementor-widget-container\">\n\t\t\t\t\t\t\t\t\t<p>Caviar de Neuvic rejoint la communaut\u00e9 des soci\u00e9t\u00e9s certifi\u00e9es B Corp.<\/p><p>Cette r\u00e9compense compl\u00e8te un parcours d\u2019engagement initi\u00e9 d\u00e8s la cr\u00e9ation de l\u2019entreprise : en montrant qu\u2019il est possible de produire du caviar dans des conditions d\u2019\u00e9levage certifi\u00e9es Biologiques ; puis en adoptant le statut d\u2019entreprise \u00e0 Mission.<\/p><p>Aujourd\u2019hui, avec la certification B Corp, Caviar de Neuvic prouve que la pisciculture peut aussi s\u2019inscrire dans un parcours exigeant, et obtenir une certification globale de ses pratiques.<\/p><p>Caviar de Neuvic souhaite inspirer d&rsquo;autres acteurs, et ses parties prenantes, \u00e0 embrasser des pratiques responsables, et \u00e0 contribuer \u00e0 la cr\u00e9ation d&rsquo;un avenir durable.<\/p><p>\u00ab\u00a0Ne pas \u00eatre les meilleurs du monde, mais les meilleurs pour le monde\u00a0\u00bb \u2013 B Corp<\/p>\t\t\t\t\t\t\t\t<\/div>\n\t\t\t\t<\/div>\n\t\t\t\t<\/div>\n\t\t<div class=\"elementor-element elementor-element-bc3c659 e-con-full e-flex e-con e-child\" data-id=\"bc3c659\" data-element_type=\"container\" data-e-type=\"container\" data-settings=\"{&quot;background_background&quot;:&quot;classic&quot;}\">\n\t\t\t\t<div class=\"elementor-element elementor-element-aac6896 elementor-widget elementor-widget-heading\" data-id=\"aac6896\" data-element_type=\"widget\" data-e-type=\"widget\" data-widget_type=\"heading.default\">\n\t\t\t\t<div class=\"elementor-widget-container\">\n\t\t\t\t\t<span class=\"elementor-heading-title elementor-size-default\">2023<\/span>\t\t\t\t<\/div>\n\t\t\t\t<\/div>\n\t\t\t\t<\/div>\n\t\t\t\t<\/div>\n\t\t<div class=\"elementor-element elementor-element-c311b80 e-flex e-con-boxed e-con e-parent\" data-id=\"c311b80\" data-element_type=\"container\" data-e-type=\"container\">\n\t\t\t\t\t<div class=\"e-con-inner\">\n\t\t\t\t<div class=\"elementor-element elementor-element-e215709 elementor-widget-divider--view-line elementor-widget elementor-widget-divider\" data-id=\"e215709\" data-element_type=\"widget\" data-e-type=\"widget\" data-widget_type=\"divider.default\">\n\t\t\t\t<div class=\"elementor-widget-container\">\n\t\t\t\t\t\t\t<div class=\"elementor-divider\">\n\t\t\t<span class=\"elementor-divider-separator\">\n\t\t\t\t\t\t<\/span>\n\t\t<\/div>\n\t\t\t\t\t\t<\/div>\n\t\t\t\t<\/div>\n\t\t\t\t\t<\/div>\n\t\t\t\t<\/div>\n\t\t<div class=\"elementor-element elementor-element-77bb150 e-flex e-con-boxed e-con e-parent\" data-id=\"77bb150\" data-element_type=\"container\" data-e-type=\"container\">\n\t\t\t\t\t<div class=\"e-con-inner\">\n\t\t<div class=\"elementor-element elementor-element-e2d8b40 e-con-full e-flex e-con e-child\" data-id=\"e2d8b40\" data-element_type=\"container\" data-e-type=\"container\">\n\t\t\t\t<div class=\"elementor-element elementor-element-3238c79 elementor-widget elementor-widget-heading\" data-id=\"3238c79\" data-element_type=\"widget\" data-e-type=\"widget\" data-widget_type=\"heading.default\">\n\t\t\t\t<div class=\"elementor-widget-container\">\n\t\t\t\t\t<h2 class=\"elementor-heading-title elementor-size-default\"><a href=\"https:\/\/caviar-de-neuvic.com\/fr_be\/universducaviar\/comment-servir-du-caviar\/\">SERVIR<\/a><\/h2>\t\t\t\t<\/div>\n\t\t\t\t<\/div>\n\t\t\t\t<div class=\"elementor-element elementor-element-9573d06 elementor-widget elementor-widget-image\" data-id=\"9573d06\" data-element_type=\"widget\" data-e-type=\"widget\" data-widget_type=\"image.default\">\n\t\t\t\t<div class=\"elementor-widget-container\">\n\t\t\t\t\t\t\t\t\t\t\t\t\t\t\t\t<a href=\"https:\/\/caviar-de-neuvic.com\/fr_be\/universducaviar\/comment-servir-du-caviar\/\">\n\t\t\t\t\t\t\t<img fetchpriority=\"high\" decoding=\"async\" width=\"1024\" height=\"369\" src=\"https:\/\/caviar-de-neuvic.com\/wp-content\/uploads\/2025\/09\/cdn-servir.png\" class=\"attachment-large size-large wp-image-24178\" alt=\"\" srcset=\"https:\/\/caviar-de-neuvic.com\/wp-content\/uploads\/2025\/09\/cdn-servir.png 1025w, https:\/\/caviar-de-neuvic.com\/wp-content\/uploads\/2025\/09\/cdn-servir-300x108.png 300w, https:\/\/caviar-de-neuvic.com\/wp-content\/uploads\/2025\/09\/cdn-servir-768x276.png 768w, https:\/\/caviar-de-neuvic.com\/wp-content\/uploads\/2025\/09\/cdn-servir-18x6.png 18w, https:\/\/caviar-de-neuvic.com\/wp-content\/uploads\/2025\/09\/cdn-servir-454x163.png 454w\" sizes=\"(max-width: 1024px) 100vw, 1024px\" \/>\t\t\t\t\t\t\t\t<\/a>\n\t\t\t\t\t\t\t\t\t\t\t\t\t\t\t<\/div>\n\t\t\t\t<\/div>\n\t\t\t\t<\/div>\n\t\t<div class=\"elementor-element elementor-element-eeec5de e-con-full e-flex e-con e-child\" data-id=\"eeec5de\" data-element_type=\"container\" data-e-type=\"container\">\n\t\t\t\t<div class=\"elementor-element elementor-element-fb543df elementor-widget elementor-widget-heading\" data-id=\"fb543df\" data-element_type=\"widget\" data-e-type=\"widget\" data-widget_type=\"heading.default\">\n\t\t\t\t<div class=\"elementor-widget-container\">\n\t\t\t\t\t<h2 class=\"elementor-heading-title elementor-size-default\"><a href=\"https:\/\/caviar-de-neuvic.com\/fr_be\/universducaviar\/caviar-baeri-ou-oscietre-que-choisir\/\">CHOISIR<\/a><\/h2>\t\t\t\t<\/div>\n\t\t\t\t<\/div>\n\t\t\t\t<div class=\"elementor-element elementor-element-64da0a4 elementor-widget elementor-widget-image\" data-id=\"64da0a4\" data-element_type=\"widget\" data-e-type=\"widget\" data-widget_type=\"image.default\">\n\t\t\t\t<div class=\"elementor-widget-container\">\n\t\t\t\t\t\t\t\t\t\t\t\t\t\t\t\t<a href=\"https:\/\/caviar-de-neuvic.com\/fr_be\/universducaviar\/caviar-baeri-ou-oscietre-que-choisir\/\">\n\t\t\t\t\t\t\t<img decoding=\"async\" width=\"1024\" height=\"369\" src=\"https:\/\/caviar-de-neuvic.com\/wp-content\/uploads\/2025\/09\/cdn-choisir.png\" class=\"attachment-large size-large wp-image-24180\" alt=\"\" srcset=\"https:\/\/caviar-de-neuvic.com\/wp-content\/uploads\/2025\/09\/cdn-choisir.png 1025w, https:\/\/caviar-de-neuvic.com\/wp-content\/uploads\/2025\/09\/cdn-choisir-300x108.png 300w, https:\/\/caviar-de-neuvic.com\/wp-content\/uploads\/2025\/09\/cdn-choisir-768x276.png 768w, https:\/\/caviar-de-neuvic.com\/wp-content\/uploads\/2025\/09\/cdn-choisir-18x6.png 18w, https:\/\/caviar-de-neuvic.com\/wp-content\/uploads\/2025\/09\/cdn-choisir-454x163.png 454w\" sizes=\"(max-width: 1024px) 100vw, 1024px\" \/>\t\t\t\t\t\t\t\t<\/a>\n\t\t\t\t\t\t\t\t\t\t\t\t\t\t\t<\/div>\n\t\t\t\t<\/div>\n\t\t\t\t<\/div>\n\t\t<div class=\"elementor-element elementor-element-e639fc6 e-con-full e-flex e-con e-child\" data-id=\"e639fc6\" data-element_type=\"container\" data-e-type=\"container\">\n\t\t\t\t<div class=\"elementor-element elementor-element-fc5a99c elementor-widget elementor-widget-heading\" data-id=\"fc5a99c\" data-element_type=\"widget\" data-e-type=\"widget\" data-widget_type=\"heading.default\">\n\t\t\t\t<div class=\"elementor-widget-container\">\n\t\t\t\t\t<h2 class=\"elementor-heading-title elementor-size-default\"><a href=\"https:\/\/caviar-de-neuvic.com\/fr_be\/universducaviar\/comment-accompagner-le-caviar\/\">ACCOMPAGNER<\/a><\/h2>\t\t\t\t<\/div>\n\t\t\t\t<\/div>\n\t\t\t\t<div class=\"elementor-element elementor-element-479c594 elementor-widget elementor-widget-image\" data-id=\"479c594\" data-element_type=\"widget\" data-e-type=\"widget\" data-widget_type=\"image.default\">\n\t\t\t\t<div class=\"elementor-widget-container\">\n\t\t\t\t\t\t\t\t\t\t\t\t\t\t\t\t<a href=\"https:\/\/caviar-de-neuvic.com\/fr_be\/universducaviar\/comment-accompagner-le-caviar\/\">\n\t\t\t\t\t\t\t<img loading=\"lazy\" decoding=\"async\" width=\"1024\" height=\"369\" src=\"https:\/\/caviar-de-neuvic.com\/wp-content\/uploads\/2025\/09\/cdn-accompagner.png\" class=\"attachment-large size-large wp-image-24179\" alt=\"\" srcset=\"https:\/\/caviar-de-neuvic.com\/wp-content\/uploads\/2025\/09\/cdn-accompagner.png 1025w, https:\/\/caviar-de-neuvic.com\/wp-content\/uploads\/2025\/09\/cdn-accompagner-300x108.png 300w, https:\/\/caviar-de-neuvic.com\/wp-content\/uploads\/2025\/09\/cdn-accompagner-768x276.png 768w, https:\/\/caviar-de-neuvic.com\/wp-content\/uploads\/2025\/09\/cdn-accompagner-18x6.png 18w, https:\/\/caviar-de-neuvic.com\/wp-content\/uploads\/2025\/09\/cdn-accompagner-454x163.png 454w\" sizes=\"(max-width: 1024px) 100vw, 1024px\" \/>\t\t\t\t\t\t\t\t<\/a>\n\t\t\t\t\t\t\t\t\t\t\t\t\t\t\t<\/div>\n\t\t\t\t<\/div>\n\t\t\t\t<\/div>\n\t\t\t\t\t<\/div>\n\t\t\t\t<\/div>\n\t\t\t\t<\/div>","protected":false},"excerpt":{"rendered":"<p>Notre histoire \u00a0 Caviar de Neuvic, entreprise fran\u00e7aise pionni\u00e8re dans l&rsquo;art de l&rsquo;\u00e9levage de l&rsquo;esturgeon et la production de caviar d&rsquo;exception, incarne une v\u00e9ritable r\u00e9volution gustative pour les \u00e9picuriens d&rsquo;aujourd&rsquo;hui et de demain. Depuis sa gen\u00e8se, Caviar de Neuvic s&rsquo;efforce de red\u00e9finir les normes de qualit\u00e9 et de durabilit\u00e9 au sein de l&rsquo;industrie du caviar. [&hellip;]<\/p>\n","protected":false},"author":1,"featured_media":0,"parent":0,"menu_order":0,"comment_status":"closed","ping_status":"closed","template":"","meta":{"_acf_changed":false,"ocean_post_layout":"","ocean_both_sidebars_style":"","ocean_both_sidebars_content_width":0,"ocean_both_sidebars_sidebars_width":0,"ocean_sidebar":"","ocean_second_sidebar":"","ocean_disable_margins":"enable","ocean_add_body_class":"","ocean_shortcode_before_top_bar":"","ocean_shortcode_after_top_bar":"","ocean_shortcode_before_header":"","ocean_shortcode_after_header":"","ocean_has_shortcode":"","ocean_shortcode_after_title":"","ocean_shortcode_before_footer_widgets":"","ocean_shortcode_after_footer_widgets":"","ocean_shortcode_before_footer_bottom":"","ocean_shortcode_after_footer_bottom":"","ocean_display_top_bar":"default","ocean_display_header":"default","ocean_header_style":"","ocean_center_header_left_menu":"","ocean_custom_header_template":"","ocean_custom_logo":0,"ocean_custom_retina_logo":0,"ocean_custom_logo_max_width":0,"ocean_custom_logo_tablet_max_width":0,"ocean_custom_logo_mobile_max_width":0,"ocean_custom_logo_max_height":0,"ocean_custom_logo_tablet_max_height":0,"ocean_custom_logo_mobile_max_height":0,"ocean_header_custom_menu":"","ocean_menu_typo_font_family":"","ocean_menu_typo_font_subset":"","ocean_menu_typo_font_size":0,"ocean_menu_typo_font_size_tablet":0,"ocean_menu_typo_font_size_mobile":0,"ocean_menu_typo_font_size_unit":"px","ocean_menu_typo_font_weight":"","ocean_menu_typo_font_weight_tablet":"","ocean_menu_typo_font_weight_mobile":"","ocean_menu_typo_transform":"","ocean_menu_typo_transform_tablet":"","ocean_menu_typo_transform_mobile":"","ocean_menu_typo_line_height":0,"ocean_menu_typo_line_height_tablet":0,"ocean_menu_typo_line_height_mobile":0,"ocean_menu_typo_line_height_unit":"","ocean_menu_typo_spacing":0,"ocean_menu_typo_spacing_tablet":0,"ocean_menu_typo_spacing_mobile":0,"ocean_menu_typo_spacing_unit":"","ocean_menu_link_color":"","ocean_menu_link_color_hover":"","ocean_menu_link_color_active":"","ocean_menu_link_background":"","ocean_menu_link_hover_background":"","ocean_menu_link_active_background":"","ocean_menu_social_links_bg":"","ocean_menu_social_hover_links_bg":"","ocean_menu_social_links_color":"","ocean_menu_social_hover_links_color":"","ocean_disable_title":"default","ocean_disable_heading":"default","ocean_post_title":"","ocean_post_subheading":"","ocean_post_title_style":"","ocean_post_title_background_color":"","ocean_post_title_background":0,"ocean_post_title_bg_image_position":"","ocean_post_title_bg_image_attachment":"","ocean_post_title_bg_image_repeat":"","ocean_post_title_bg_image_size":"","ocean_post_title_height":0,"ocean_post_title_bg_overlay":0.5,"ocean_post_title_bg_overlay_color":"","ocean_disable_breadcrumbs":"default","ocean_breadcrumbs_color":"","ocean_breadcrumbs_separator_color":"","ocean_breadcrumbs_links_color":"","ocean_breadcrumbs_links_hover_color":"","ocean_display_footer_widgets":"default","ocean_display_footer_bottom":"default","ocean_custom_footer_template":"","omw_enable_modal_window":"enable","footnotes":""},"class_list":["post-24023","page","type-page","status-publish","hentry","entry","owp-thumbs-layout-vertical","owp-btn-normal","owp-tabs-layout-horizontal","has-no-thumbnails","has-product-nav"],"acf":[],"yoast_head":"<!-- This site is optimized with the Yoast SEO plugin v27.4 - https:\/\/yoast.com\/product\/yoast-seo-wordpress\/ -->\n<title>Notre histoire - Producteur Fran\u00e7ais De Caviar<\/title>\n<meta name=\"robots\" content=\"index, follow, max-snippet:-1, max-image-preview:large, max-video-preview:-1\" \/>\n<link rel=\"canonical\" href=\"https:\/\/caviar-de-neuvic.com\/fr_be\/notre-histoire\/\" \/>\n<meta property=\"og:locale\" content=\"fr_FR\" \/>\n<meta property=\"og:type\" content=\"article\" \/>\n<meta property=\"og:title\" content=\"Notre histoire - Producteur Fran\u00e7ais De Caviar\" \/>\n<meta property=\"og:description\" content=\"Notre histoire \u00a0 Caviar de Neuvic, entreprise fran\u00e7aise pionni\u00e8re dans l&rsquo;art de l&rsquo;\u00e9levage de l&rsquo;esturgeon et la production de caviar d&rsquo;exception, incarne une v\u00e9ritable r\u00e9volution gustative pour les \u00e9picuriens d&rsquo;aujourd&rsquo;hui et de demain. Depuis sa gen\u00e8se, Caviar de Neuvic s&rsquo;efforce de red\u00e9finir les normes de qualit\u00e9 et de durabilit\u00e9 au sein de l&rsquo;industrie du caviar. [&hellip;]\" \/>\n<meta property=\"og:url\" content=\"https:\/\/caviar-de-neuvic.com\/fr_be\/notre-histoire\/\" \/>\n<meta property=\"og:site_name\" content=\"Producteur Fran\u00e7ais De Caviar\" \/>\n<meta property=\"article:modified_time\" content=\"2025-09-24T10:02:28+00:00\" \/>\n<meta property=\"og:image\" content=\"http:\/\/caviar-de-neuvic.com\/wp-content\/uploads\/2025\/09\/cdn-servir.png\" \/>\n<meta name=\"twitter:card\" content=\"summary_large_image\" \/>\n<meta name=\"twitter:label1\" content=\"Dur\u00e9e de lecture est.\" \/>\n\t<meta name=\"twitter:data1\" content=\"8 minutes\" \/>\n<script type=\"application\/ld+json\" class=\"yoast-schema-graph\">{\"@context\":\"https:\\\/\\\/schema.org\",\"@graph\":[{\"@type\":\"WebPage\",\"@id\":\"https:\\\/\\\/caviar-de-neuvic.com\\\/fr\\\/notre-histoire\\\/\",\"url\":\"https:\\\/\\\/caviar-de-neuvic.com\\\/fr\\\/notre-histoire\\\/\",\"name\":\"Notre histoire - Producteur Fran\u00e7ais De Caviar\",\"isPartOf\":{\"@id\":\"http:\\\/\\\/caviar-de-neuvic.com\\\/fr\\\/#website\"},\"primaryImageOfPage\":{\"@id\":\"https:\\\/\\\/caviar-de-neuvic.com\\\/fr\\\/notre-histoire\\\/#primaryimage\"},\"image\":{\"@id\":\"https:\\\/\\\/caviar-de-neuvic.com\\\/fr\\\/notre-histoire\\\/#primaryimage\"},\"thumbnailUrl\":\"http:\\\/\\\/caviar-de-neuvic.com\\\/wp-content\\\/uploads\\\/2025\\\/09\\\/cdn-servir.png\",\"datePublished\":\"2025-08-25T14:14:21+00:00\",\"dateModified\":\"2025-09-24T10:02:28+00:00\",\"breadcrumb\":{\"@id\":\"https:\\\/\\\/caviar-de-neuvic.com\\\/fr\\\/notre-histoire\\\/#breadcrumb\"},\"inLanguage\":\"fr-BE\",\"potentialAction\":[{\"@type\":\"ReadAction\",\"target\":[\"https:\\\/\\\/caviar-de-neuvic.com\\\/fr\\\/notre-histoire\\\/\"]}]},{\"@type\":\"ImageObject\",\"inLanguage\":\"fr-BE\",\"@id\":\"https:\\\/\\\/caviar-de-neuvic.com\\\/fr\\\/notre-histoire\\\/#primaryimage\",\"url\":\"http:\\\/\\\/caviar-de-neuvic.com\\\/wp-content\\\/uploads\\\/2025\\\/09\\\/cdn-servir.png\",\"contentUrl\":\"http:\\\/\\\/caviar-de-neuvic.com\\\/wp-content\\\/uploads\\\/2025\\\/09\\\/cdn-servir.png\"},{\"@type\":\"BreadcrumbList\",\"@id\":\"https:\\\/\\\/caviar-de-neuvic.com\\\/fr\\\/notre-histoire\\\/#breadcrumb\",\"itemListElement\":[{\"@type\":\"ListItem\",\"position\":1,\"name\":\"Caviar de Neuvic\",\"item\":\"https:\\\/\\\/caviar-de-neuvic.com\\\/\"},{\"@type\":\"ListItem\",\"position\":2,\"name\":\"Notre histoire\"}]},{\"@type\":\"WebSite\",\"@id\":\"http:\\\/\\\/caviar-de-neuvic.com\\\/fr\\\/#website\",\"url\":\"http:\\\/\\\/caviar-de-neuvic.com\\\/fr\\\/\",\"name\":\"Producteur Fran\u00e7ais De Caviar\",\"description\":\"\",\"publisher\":{\"@id\":\"http:\\\/\\\/caviar-de-neuvic.com\\\/fr\\\/#organization\"},\"potentialAction\":[{\"@type\":\"SearchAction\",\"target\":{\"@type\":\"EntryPoint\",\"urlTemplate\":\"http:\\\/\\\/caviar-de-neuvic.com\\\/fr\\\/?s={search_term_string}\"},\"query-input\":{\"@type\":\"PropertyValueSpecification\",\"valueRequired\":true,\"valueName\":\"search_term_string\"}}],\"inLanguage\":\"fr-BE\"},{\"@type\":\"Organization\",\"@id\":\"http:\\\/\\\/caviar-de-neuvic.com\\\/fr\\\/#organization\",\"name\":\"Producteur Fran\u00e7ais De Caviar\",\"url\":\"http:\\\/\\\/caviar-de-neuvic.com\\\/fr\\\/\",\"logo\":{\"@type\":\"ImageObject\",\"inLanguage\":\"fr-BE\",\"@id\":\"http:\\\/\\\/caviar-de-neuvic.com\\\/fr\\\/#\\\/schema\\\/logo\\\/image\\\/\",\"url\":\"\",\"contentUrl\":\"\",\"caption\":\"Producteur Fran\u00e7ais De Caviar\"},\"image\":{\"@id\":\"http:\\\/\\\/caviar-de-neuvic.com\\\/fr\\\/#\\\/schema\\\/logo\\\/image\\\/\"}}]}<\/script>\n<!-- \/ Yoast SEO plugin. -->","yoast_head_json":{"title":"Notre histoire - Producteur Fran\u00e7ais De Caviar","robots":{"index":"index","follow":"follow","max-snippet":"max-snippet:-1","max-image-preview":"max-image-preview:large","max-video-preview":"max-video-preview:-1"},"canonical":"https:\/\/caviar-de-neuvic.com\/fr_be\/notre-histoire\/","og_locale":"fr_FR","og_type":"article","og_title":"Notre histoire - Producteur Fran\u00e7ais De Caviar","og_description":"Notre histoire \u00a0 Caviar de Neuvic, entreprise fran\u00e7aise pionni\u00e8re dans l&rsquo;art de l&rsquo;\u00e9levage de l&rsquo;esturgeon et la production de caviar d&rsquo;exception, incarne une v\u00e9ritable r\u00e9volution gustative pour les \u00e9picuriens d&rsquo;aujourd&rsquo;hui et de demain. Depuis sa gen\u00e8se, Caviar de Neuvic s&rsquo;efforce de red\u00e9finir les normes de qualit\u00e9 et de durabilit\u00e9 au sein de l&rsquo;industrie du caviar. [&hellip;]","og_url":"https:\/\/caviar-de-neuvic.com\/fr_be\/notre-histoire\/","og_site_name":"Producteur Fran\u00e7ais De Caviar","article_modified_time":"2025-09-24T10:02:28+00:00","og_image":[{"url":"http:\/\/caviar-de-neuvic.com\/wp-content\/uploads\/2025\/09\/cdn-servir.png","type":"","width":"","height":""}],"twitter_card":"summary_large_image","twitter_misc":{"Dur\u00e9e de lecture est.":"8 minutes"},"schema":{"@context":"https:\/\/schema.org","@graph":[{"@type":"WebPage","@id":"https:\/\/caviar-de-neuvic.com\/fr\/notre-histoire\/","url":"https:\/\/caviar-de-neuvic.com\/fr\/notre-histoire\/","name":"Notre histoire - Producteur Fran\u00e7ais De Caviar","isPartOf":{"@id":"http:\/\/caviar-de-neuvic.com\/fr\/#website"},"primaryImageOfPage":{"@id":"https:\/\/caviar-de-neuvic.com\/fr\/notre-histoire\/#primaryimage"},"image":{"@id":"https:\/\/caviar-de-neuvic.com\/fr\/notre-histoire\/#primaryimage"},"thumbnailUrl":"http:\/\/caviar-de-neuvic.com\/wp-content\/uploads\/2025\/09\/cdn-servir.png","datePublished":"2025-08-25T14:14:21+00:00","dateModified":"2025-09-24T10:02:28+00:00","breadcrumb":{"@id":"https:\/\/caviar-de-neuvic.com\/fr\/notre-histoire\/#breadcrumb"},"inLanguage":"fr-BE","potentialAction":[{"@type":"ReadAction","target":["https:\/\/caviar-de-neuvic.com\/fr\/notre-histoire\/"]}]},{"@type":"ImageObject","inLanguage":"fr-BE","@id":"https:\/\/caviar-de-neuvic.com\/fr\/notre-histoire\/#primaryimage","url":"http:\/\/caviar-de-neuvic.com\/wp-content\/uploads\/2025\/09\/cdn-servir.png","contentUrl":"http:\/\/caviar-de-neuvic.com\/wp-content\/uploads\/2025\/09\/cdn-servir.png"},{"@type":"BreadcrumbList","@id":"https:\/\/caviar-de-neuvic.com\/fr\/notre-histoire\/#breadcrumb","itemListElement":[{"@type":"ListItem","position":1,"name":"Caviar de Neuvic","item":"https:\/\/caviar-de-neuvic.com\/"},{"@type":"ListItem","position":2,"name":"Notre histoire"}]},{"@type":"WebSite","@id":"http:\/\/caviar-de-neuvic.com\/fr\/#website","url":"http:\/\/caviar-de-neuvic.com\/fr\/","name":"Producteur Fran\u00e7ais De Caviar","description":"","publisher":{"@id":"http:\/\/caviar-de-neuvic.com\/fr\/#organization"},"potentialAction":[{"@type":"SearchAction","target":{"@type":"EntryPoint","urlTemplate":"http:\/\/caviar-de-neuvic.com\/fr\/?s={search_term_string}"},"query-input":{"@type":"PropertyValueSpecification","valueRequired":true,"valueName":"search_term_string"}}],"inLanguage":"fr-BE"},{"@type":"Organization","@id":"http:\/\/caviar-de-neuvic.com\/fr\/#organization","name":"Producteur Fran\u00e7ais De Caviar","url":"http:\/\/caviar-de-neuvic.com\/fr\/","logo":{"@type":"ImageObject","inLanguage":"fr-BE","@id":"http:\/\/caviar-de-neuvic.com\/fr\/#\/schema\/logo\/image\/","url":"","contentUrl":"","caption":"Producteur Fran\u00e7ais De Caviar"},"image":{"@id":"http:\/\/caviar-de-neuvic.com\/fr\/#\/schema\/logo\/image\/"}}]}},"_links":{"self":[{"href":"https:\/\/caviar-de-neuvic.com\/fr_be\/wp-json\/wp\/v2\/pages\/24023","targetHints":{"allow":["GET"]}}],"collection":[{"href":"https:\/\/caviar-de-neuvic.com\/fr_be\/wp-json\/wp\/v2\/pages"}],"about":[{"href":"https:\/\/caviar-de-neuvic.com\/fr_be\/wp-json\/wp\/v2\/types\/page"}],"author":[{"embeddable":true,"href":"https:\/\/caviar-de-neuvic.com\/fr_be\/wp-json\/wp\/v2\/users\/1"}],"replies":[{"embeddable":true,"href":"https:\/\/caviar-de-neuvic.com\/fr_be\/wp-json\/wp\/v2\/comments?post=24023"}],"version-history":[{"count":103,"href":"https:\/\/caviar-de-neuvic.com\/fr_be\/wp-json\/wp\/v2\/pages\/24023\/revisions"}],"predecessor-version":[{"id":25674,"href":"https:\/\/caviar-de-neuvic.com\/fr_be\/wp-json\/wp\/v2\/pages\/24023\/revisions\/25674"}],"wp:attachment":[{"href":"https:\/\/caviar-de-neuvic.com\/fr_be\/wp-json\/wp\/v2\/media?parent=24023"}],"curies":[{"name":"wp","href":"https:\/\/api.w.org\/{rel}","templated":true}]}}