{"id":24908,"date":"2018-06-15T11:45:05","date_gmt":"2018-06-15T09:45:05","guid":{"rendered":"http:\/\/localhost\/caviardeblog\/?post_type=universducaviar&#038;p=3545"},"modified":"2025-12-17T15:54:04","modified_gmt":"2025-12-17T14:54:04","slug":"la-renaissance-du-caviar-en-aquitaine","status":"publish","type":"universducaviar","link":"https:\/\/caviar-de-neuvic.com\/fr_ch\/universducaviar\/la-renaissance-du-caviar-en-aquitaine\/","title":{"rendered":"La renaissance du caviar en Aquitaine"},"content":{"rendered":"<p><strong>La renaissance du Caviar en Aquitaine<\/strong> ouvre aujourd\u2019hui une nouvelle page de ce grand livre de cuisine qu\u2019est le terroir fran\u00e7ais. L\u2019histoire et le mythe du caviar\u00a0appartiennent certes \u00e0 la Russie et \u00e0 l\u2019Iran. Terres lointaines, mers et lacs immenses et tourment\u00e9s, p\u00eaches miraculeuses et acheminements hasardeux ont fa\u00e7onn\u00e9 un univers de l\u00e9gendes incarn\u00e9 par quelques marques mythiques.<\/p>\n<p>Pourtant, les esturgeons \u00e9taient bel et bien pr\u00e9sents en Aquitaine dans les ann\u00e9es 20. La l\u00e9gende raconte que c\u2019est une riche exil\u00e9e russe s\u00e9journant dans la r\u00e9gion qui introduisit l\u2019art de pr\u00e9lever et de d\u00e9guster les pr\u00e9cieux \u0153ufs des esturgeons que l\u2019on r\u00e9servait alors \u00e0 la nourriture \u2026 des poulaillers\u00a0!<\/p>\n<p>H\u00e9las, la guerre mit un terme \u00e0 cette production et ce n\u2019est que dans les ann\u00e9es 80 que la France et l\u2019Aquitaine reprirent le fil de cette belle histoire.<br \/>\nEntre temps, les exc\u00e8s d\u2019une p\u00eache et d\u2019une sp\u00e9culation non ma\u00eetris\u00e9es finirent par d\u00e9cimer les esturgeons. Ils ruiner la production de caviar sauvage sur ses terres d\u2019origine. Au d\u00e9but des ann\u00e9es 2000, le CITES interd\u00eet d\u00e9finitivement cette p\u00eache.<\/p>\n\t\t<style>\n\t\t\t.blog_sticker{\n\t\t\t\tmargin-top: 50px !important;\n\t\t\t\tdisplay: flex;\n  \t\t\t\tjustify-content: center;\n\t\t\t\tflex-wrap: wrap;\n\t\t\t}\n\t\t\t.blog_sticker .product-miniature-list.row .span_1_of_3{\n\t\t\t\twidth: 100%!important;\n\t\t\t\tflex: 0 0 100%!important;\n\t\t\t\tmax-width: 400px!important;\n\t\t\t}\n\t\t\t.blog_sticker_right{\n\t\t\t\tmax-width: 400px;\n\t\t\t}\n\t\t\t.product-miniature-list.row {\n\t\t\t\tdisplay: flex;\n\t\t\t\tjustify-content: center;\n\t\t\t\tflex-wrap: wrap;\n\t\t\t}\n\t\t<\/style>\n\t\t<div class=\"blog_sticker d-flex flex-wrap\">\n\t\t\t<div class=\"blog_sticker_left col-sm-12 col-md-6 products-grid\">\n\t\t\t\t<div class=\"product-miniature-list row\">\n\t\t\t\t\t\t\t\t\t<\/div>\n\t\t\t<\/div>\n\t\t\t<div class=\"blog_sticker_right col-sm-12 col-md-6\">\n\t\t\t\t\t\t\t<\/div>\n\t\t<\/div>\n\t\n<h3><strong>Les ann\u00e9es 80 et l&rsquo;\u00e9levage<\/strong><\/h3>\n<p>Il faudra attendre les ann\u00e9es 80 et les r\u00e9sultats prometteurs des premiers programmes de recherche sur l\u2019\u00e9levage d\u2019esturgeons en pisciculture pour que cette p\u00eache renaisse. Elle s\u2019impose par l\u2019exigence de sa ma\u00eetrise qualitative. <a href=\"https:\/\/caviar-de-neuvic.com\/fr_ch\/caviar\/1-caviar-signature.html\/\" target=\"_blank\" rel=\"noopener noreferrer\"><strong>L\u2019Acipenser Baeri<\/strong><\/a>, esp\u00e8ce sib\u00e9rienne des eaux douces, gagne alors les eaux d\u2019Aquitaine.\u00a0Un produit de la nature est avant tout l\u2019expression d\u2019un milieu et d\u2019un terroir.<\/p>\n<p>C\u2019est pourquoi le caviar\u00a0a naturellement retrouv\u00e9 sa v\u00e9rit\u00e9 en Aquitaine. Le Domaine Caviar de Neuvic veut incarner cette renaissance du <strong><a href=\"https:\/\/caviar-de-neuvic.com\/fr_ch\/13-caviar\/\">caviar<\/a><\/strong>\u00a0\u00e0 travers un produit d\u2019excellence conjuguant \u00e0 la fois la valorisation d\u2019un milieu naturel unique, la ma\u00eetrise de la qualit\u00e9 par les moyens technologiques les plus pointus et la culture gastronomique fran\u00e7aise.<\/p>","protected":false},"excerpt":{"rendered":"<p>La renaissance du Caviar en Aquitaine ouvre aujourd\u2019hui une nouvelle page de ce grand livre de cuisine qu\u2019est le terroir fran\u00e7ais. L\u2019histoire et le mythe du caviar\u00a0appartiennent certes \u00e0 la Russie et \u00e0 l\u2019Iran. Terres lointaines, mers et lacs immenses et tourment\u00e9s, p\u00eaches miraculeuses et acheminements hasardeux ont fa\u00e7onn\u00e9 un univers de l\u00e9gendes incarn\u00e9 par [&hellip;]<\/p>\n","protected":false},"author":11896,"featured_media":23873,"parent":0,"template":"","meta":{"_acf_changed":false,"ocean_post_layout":"","ocean_both_sidebars_style":"","ocean_both_sidebars_content_width":0,"ocean_both_sidebars_sidebars_width":0,"ocean_sidebar":"","ocean_second_sidebar":"","ocean_disable_margins":"enable","ocean_add_body_class":"","ocean_shortcode_before_top_bar":"","ocean_shortcode_after_top_bar":"","ocean_shortcode_before_header":"","ocean_shortcode_after_header":"","ocean_has_shortcode":"","ocean_shortcode_after_title":"","ocean_shortcode_before_footer_widgets":"","ocean_shortcode_after_footer_widgets":"","ocean_shortcode_before_footer_bottom":"","ocean_shortcode_after_footer_bottom":"","ocean_display_top_bar":"default","ocean_display_header":"default","ocean_header_style":"","ocean_center_header_left_menu":"","ocean_custom_header_template":"","ocean_custom_logo":0,"ocean_custom_retina_logo":0,"ocean_custom_logo_max_width":0,"ocean_custom_logo_tablet_max_width":0,"ocean_custom_logo_mobile_max_width":0,"ocean_custom_logo_max_height":0,"ocean_custom_logo_tablet_max_height":0,"ocean_custom_logo_mobile_max_height":0,"ocean_header_custom_menu":"","ocean_menu_typo_font_family":"","ocean_menu_typo_font_subset":"","ocean_menu_typo_font_size":0,"ocean_menu_typo_font_size_tablet":0,"ocean_menu_typo_font_size_mobile":0,"ocean_menu_typo_font_size_unit":"px","ocean_menu_typo_font_weight":"","ocean_menu_typo_font_weight_tablet":"","ocean_menu_typo_font_weight_mobile":"","ocean_menu_typo_transform":"","ocean_menu_typo_transform_tablet":"","ocean_menu_typo_transform_mobile":"","ocean_menu_typo_line_height":0,"ocean_menu_typo_line_height_tablet":0,"ocean_menu_typo_line_height_mobile":0,"ocean_menu_typo_line_height_unit":"","ocean_menu_typo_spacing":0,"ocean_menu_typo_spacing_tablet":0,"ocean_menu_typo_spacing_mobile":0,"ocean_menu_typo_spacing_unit":"","ocean_menu_link_color":"","ocean_menu_link_color_hover":"","ocean_menu_link_color_active":"","ocean_menu_link_background":"","ocean_menu_link_hover_background":"","ocean_menu_link_active_background":"","ocean_menu_social_links_bg":"","ocean_menu_social_hover_links_bg":"","ocean_menu_social_links_color":"","ocean_menu_social_hover_links_color":"","ocean_disable_title":"default","ocean_disable_heading":"default","ocean_post_title":"","ocean_post_subheading":"","ocean_post_title_style":"","ocean_post_title_background_color":"","ocean_post_title_background":0,"ocean_post_title_bg_image_position":"","ocean_post_title_bg_image_attachment":"","ocean_post_title_bg_image_repeat":"","ocean_post_title_bg_image_size":"","ocean_post_title_height":0,"ocean_post_title_bg_overlay":0.5,"ocean_post_title_bg_overlay_color":"","ocean_disable_breadcrumbs":"default","ocean_breadcrumbs_color":"","ocean_breadcrumbs_separator_color":"","ocean_breadcrumbs_links_color":"","ocean_breadcrumbs_links_hover_color":"","ocean_display_footer_widgets":"default","ocean_display_footer_bottom":"default","ocean_custom_footer_template":"","omw_enable_modal_window":"enable","footnotes":""},"tags":[],"universducaviar-categories":[364],"class_list":["post-24908","universducaviar","type-universducaviar","status-publish","has-post-thumbnail","hentry","universducaviar-categories-histoire-du-caviar","entry","has-media","owp-thumbs-layout-vertical","owp-btn-normal","owp-tabs-layout-horizontal","has-no-thumbnails","has-product-nav"],"acf":[],"yoast_head":"<!-- This site is optimized with the Yoast SEO plugin v27.5 - https:\/\/yoast.com\/product\/yoast-seo-wordpress\/ -->\n<title>La renaissance du caviar en Aquitaine - Producteur Fran\u00e7ais De Caviar<\/title>\n<meta name=\"description\" content=\"La renaissance du caviar en Aquitaine ouvre aujourd\u2019hui une nouvelle page de ce grand livre de cuisine qu\u2019est le terroir fran\u00e7ais.\" \/>\n<meta name=\"robots\" content=\"index, follow, max-snippet:-1, max-image-preview:large, max-video-preview:-1\" \/>\n<link rel=\"canonical\" href=\"https:\/\/caviar-de-neuvic.com\/fr_ch\/universducaviar\/la-renaissance-du-caviar-en-aquitaine\/\" \/>\n<meta property=\"og:locale\" content=\"fr_FR\" \/>\n<meta property=\"og:type\" content=\"article\" \/>\n<meta property=\"og:title\" content=\"La renaissance du caviar en Aquitaine - Producteur Fran\u00e7ais De Caviar\" \/>\n<meta property=\"og:description\" content=\"La renaissance du caviar en Aquitaine ouvre aujourd\u2019hui une nouvelle page de ce grand livre de cuisine qu\u2019est le terroir fran\u00e7ais.\" \/>\n<meta property=\"og:url\" content=\"https:\/\/caviar-de-neuvic.com\/fr_ch\/universducaviar\/la-renaissance-du-caviar-en-aquitaine\/\" \/>\n<meta property=\"og:site_name\" content=\"Producteur Fran\u00e7ais De Caviar\" \/>\n<meta property=\"article:modified_time\" content=\"2025-12-17T14:54:04+00:00\" \/>\n<meta property=\"og:image\" content=\"https:\/\/caviar-de-neuvic.com\/wp-content\/uploads\/2018\/06\/envoi-hd.jpeg\" \/>\n\t<meta property=\"og:image:width\" content=\"1920\" \/>\n\t<meta property=\"og:image:height\" content=\"1280\" \/>\n\t<meta property=\"og:image:type\" content=\"image\/jpeg\" \/>\n<meta name=\"twitter:card\" content=\"summary_large_image\" \/>\n<meta name=\"twitter:label1\" content=\"Est. reading time\" \/>\n\t<meta name=\"twitter:data1\" content=\"2 minutes\" \/>\n<script type=\"application\/ld+json\" class=\"yoast-schema-graph\">{\"@context\":\"https:\\\/\\\/schema.org\",\"@graph\":[{\"@type\":\"WebPage\",\"@id\":\"https:\\\/\\\/caviar-de-neuvic.com\\\/universducaviar\\\/la-renaissance-du-caviar-en-aquitaine\\\/\",\"url\":\"https:\\\/\\\/caviar-de-neuvic.com\\\/universducaviar\\\/la-renaissance-du-caviar-en-aquitaine\\\/\",\"name\":\"La renaissance du caviar en Aquitaine - Producteur Fran\u00e7ais De Caviar\",\"isPartOf\":{\"@id\":\"http:\\\/\\\/caviar-de-neuvic.com\\\/fr\\\/#website\"},\"primaryImageOfPage\":{\"@id\":\"https:\\\/\\\/caviar-de-neuvic.com\\\/universducaviar\\\/la-renaissance-du-caviar-en-aquitaine\\\/#primaryimage\"},\"image\":{\"@id\":\"https:\\\/\\\/caviar-de-neuvic.com\\\/universducaviar\\\/la-renaissance-du-caviar-en-aquitaine\\\/#primaryimage\"},\"thumbnailUrl\":\"https:\\\/\\\/caviar-de-neuvic.com\\\/wp-content\\\/uploads\\\/2018\\\/06\\\/envoi-hd.jpeg\",\"datePublished\":\"2018-06-15T09:45:05+00:00\",\"dateModified\":\"2025-12-17T14:54:04+00:00\",\"description\":\"La renaissance du caviar en Aquitaine ouvre aujourd\u2019hui une nouvelle page de ce grand livre de cuisine qu\u2019est le terroir fran\u00e7ais.\",\"breadcrumb\":{\"@id\":\"https:\\\/\\\/caviar-de-neuvic.com\\\/universducaviar\\\/la-renaissance-du-caviar-en-aquitaine\\\/#breadcrumb\"},\"inLanguage\":\"fr-CH\",\"potentialAction\":[{\"@type\":\"ReadAction\",\"target\":[\"https:\\\/\\\/caviar-de-neuvic.com\\\/universducaviar\\\/la-renaissance-du-caviar-en-aquitaine\\\/\"]}]},{\"@type\":\"ImageObject\",\"inLanguage\":\"fr-CH\",\"@id\":\"https:\\\/\\\/caviar-de-neuvic.com\\\/universducaviar\\\/la-renaissance-du-caviar-en-aquitaine\\\/#primaryimage\",\"url\":\"https:\\\/\\\/caviar-de-neuvic.com\\\/wp-content\\\/uploads\\\/2018\\\/06\\\/envoi-hd.jpeg\",\"contentUrl\":\"https:\\\/\\\/caviar-de-neuvic.com\\\/wp-content\\\/uploads\\\/2018\\\/06\\\/envoi-hd.jpeg\",\"width\":1920,\"height\":1280,\"caption\":\"La renaissance du caviar d'Aquitaine\"},{\"@type\":\"BreadcrumbList\",\"@id\":\"https:\\\/\\\/caviar-de-neuvic.com\\\/universducaviar\\\/la-renaissance-du-caviar-en-aquitaine\\\/#breadcrumb\",\"itemListElement\":[{\"@type\":\"ListItem\",\"position\":1,\"name\":\"Caviar de Neuvic\",\"item\":\"https:\\\/\\\/caviar-de-neuvic.com\\\/\"},{\"@type\":\"ListItem\",\"position\":2,\"name\":\"Univers du Caviar\",\"item\":\"https:\\\/\\\/caviar-de-neuvic.com\\\/univers-caviars\\\/\"},{\"@type\":\"ListItem\",\"position\":3,\"name\":\"La renaissance du caviar en Aquitaine\"}]},{\"@type\":\"WebSite\",\"@id\":\"http:\\\/\\\/caviar-de-neuvic.com\\\/fr\\\/#website\",\"url\":\"http:\\\/\\\/caviar-de-neuvic.com\\\/fr\\\/\",\"name\":\"Producteur Fran\u00e7ais De Caviar\",\"description\":\"\",\"publisher\":{\"@id\":\"http:\\\/\\\/caviar-de-neuvic.com\\\/fr\\\/#organization\"},\"potentialAction\":[{\"@type\":\"SearchAction\",\"target\":{\"@type\":\"EntryPoint\",\"urlTemplate\":\"http:\\\/\\\/caviar-de-neuvic.com\\\/fr\\\/?s={search_term_string}\"},\"query-input\":{\"@type\":\"PropertyValueSpecification\",\"valueRequired\":true,\"valueName\":\"search_term_string\"}}],\"inLanguage\":\"fr-CH\"},{\"@type\":\"Organization\",\"@id\":\"http:\\\/\\\/caviar-de-neuvic.com\\\/fr\\\/#organization\",\"name\":\"Producteur Fran\u00e7ais De Caviar\",\"url\":\"http:\\\/\\\/caviar-de-neuvic.com\\\/fr\\\/\",\"logo\":{\"@type\":\"ImageObject\",\"inLanguage\":\"fr-CH\",\"@id\":\"http:\\\/\\\/caviar-de-neuvic.com\\\/fr\\\/#\\\/schema\\\/logo\\\/image\\\/\",\"url\":\"\",\"contentUrl\":\"\",\"caption\":\"Producteur Fran\u00e7ais De Caviar\"},\"image\":{\"@id\":\"http:\\\/\\\/caviar-de-neuvic.com\\\/fr\\\/#\\\/schema\\\/logo\\\/image\\\/\"}}]}<\/script>\n<!-- \/ Yoast SEO plugin. -->","yoast_head_json":{"title":"La renaissance du caviar en Aquitaine - Producteur Fran\u00e7ais De Caviar","description":"La renaissance du caviar en Aquitaine ouvre aujourd\u2019hui une nouvelle page de ce grand livre de cuisine qu\u2019est le terroir fran\u00e7ais.","robots":{"index":"index","follow":"follow","max-snippet":"max-snippet:-1","max-image-preview":"max-image-preview:large","max-video-preview":"max-video-preview:-1"},"canonical":"https:\/\/caviar-de-neuvic.com\/fr_ch\/universducaviar\/la-renaissance-du-caviar-en-aquitaine\/","og_locale":"fr_FR","og_type":"article","og_title":"La renaissance du caviar en Aquitaine - Producteur Fran\u00e7ais De Caviar","og_description":"La renaissance du caviar en Aquitaine ouvre aujourd\u2019hui une nouvelle page de ce grand livre de cuisine qu\u2019est le terroir fran\u00e7ais.","og_url":"https:\/\/caviar-de-neuvic.com\/fr_ch\/universducaviar\/la-renaissance-du-caviar-en-aquitaine\/","og_site_name":"Producteur Fran\u00e7ais De Caviar","article_modified_time":"2025-12-17T14:54:04+00:00","og_image":[{"width":1920,"height":1280,"url":"https:\/\/caviar-de-neuvic.com\/wp-content\/uploads\/2018\/06\/envoi-hd.jpeg","type":"image\/jpeg"}],"twitter_card":"summary_large_image","twitter_misc":{"Est. reading time":"2 minutes"},"schema":{"@context":"https:\/\/schema.org","@graph":[{"@type":"WebPage","@id":"https:\/\/caviar-de-neuvic.com\/universducaviar\/la-renaissance-du-caviar-en-aquitaine\/","url":"https:\/\/caviar-de-neuvic.com\/universducaviar\/la-renaissance-du-caviar-en-aquitaine\/","name":"La renaissance du caviar en Aquitaine - Producteur Fran\u00e7ais De Caviar","isPartOf":{"@id":"http:\/\/caviar-de-neuvic.com\/fr\/#website"},"primaryImageOfPage":{"@id":"https:\/\/caviar-de-neuvic.com\/universducaviar\/la-renaissance-du-caviar-en-aquitaine\/#primaryimage"},"image":{"@id":"https:\/\/caviar-de-neuvic.com\/universducaviar\/la-renaissance-du-caviar-en-aquitaine\/#primaryimage"},"thumbnailUrl":"https:\/\/caviar-de-neuvic.com\/wp-content\/uploads\/2018\/06\/envoi-hd.jpeg","datePublished":"2018-06-15T09:45:05+00:00","dateModified":"2025-12-17T14:54:04+00:00","description":"La renaissance du caviar en Aquitaine ouvre aujourd\u2019hui une nouvelle page de ce grand livre de cuisine qu\u2019est le terroir fran\u00e7ais.","breadcrumb":{"@id":"https:\/\/caviar-de-neuvic.com\/universducaviar\/la-renaissance-du-caviar-en-aquitaine\/#breadcrumb"},"inLanguage":"fr-CH","potentialAction":[{"@type":"ReadAction","target":["https:\/\/caviar-de-neuvic.com\/universducaviar\/la-renaissance-du-caviar-en-aquitaine\/"]}]},{"@type":"ImageObject","inLanguage":"fr-CH","@id":"https:\/\/caviar-de-neuvic.com\/universducaviar\/la-renaissance-du-caviar-en-aquitaine\/#primaryimage","url":"https:\/\/caviar-de-neuvic.com\/wp-content\/uploads\/2018\/06\/envoi-hd.jpeg","contentUrl":"https:\/\/caviar-de-neuvic.com\/wp-content\/uploads\/2018\/06\/envoi-hd.jpeg","width":1920,"height":1280,"caption":"La renaissance du caviar d'Aquitaine"},{"@type":"BreadcrumbList","@id":"https:\/\/caviar-de-neuvic.com\/universducaviar\/la-renaissance-du-caviar-en-aquitaine\/#breadcrumb","itemListElement":[{"@type":"ListItem","position":1,"name":"Caviar de Neuvic","item":"https:\/\/caviar-de-neuvic.com\/"},{"@type":"ListItem","position":2,"name":"Univers du Caviar","item":"https:\/\/caviar-de-neuvic.com\/univers-caviars\/"},{"@type":"ListItem","position":3,"name":"La renaissance du caviar en Aquitaine"}]},{"@type":"WebSite","@id":"http:\/\/caviar-de-neuvic.com\/fr\/#website","url":"http:\/\/caviar-de-neuvic.com\/fr\/","name":"Producteur Fran\u00e7ais De Caviar","description":"","publisher":{"@id":"http:\/\/caviar-de-neuvic.com\/fr\/#organization"},"potentialAction":[{"@type":"SearchAction","target":{"@type":"EntryPoint","urlTemplate":"http:\/\/caviar-de-neuvic.com\/fr\/?s={search_term_string}"},"query-input":{"@type":"PropertyValueSpecification","valueRequired":true,"valueName":"search_term_string"}}],"inLanguage":"fr-CH"},{"@type":"Organization","@id":"http:\/\/caviar-de-neuvic.com\/fr\/#organization","name":"Producteur Fran\u00e7ais De Caviar","url":"http:\/\/caviar-de-neuvic.com\/fr\/","logo":{"@type":"ImageObject","inLanguage":"fr-CH","@id":"http:\/\/caviar-de-neuvic.com\/fr\/#\/schema\/logo\/image\/","url":"","contentUrl":"","caption":"Producteur Fran\u00e7ais De Caviar"},"image":{"@id":"http:\/\/caviar-de-neuvic.com\/fr\/#\/schema\/logo\/image\/"}}]}},"_links":{"self":[{"href":"https:\/\/caviar-de-neuvic.com\/fr_ch\/wp-json\/wp\/v2\/universducaviar\/24908","targetHints":{"allow":["GET"]}}],"collection":[{"href":"https:\/\/caviar-de-neuvic.com\/fr_ch\/wp-json\/wp\/v2\/universducaviar"}],"about":[{"href":"https:\/\/caviar-de-neuvic.com\/fr_ch\/wp-json\/wp\/v2\/types\/universducaviar"}],"author":[{"embeddable":true,"href":"https:\/\/caviar-de-neuvic.com\/fr_ch\/wp-json\/wp\/v2\/users\/11896"}],"version-history":[{"count":2,"href":"https:\/\/caviar-de-neuvic.com\/fr_ch\/wp-json\/wp\/v2\/universducaviar\/24908\/revisions"}],"predecessor-version":[{"id":35639,"href":"https:\/\/caviar-de-neuvic.com\/fr_ch\/wp-json\/wp\/v2\/universducaviar\/24908\/revisions\/35639"}],"wp:featuredmedia":[{"embeddable":true,"href":"https:\/\/caviar-de-neuvic.com\/fr_ch\/wp-json\/wp\/v2\/media\/23873"}],"wp:attachment":[{"href":"https:\/\/caviar-de-neuvic.com\/fr_ch\/wp-json\/wp\/v2\/media?parent=24908"}],"wp:term":[{"taxonomy":"post_tag","embeddable":true,"href":"https:\/\/caviar-de-neuvic.com\/fr_ch\/wp-json\/wp\/v2\/tags?post=24908"},{"taxonomy":"universducaviar-categories","embeddable":true,"href":"https:\/\/caviar-de-neuvic.com\/fr_ch\/wp-json\/wp\/v2\/universducaviar-categories?post=24908"}],"curies":[{"name":"wp","href":"https:\/\/api.w.org\/{rel}","templated":true}]}}