{"id":24881,"date":"2018-06-15T10:32:59","date_gmt":"2018-06-15T08:32:59","guid":{"rendered":"http:\/\/localhost\/caviardeblog\/?post_type=universducaviar&amp;p=3495"},"modified":"2018-06-15T10:32:59","modified_gmt":"2018-06-15T08:32:59","slug":"quelle-est-la-periode-production-du-caviar","status":"publish","type":"universducaviar","link":"https:\/\/caviar-de-neuvic.com\/nl_be\/universducaviar\/quelle-est-la-periode-production-du-caviar\/","title":{"rendered":"Quelle est la p\u00e9riode production du caviar ?"},"content":{"rendered":"<h3><strong>Le cycle de reproduction<\/strong><\/h3>\n<p>La p\u00e9riode de production du caviar, entre le mois d&rsquo;octobre et mars, est li\u00e9e au cycle de l&rsquo;esturgeon. Cependant, le caviar se conserve assez bien pour \u00eatre consomm\u00e9 toute l&rsquo;ann\u00e9e. Dans la nature, le cycle de reproduction des esturgeons r\u00e9pond \u00e0 une programmation pr\u00e9cise et complexe. Il varie selon l&rsquo;esp\u00e8ce, la population ou la localisation g\u00e9ographique de celle-ci. N\u00e9anmoins, en mer Caspienne, il y avait autrefois deux saisons de p\u00eaches : une \u00e0 l&rsquo;automne et l&rsquo;autre au printemps.<\/p>\n<p>Cette saisonnalit\u00e9 biologique est li\u00e9e aux changements de temp\u00e9rature qui influencent les comportements alimentaires et de reproductions.\u00a0L&rsquo;ovulation chez la femelle esturgeon se d\u00e9clenche apr\u00e8s une p\u00e9riode de froid. Il faut donc attendre le changement de saison qui suit l&rsquo;\u00e9t\u00e9 pour avoir du caviar.<\/p>\n\t\t<style>\n\t\t\t.blog_sticker{\n\t\t\t\tmargin-top: 50px !important;\n\t\t\t\tdisplay: flex;\n  \t\t\t\tjustify-content: center;\n\t\t\t\tflex-wrap: wrap;\n\t\t\t}\n\t\t\t.blog_sticker .product-miniature-list.row .span_1_of_3{\n\t\t\t\twidth: 100%!important;\n\t\t\t\tflex: 0 0 100%!important;\n\t\t\t\tmax-width: 400px!important;\n\t\t\t}\n\t\t\t.blog_sticker_right{\n\t\t\t\tmax-width: 400px;\n\t\t\t}\n\t\t\t.product-miniature-list.row {\n\t\t\t\tdisplay: flex;\n\t\t\t\tjustify-content: center;\n\t\t\t\tflex-wrap: wrap;\n\t\t\t}\n\t\t<\/style>\n\t\t<div class=\"blog_sticker d-flex flex-wrap\">\n\t\t\t<div class=\"blog_sticker_left col-sm-12 col-md-6 products-grid\">\n\t\t\t\t<div class=\"product-miniature-list row\">\n\t\t\t\t\t\t\t\t\t<\/div>\n\t\t\t<\/div>\n\t\t\t<div class=\"blog_sticker_right col-sm-12 col-md-6\">\n\t\t\t\t\t\t\t<\/div>\n\t\t<\/div>\n\t\n<h3><strong>La p\u00e9riode de production du caviar en \u00e9levage<\/strong><\/h3>\n<p>En \u00e9levage, en plein air o\u00f9 l&rsquo;influence des saisons se fait sentir, le ph\u00e9nom\u00e8ne est identique : les ovocytes de la plupart des femelles qui donneront du caviar arrivent \u00e0 maturit\u00e9 entre les mois d&rsquo;octobre et mars. Les imp\u00e9ratifs commerciaux et la consommation hautement saisonni\u00e8re du caviar (concentr\u00e9 au mois de d\u00e9cembre) fait de la p\u00eache (d&rsquo;octobre \u00e0 d\u00e9cembre) la p\u00e9riode la plus importante. Mais de nombreux \u00e9leveurs mettent en avant la qualit\u00e9 du caviar de printemps d&rsquo;une maturit\u00e9 id\u00e9ale proche de la p\u00e9riode de frai de leurs esturgeons. Certains \u00e9leveurs organis\u00e9s en circuit ferm\u00e9, peuvent produire du caviar toute l&rsquo;ann\u00e9e, mais ils ne s&rsquo;affranchissent pas pour autant de la contrainte de vernalisation, c&rsquo;est \u00e0 dire d&rsquo;exposition \u00e0 la temp\u00e9rature plus fraiche pour d\u00e9clencher l&rsquo;ovulation.<\/p>\n<p>Comme pour les produits agricoles, il y a bien une p\u00e9riode pour les caviars et elle s&rsquo;\u00e9tend de la fin d&rsquo;octobre jusqu&rsquo;au printemps.\u00a0Les techniques de conservation moderne permettent heureusement de pouvoir appr\u00e9cier le caviar m\u00eame au coeur du mois d&rsquo;ao\u00fbt.<\/p>","protected":false},"excerpt":{"rendered":"<p>Le cycle de reproduction La p\u00e9riode de production du caviar, entre le mois d&rsquo;octobre et mars, est li\u00e9e au cycle de l&rsquo;esturgeon. Cependant, le caviar se conserve assez bien pour \u00eatre consomm\u00e9 toute l&rsquo;ann\u00e9e. Dans la nature, le cycle de reproduction des esturgeons r\u00e9pond \u00e0 une programmation pr\u00e9cise et complexe. Il varie selon l&rsquo;esp\u00e8ce, la [&hellip;]<\/p>\n","protected":false},"author":11974,"featured_media":23816,"parent":0,"template":"","meta":{"_acf_changed":false,"ocean_post_layout":"","ocean_both_sidebars_style":"","ocean_both_sidebars_content_width":0,"ocean_both_sidebars_sidebars_width":0,"ocean_sidebar":"","ocean_second_sidebar":"","ocean_disable_margins":"enable","ocean_add_body_class":"","ocean_shortcode_before_top_bar":"","ocean_shortcode_after_top_bar":"","ocean_shortcode_before_header":"","ocean_shortcode_after_header":"","ocean_has_shortcode":"","ocean_shortcode_after_title":"","ocean_shortcode_before_footer_widgets":"","ocean_shortcode_after_footer_widgets":"","ocean_shortcode_before_footer_bottom":"","ocean_shortcode_after_footer_bottom":"","ocean_display_top_bar":"default","ocean_display_header":"default","ocean_header_style":"","ocean_center_header_left_menu":"","ocean_custom_header_template":"","ocean_custom_logo":0,"ocean_custom_retina_logo":0,"ocean_custom_logo_max_width":0,"ocean_custom_logo_tablet_max_width":0,"ocean_custom_logo_mobile_max_width":0,"ocean_custom_logo_max_height":0,"ocean_custom_logo_tablet_max_height":0,"ocean_custom_logo_mobile_max_height":0,"ocean_header_custom_menu":"","ocean_menu_typo_font_family":"","ocean_menu_typo_font_subset":"","ocean_menu_typo_font_size":0,"ocean_menu_typo_font_size_tablet":0,"ocean_menu_typo_font_size_mobile":0,"ocean_menu_typo_font_size_unit":"px","ocean_menu_typo_font_weight":"","ocean_menu_typo_font_weight_tablet":"","ocean_menu_typo_font_weight_mobile":"","ocean_menu_typo_transform":"","ocean_menu_typo_transform_tablet":"","ocean_menu_typo_transform_mobile":"","ocean_menu_typo_line_height":0,"ocean_menu_typo_line_height_tablet":0,"ocean_menu_typo_line_height_mobile":0,"ocean_menu_typo_line_height_unit":"","ocean_menu_typo_spacing":0,"ocean_menu_typo_spacing_tablet":0,"ocean_menu_typo_spacing_mobile":0,"ocean_menu_typo_spacing_unit":"","ocean_menu_link_color":"","ocean_menu_link_color_hover":"","ocean_menu_link_color_active":"","ocean_menu_link_background":"","ocean_menu_link_hover_background":"","ocean_menu_link_active_background":"","ocean_menu_social_links_bg":"","ocean_menu_social_hover_links_bg":"","ocean_menu_social_links_color":"","ocean_menu_social_hover_links_color":"","ocean_disable_title":"default","ocean_disable_heading":"default","ocean_post_title":"","ocean_post_subheading":"","ocean_post_title_style":"","ocean_post_title_background_color":"","ocean_post_title_background":0,"ocean_post_title_bg_image_position":"","ocean_post_title_bg_image_attachment":"","ocean_post_title_bg_image_repeat":"","ocean_post_title_bg_image_size":"","ocean_post_title_height":0,"ocean_post_title_bg_overlay":0.5,"ocean_post_title_bg_overlay_color":"","ocean_disable_breadcrumbs":"default","ocean_breadcrumbs_color":"","ocean_breadcrumbs_separator_color":"","ocean_breadcrumbs_links_color":"","ocean_breadcrumbs_links_hover_color":"","ocean_display_footer_widgets":"default","ocean_display_footer_bottom":"default","ocean_custom_footer_template":"","omw_enable_modal_window":"enable","footnotes":""},"tags":[],"universducaviar-categories":[365],"class_list":["post-24881","universducaviar","type-universducaviar","status-publish","has-post-thumbnail","hentry","universducaviar-categories-tout-savoir-sur-nos-caviars","entry","has-media","owp-thumbs-layout-vertical","owp-btn-normal","owp-tabs-layout-horizontal","has-no-thumbnails","has-product-nav"],"acf":[],"yoast_head":"<!-- This site is optimized with the Yoast SEO plugin v27.4 - https:\/\/yoast.com\/product\/yoast-seo-wordpress\/ -->\n<title>Quelle est la p\u00e9riode production du caviar ?<\/title>\n<meta name=\"description\" content=\"Quelle est la p\u00e9riode production du caviar ? Entre le mois d&#039;octobre et mars, est li\u00e9e au cycle de l&#039;esturgeon.\" \/>\n<meta name=\"robots\" content=\"index, follow, max-snippet:-1, max-image-preview:large, max-video-preview:-1\" \/>\n<link rel=\"canonical\" href=\"https:\/\/caviar-de-neuvic.com\/nl_be\/universducaviar\/quelle-est-la-periode-production-du-caviar\/\" \/>\n<meta property=\"og:locale\" content=\"nl_BE\" \/>\n<meta property=\"og:type\" content=\"article\" \/>\n<meta property=\"og:title\" content=\"Quelle est la p\u00e9riode production du caviar ?\" \/>\n<meta property=\"og:description\" content=\"Quelle est la p\u00e9riode production du caviar ? Entre le mois d&#039;octobre et mars, est li\u00e9e au cycle de l&#039;esturgeon.\" \/>\n<meta property=\"og:url\" content=\"https:\/\/caviar-de-neuvic.com\/nl_be\/universducaviar\/quelle-est-la-periode-production-du-caviar\/\" \/>\n<meta property=\"og:site_name\" content=\"Producteur Fran\u00e7ais De Caviar\" \/>\n<meta property=\"og:image\" content=\"https:\/\/caviar-de-neuvic.com\/wp-content\/uploads\/2018\/06\/CAVIAR-DE-NEUVIC-REPORTAGE-25-06-2019-166.jpg\" \/>\n\t<meta property=\"og:image:width\" content=\"1920\" \/>\n\t<meta property=\"og:image:height\" content=\"1280\" \/>\n\t<meta property=\"og:image:type\" content=\"image\/jpeg\" \/>\n<meta name=\"twitter:card\" content=\"summary_large_image\" \/>\n<meta name=\"twitter:label1\" content=\"Geschatte leestijd\" \/>\n\t<meta name=\"twitter:data1\" content=\"2 minuten\" \/>\n<script type=\"application\/ld+json\" class=\"yoast-schema-graph\">{\"@context\":\"https:\\\/\\\/schema.org\",\"@graph\":[{\"@type\":\"WebPage\",\"@id\":\"https:\\\/\\\/caviar-de-neuvic.com\\\/de_ch\\\/universducaviar\\\/quelle-est-la-periode-production-du-caviar\\\/\",\"url\":\"https:\\\/\\\/caviar-de-neuvic.com\\\/de_ch\\\/universducaviar\\\/quelle-est-la-periode-production-du-caviar\\\/\",\"name\":\"Quelle est la p\u00e9riode production du caviar ?\",\"isPartOf\":{\"@id\":\"http:\\\/\\\/caviar-de-neuvic.com\\\/fr\\\/#website\"},\"primaryImageOfPage\":{\"@id\":\"https:\\\/\\\/caviar-de-neuvic.com\\\/de_ch\\\/universducaviar\\\/quelle-est-la-periode-production-du-caviar\\\/#primaryimage\"},\"image\":{\"@id\":\"https:\\\/\\\/caviar-de-neuvic.com\\\/de_ch\\\/universducaviar\\\/quelle-est-la-periode-production-du-caviar\\\/#primaryimage\"},\"thumbnailUrl\":\"https:\\\/\\\/caviar-de-neuvic.com\\\/wp-content\\\/uploads\\\/2018\\\/06\\\/CAVIAR-DE-NEUVIC-REPORTAGE-25-06-2019-166.jpg\",\"datePublished\":\"2018-06-15T08:32:59+00:00\",\"description\":\"Quelle est la p\u00e9riode production du caviar ? Entre le mois d'octobre et mars, est li\u00e9e au cycle de l'esturgeon.\",\"breadcrumb\":{\"@id\":\"https:\\\/\\\/caviar-de-neuvic.com\\\/de_ch\\\/universducaviar\\\/quelle-est-la-periode-production-du-caviar\\\/#breadcrumb\"},\"inLanguage\":\"nl-BE\",\"potentialAction\":[{\"@type\":\"ReadAction\",\"target\":[\"https:\\\/\\\/caviar-de-neuvic.com\\\/de_ch\\\/universducaviar\\\/quelle-est-la-periode-production-du-caviar\\\/\"]}]},{\"@type\":\"ImageObject\",\"inLanguage\":\"nl-BE\",\"@id\":\"https:\\\/\\\/caviar-de-neuvic.com\\\/de_ch\\\/universducaviar\\\/quelle-est-la-periode-production-du-caviar\\\/#primaryimage\",\"url\":\"https:\\\/\\\/caviar-de-neuvic.com\\\/wp-content\\\/uploads\\\/2018\\\/06\\\/CAVIAR-DE-NEUVIC-REPORTAGE-25-06-2019-166.jpg\",\"contentUrl\":\"https:\\\/\\\/caviar-de-neuvic.com\\\/wp-content\\\/uploads\\\/2018\\\/06\\\/CAVIAR-DE-NEUVIC-REPORTAGE-25-06-2019-166.jpg\",\"width\":1920,\"height\":1280,\"caption\":\"Quelle est la p\u00e9riode production du caviar ?\"},{\"@type\":\"BreadcrumbList\",\"@id\":\"https:\\\/\\\/caviar-de-neuvic.com\\\/de_ch\\\/universducaviar\\\/quelle-est-la-periode-production-du-caviar\\\/#breadcrumb\",\"itemListElement\":[{\"@type\":\"ListItem\",\"position\":1,\"name\":\"Caviar de Neuvic\",\"item\":\"https:\\\/\\\/caviar-de-neuvic.com\\\/\"},{\"@type\":\"ListItem\",\"position\":2,\"name\":\"Univers du Caviar\",\"item\":\"https:\\\/\\\/caviar-de-neuvic.com\\\/univers-caviars\\\/\"},{\"@type\":\"ListItem\",\"position\":3,\"name\":\"Quelle est la p\u00e9riode production du caviar ?\"}]},{\"@type\":\"WebSite\",\"@id\":\"http:\\\/\\\/caviar-de-neuvic.com\\\/fr\\\/#website\",\"url\":\"http:\\\/\\\/caviar-de-neuvic.com\\\/fr\\\/\",\"name\":\"Producteur Fran\u00e7ais De Caviar\",\"description\":\"\",\"publisher\":{\"@id\":\"http:\\\/\\\/caviar-de-neuvic.com\\\/fr\\\/#organization\"},\"potentialAction\":[{\"@type\":\"SearchAction\",\"target\":{\"@type\":\"EntryPoint\",\"urlTemplate\":\"http:\\\/\\\/caviar-de-neuvic.com\\\/fr\\\/?s={search_term_string}\"},\"query-input\":{\"@type\":\"PropertyValueSpecification\",\"valueRequired\":true,\"valueName\":\"search_term_string\"}}],\"inLanguage\":\"nl-BE\"},{\"@type\":\"Organization\",\"@id\":\"http:\\\/\\\/caviar-de-neuvic.com\\\/fr\\\/#organization\",\"name\":\"Producteur Fran\u00e7ais De Caviar\",\"url\":\"http:\\\/\\\/caviar-de-neuvic.com\\\/fr\\\/\",\"logo\":{\"@type\":\"ImageObject\",\"inLanguage\":\"nl-BE\",\"@id\":\"http:\\\/\\\/caviar-de-neuvic.com\\\/fr\\\/#\\\/schema\\\/logo\\\/image\\\/\",\"url\":\"\",\"contentUrl\":\"\",\"caption\":\"Producteur Fran\u00e7ais De Caviar\"},\"image\":{\"@id\":\"http:\\\/\\\/caviar-de-neuvic.com\\\/fr\\\/#\\\/schema\\\/logo\\\/image\\\/\"}}]}<\/script>\n<!-- \/ Yoast SEO plugin. -->","yoast_head_json":{"title":"Quelle est la p\u00e9riode production du caviar ?","description":"Quelle est la p\u00e9riode production du caviar ? Entre le mois d'octobre et mars, est li\u00e9e au cycle de l'esturgeon.","robots":{"index":"index","follow":"follow","max-snippet":"max-snippet:-1","max-image-preview":"max-image-preview:large","max-video-preview":"max-video-preview:-1"},"canonical":"https:\/\/caviar-de-neuvic.com\/nl_be\/universducaviar\/quelle-est-la-periode-production-du-caviar\/","og_locale":"nl_BE","og_type":"article","og_title":"Quelle est la p\u00e9riode production du caviar ?","og_description":"Quelle est la p\u00e9riode production du caviar ? Entre le mois d'octobre et mars, est li\u00e9e au cycle de l'esturgeon.","og_url":"https:\/\/caviar-de-neuvic.com\/nl_be\/universducaviar\/quelle-est-la-periode-production-du-caviar\/","og_site_name":"Producteur Fran\u00e7ais De Caviar","og_image":[{"width":1920,"height":1280,"url":"https:\/\/caviar-de-neuvic.com\/wp-content\/uploads\/2018\/06\/CAVIAR-DE-NEUVIC-REPORTAGE-25-06-2019-166.jpg","type":"image\/jpeg"}],"twitter_card":"summary_large_image","twitter_misc":{"Geschatte leestijd":"2 minuten"},"schema":{"@context":"https:\/\/schema.org","@graph":[{"@type":"WebPage","@id":"https:\/\/caviar-de-neuvic.com\/de_ch\/universducaviar\/quelle-est-la-periode-production-du-caviar\/","url":"https:\/\/caviar-de-neuvic.com\/de_ch\/universducaviar\/quelle-est-la-periode-production-du-caviar\/","name":"Quelle est la p\u00e9riode production du caviar ?","isPartOf":{"@id":"http:\/\/caviar-de-neuvic.com\/fr\/#website"},"primaryImageOfPage":{"@id":"https:\/\/caviar-de-neuvic.com\/de_ch\/universducaviar\/quelle-est-la-periode-production-du-caviar\/#primaryimage"},"image":{"@id":"https:\/\/caviar-de-neuvic.com\/de_ch\/universducaviar\/quelle-est-la-periode-production-du-caviar\/#primaryimage"},"thumbnailUrl":"https:\/\/caviar-de-neuvic.com\/wp-content\/uploads\/2018\/06\/CAVIAR-DE-NEUVIC-REPORTAGE-25-06-2019-166.jpg","datePublished":"2018-06-15T08:32:59+00:00","description":"Quelle est la p\u00e9riode production du caviar ? Entre le mois d'octobre et mars, est li\u00e9e au cycle de l'esturgeon.","breadcrumb":{"@id":"https:\/\/caviar-de-neuvic.com\/de_ch\/universducaviar\/quelle-est-la-periode-production-du-caviar\/#breadcrumb"},"inLanguage":"nl-BE","potentialAction":[{"@type":"ReadAction","target":["https:\/\/caviar-de-neuvic.com\/de_ch\/universducaviar\/quelle-est-la-periode-production-du-caviar\/"]}]},{"@type":"ImageObject","inLanguage":"nl-BE","@id":"https:\/\/caviar-de-neuvic.com\/de_ch\/universducaviar\/quelle-est-la-periode-production-du-caviar\/#primaryimage","url":"https:\/\/caviar-de-neuvic.com\/wp-content\/uploads\/2018\/06\/CAVIAR-DE-NEUVIC-REPORTAGE-25-06-2019-166.jpg","contentUrl":"https:\/\/caviar-de-neuvic.com\/wp-content\/uploads\/2018\/06\/CAVIAR-DE-NEUVIC-REPORTAGE-25-06-2019-166.jpg","width":1920,"height":1280,"caption":"Quelle est la p\u00e9riode production du caviar ?"},{"@type":"BreadcrumbList","@id":"https:\/\/caviar-de-neuvic.com\/de_ch\/universducaviar\/quelle-est-la-periode-production-du-caviar\/#breadcrumb","itemListElement":[{"@type":"ListItem","position":1,"name":"Caviar de Neuvic","item":"https:\/\/caviar-de-neuvic.com\/"},{"@type":"ListItem","position":2,"name":"Univers du Caviar","item":"https:\/\/caviar-de-neuvic.com\/univers-caviars\/"},{"@type":"ListItem","position":3,"name":"Quelle est la p\u00e9riode production du caviar ?"}]},{"@type":"WebSite","@id":"http:\/\/caviar-de-neuvic.com\/fr\/#website","url":"http:\/\/caviar-de-neuvic.com\/fr\/","name":"Producteur Fran\u00e7ais De Caviar","description":"","publisher":{"@id":"http:\/\/caviar-de-neuvic.com\/fr\/#organization"},"potentialAction":[{"@type":"SearchAction","target":{"@type":"EntryPoint","urlTemplate":"http:\/\/caviar-de-neuvic.com\/fr\/?s={search_term_string}"},"query-input":{"@type":"PropertyValueSpecification","valueRequired":true,"valueName":"search_term_string"}}],"inLanguage":"nl-BE"},{"@type":"Organization","@id":"http:\/\/caviar-de-neuvic.com\/fr\/#organization","name":"Producteur Fran\u00e7ais De Caviar","url":"http:\/\/caviar-de-neuvic.com\/fr\/","logo":{"@type":"ImageObject","inLanguage":"nl-BE","@id":"http:\/\/caviar-de-neuvic.com\/fr\/#\/schema\/logo\/image\/","url":"","contentUrl":"","caption":"Producteur Fran\u00e7ais De Caviar"},"image":{"@id":"http:\/\/caviar-de-neuvic.com\/fr\/#\/schema\/logo\/image\/"}}]}},"_links":{"self":[{"href":"https:\/\/caviar-de-neuvic.com\/nl_be\/wp-json\/wp\/v2\/universducaviar\/24881","targetHints":{"allow":["GET"]}}],"collection":[{"href":"https:\/\/caviar-de-neuvic.com\/nl_be\/wp-json\/wp\/v2\/universducaviar"}],"about":[{"href":"https:\/\/caviar-de-neuvic.com\/nl_be\/wp-json\/wp\/v2\/types\/universducaviar"}],"author":[{"embeddable":true,"href":"https:\/\/caviar-de-neuvic.com\/nl_be\/wp-json\/wp\/v2\/users\/11974"}],"version-history":[{"count":0,"href":"https:\/\/caviar-de-neuvic.com\/nl_be\/wp-json\/wp\/v2\/universducaviar\/24881\/revisions"}],"wp:featuredmedia":[{"embeddable":true,"href":"https:\/\/caviar-de-neuvic.com\/nl_be\/wp-json\/wp\/v2\/media\/23816"}],"wp:attachment":[{"href":"https:\/\/caviar-de-neuvic.com\/nl_be\/wp-json\/wp\/v2\/media?parent=24881"}],"wp:term":[{"taxonomy":"post_tag","embeddable":true,"href":"https:\/\/caviar-de-neuvic.com\/nl_be\/wp-json\/wp\/v2\/tags?post=24881"},{"taxonomy":"universducaviar-categories","embeddable":true,"href":"https:\/\/caviar-de-neuvic.com\/nl_be\/wp-json\/wp\/v2\/universducaviar-categories?post=24881"}],"curies":[{"name":"wp","href":"https:\/\/api.w.org\/{rel}","templated":true}]}}