{"id":24884,"date":"2018-06-15T10:39:06","date_gmt":"2018-06-15T08:39:06","guid":{"rendered":"http:\/\/localhost\/caviardeblog\/?post_type=universducaviar&amp;p=3500"},"modified":"2018-06-15T10:39:06","modified_gmt":"2018-06-15T08:39:06","slug":"le-caviar-et-les-femmes-enceintes","status":"publish","type":"universducaviar","link":"https:\/\/caviar-de-neuvic.com\/nl_be\/universducaviar\/le-caviar-et-les-femmes-enceintes\/","title":{"rendered":"Le caviar et les femmes enceintes"},"content":{"rendered":"<p>Le caviar et les femmes enceintes. Beaucoup se pose la question de savoir si les femmes enceinte peuvent manger du caviar ? La\u00a0r\u00e9ponse est non.\u00a0Le caviar n&rsquo;est malheureusement pas l&rsquo;ami de tous les convives.<\/p>\n<h3><strong>Le caviar pasteuris\u00e9 ou non ?<\/strong><\/h3>\n<p>Bien que le caviar soit enrichi en vitamines D et Om\u00e9ga 3, le caviar n&rsquo;est pas pasteuris\u00e9*. Il est donc par cons\u00e9quent source de multiples infections telles que la toxoplasmose ou la list\u00e9riose. Ces infections peuvent provoquer un avortement, ou un accouchement pr\u00e9matur\u00e9. <em>*\u00a0La pasteurisation est un proc\u00e9d\u00e9 de conservation des aliments qui consiste \u00e0 les chauffer \u00e0 une temp\u00e9rature de 60 degr\u00e9s quelques dizaines de minutes.<\/em><\/p>\n<h3><strong>La cong\u00e9lation du caviar<\/strong><\/h3>\n<p>N\u00e9anmoins la <a href=\"https:\/\/caviar-de-neuvic.com\/nl_be\/parlons-caviar\/universducaviar\/congeler-du-caviar\/\">cong\u00e9lation du caviar<\/a> est possible.\u00a0Cependant, cela comporte des risques ! Il est d\u00e9conseill\u00e9 d&rsquo;utiliser des appareils domestiques pour ce faire. En effet, la cong\u00e9lation provoque la rupture de l&rsquo;eau contenue dans les \u0153ufs, et lors de la d\u00e9cong\u00e9lation, le caviar se transforme en une soupe. Quel dommage pour un si beau produit ! Rassurez-vous cependant, nous proposons d&rsquo;autres produits d\u00e9licieux comme les rillettes d&rsquo;esturgeon, le velout\u00e9, ou encore la soupe.<\/p>\n\t\t<style>\n\t\t\t.blog_sticker{\n\t\t\t\tmargin-top: 50px !important;\n\t\t\t\tdisplay: flex;\n  \t\t\t\tjustify-content: center;\n\t\t\t\tflex-wrap: wrap;\n\t\t\t}\n\t\t\t.blog_sticker .product-miniature-list.row .span_1_of_3{\n\t\t\t\twidth: 100%!important;\n\t\t\t\tflex: 0 0 100%!important;\n\t\t\t\tmax-width: 400px!important;\n\t\t\t}\n\t\t\t.blog_sticker_right{\n\t\t\t\tmax-width: 400px;\n\t\t\t}\n\t\t\t.product-miniature-list.row {\n\t\t\t\tdisplay: flex;\n\t\t\t\tjustify-content: center;\n\t\t\t\tflex-wrap: wrap;\n\t\t\t}\n\t\t<\/style>\n\t\t<div class=\"blog_sticker d-flex flex-wrap\">\n\t\t\t<div class=\"blog_sticker_left col-sm-12 col-md-6 products-grid\">\n\t\t\t\t<div class=\"product-miniature-list row\">\n\t\t\t\t\t\t\t\t\t<\/div>\n\t\t\t<\/div>\n\t\t\t<div class=\"blog_sticker_right col-sm-12 col-md-6\">\n\t\t\t\t\t\t\t<\/div>\n\t\t<\/div>","protected":false},"excerpt":{"rendered":"<p>Le caviar et les femmes enceintes. Beaucoup se pose la question de savoir si les femmes enceinte peuvent manger du caviar ? La\u00a0r\u00e9ponse est non.\u00a0Le caviar n&rsquo;est malheureusement pas l&rsquo;ami de tous les convives. Le caviar pasteuris\u00e9 ou non ? Bien que le caviar soit enrichi en vitamines D et Om\u00e9ga 3, le caviar n&rsquo;est [&hellip;]<\/p>\n","protected":false},"author":11974,"featured_media":23810,"parent":0,"template":"","meta":{"_acf_changed":false,"ocean_post_layout":"","ocean_both_sidebars_style":"","ocean_both_sidebars_content_width":0,"ocean_both_sidebars_sidebars_width":0,"ocean_sidebar":"","ocean_second_sidebar":"","ocean_disable_margins":"enable","ocean_add_body_class":"","ocean_shortcode_before_top_bar":"","ocean_shortcode_after_top_bar":"","ocean_shortcode_before_header":"","ocean_shortcode_after_header":"","ocean_has_shortcode":"","ocean_shortcode_after_title":"","ocean_shortcode_before_footer_widgets":"","ocean_shortcode_after_footer_widgets":"","ocean_shortcode_before_footer_bottom":"","ocean_shortcode_after_footer_bottom":"","ocean_display_top_bar":"default","ocean_display_header":"default","ocean_header_style":"","ocean_center_header_left_menu":"","ocean_custom_header_template":"","ocean_custom_logo":0,"ocean_custom_retina_logo":0,"ocean_custom_logo_max_width":0,"ocean_custom_logo_tablet_max_width":0,"ocean_custom_logo_mobile_max_width":0,"ocean_custom_logo_max_height":0,"ocean_custom_logo_tablet_max_height":0,"ocean_custom_logo_mobile_max_height":0,"ocean_header_custom_menu":"","ocean_menu_typo_font_family":"","ocean_menu_typo_font_subset":"","ocean_menu_typo_font_size":0,"ocean_menu_typo_font_size_tablet":0,"ocean_menu_typo_font_size_mobile":0,"ocean_menu_typo_font_size_unit":"px","ocean_menu_typo_font_weight":"","ocean_menu_typo_font_weight_tablet":"","ocean_menu_typo_font_weight_mobile":"","ocean_menu_typo_transform":"","ocean_menu_typo_transform_tablet":"","ocean_menu_typo_transform_mobile":"","ocean_menu_typo_line_height":0,"ocean_menu_typo_line_height_tablet":0,"ocean_menu_typo_line_height_mobile":0,"ocean_menu_typo_line_height_unit":"","ocean_menu_typo_spacing":0,"ocean_menu_typo_spacing_tablet":0,"ocean_menu_typo_spacing_mobile":0,"ocean_menu_typo_spacing_unit":"","ocean_menu_link_color":"","ocean_menu_link_color_hover":"","ocean_menu_link_color_active":"","ocean_menu_link_background":"","ocean_menu_link_hover_background":"","ocean_menu_link_active_background":"","ocean_menu_social_links_bg":"","ocean_menu_social_hover_links_bg":"","ocean_menu_social_links_color":"","ocean_menu_social_hover_links_color":"","ocean_disable_title":"default","ocean_disable_heading":"default","ocean_post_title":"","ocean_post_subheading":"","ocean_post_title_style":"","ocean_post_title_background_color":"","ocean_post_title_background":0,"ocean_post_title_bg_image_position":"","ocean_post_title_bg_image_attachment":"","ocean_post_title_bg_image_repeat":"","ocean_post_title_bg_image_size":"","ocean_post_title_height":0,"ocean_post_title_bg_overlay":0.5,"ocean_post_title_bg_overlay_color":"","ocean_disable_breadcrumbs":"default","ocean_breadcrumbs_color":"","ocean_breadcrumbs_separator_color":"","ocean_breadcrumbs_links_color":"","ocean_breadcrumbs_links_hover_color":"","ocean_display_footer_widgets":"default","ocean_display_footer_bottom":"default","ocean_custom_footer_template":"","omw_enable_modal_window":"enable","footnotes":""},"tags":[],"universducaviar-categories":[363],"class_list":["post-24884","universducaviar","type-universducaviar","status-publish","has-post-thumbnail","hentry","universducaviar-categories-conseils-de-degustation","entry","has-media","owp-thumbs-layout-vertical","owp-btn-normal","owp-tabs-layout-horizontal","has-no-thumbnails","has-product-nav"],"acf":[],"yoast_head":"<!-- This site is optimized with the Yoast SEO plugin v27.5 - https:\/\/yoast.com\/product\/yoast-seo-wordpress\/ -->\n<title>Le caviar et les femmes enceintes - Producteur Fran\u00e7ais De Caviar<\/title>\n<meta name=\"description\" content=\"Le caviar et les femmes enceintes. Beaucoup se pose la question si les femmes enceinte peuvent manger du caviar ? La\u00a0r\u00e9ponse est non.\" \/>\n<meta name=\"robots\" content=\"index, follow, max-snippet:-1, max-image-preview:large, max-video-preview:-1\" \/>\n<link rel=\"canonical\" href=\"https:\/\/caviar-de-neuvic.com\/nl_be\/universducaviar\/le-caviar-et-les-femmes-enceintes\/\" \/>\n<meta property=\"og:locale\" content=\"nl_BE\" \/>\n<meta property=\"og:type\" content=\"article\" \/>\n<meta property=\"og:title\" content=\"Le caviar et les femmes enceintes - Producteur Fran\u00e7ais De Caviar\" \/>\n<meta property=\"og:description\" content=\"Le caviar et les femmes enceintes. Beaucoup se pose la question si les femmes enceinte peuvent manger du caviar ? La\u00a0r\u00e9ponse est non.\" \/>\n<meta property=\"og:url\" content=\"https:\/\/caviar-de-neuvic.com\/nl_be\/universducaviar\/le-caviar-et-les-femmes-enceintes\/\" \/>\n<meta property=\"og:site_name\" content=\"Producteur Fran\u00e7ais De Caviar\" \/>\n<meta property=\"og:image\" content=\"https:\/\/caviar-de-neuvic.com\/wp-content\/uploads\/2018\/06\/pexels-joAo-paulo-de-souza-oliveira-3737150.jpg\" \/>\n\t<meta property=\"og:image:width\" content=\"1920\" \/>\n\t<meta property=\"og:image:height\" content=\"1280\" \/>\n\t<meta property=\"og:image:type\" content=\"image\/jpeg\" \/>\n<meta name=\"twitter:card\" content=\"summary_large_image\" \/>\n<meta name=\"twitter:label1\" content=\"Geschatte leestijd\" \/>\n\t<meta name=\"twitter:data1\" content=\"2 minuten\" \/>\n<script type=\"application\/ld+json\" class=\"yoast-schema-graph\">{\"@context\":\"https:\\\/\\\/schema.org\",\"@graph\":[{\"@type\":\"WebPage\",\"@id\":\"https:\\\/\\\/caviar-de-neuvic.com\\\/es_es\\\/universducaviar\\\/le-caviar-et-les-femmes-enceintes\\\/\",\"url\":\"https:\\\/\\\/caviar-de-neuvic.com\\\/es_es\\\/universducaviar\\\/le-caviar-et-les-femmes-enceintes\\\/\",\"name\":\"Le caviar et les femmes enceintes - Producteur Fran\u00e7ais De Caviar\",\"isPartOf\":{\"@id\":\"http:\\\/\\\/caviar-de-neuvic.com\\\/fr\\\/#website\"},\"primaryImageOfPage\":{\"@id\":\"https:\\\/\\\/caviar-de-neuvic.com\\\/es_es\\\/universducaviar\\\/le-caviar-et-les-femmes-enceintes\\\/#primaryimage\"},\"image\":{\"@id\":\"https:\\\/\\\/caviar-de-neuvic.com\\\/es_es\\\/universducaviar\\\/le-caviar-et-les-femmes-enceintes\\\/#primaryimage\"},\"thumbnailUrl\":\"https:\\\/\\\/caviar-de-neuvic.com\\\/wp-content\\\/uploads\\\/2018\\\/06\\\/pexels-joAo-paulo-de-souza-oliveira-3737150.jpg\",\"datePublished\":\"2018-06-15T08:39:06+00:00\",\"description\":\"Le caviar et les femmes enceintes. Beaucoup se pose la question si les femmes enceinte peuvent manger du caviar ? La\u00a0r\u00e9ponse est non.\",\"breadcrumb\":{\"@id\":\"https:\\\/\\\/caviar-de-neuvic.com\\\/es_es\\\/universducaviar\\\/le-caviar-et-les-femmes-enceintes\\\/#breadcrumb\"},\"inLanguage\":\"nl-BE\",\"potentialAction\":[{\"@type\":\"ReadAction\",\"target\":[\"https:\\\/\\\/caviar-de-neuvic.com\\\/es_es\\\/universducaviar\\\/le-caviar-et-les-femmes-enceintes\\\/\"]}]},{\"@type\":\"ImageObject\",\"inLanguage\":\"nl-BE\",\"@id\":\"https:\\\/\\\/caviar-de-neuvic.com\\\/es_es\\\/universducaviar\\\/le-caviar-et-les-femmes-enceintes\\\/#primaryimage\",\"url\":\"https:\\\/\\\/caviar-de-neuvic.com\\\/wp-content\\\/uploads\\\/2018\\\/06\\\/pexels-joAo-paulo-de-souza-oliveira-3737150.jpg\",\"contentUrl\":\"https:\\\/\\\/caviar-de-neuvic.com\\\/wp-content\\\/uploads\\\/2018\\\/06\\\/pexels-joAo-paulo-de-souza-oliveira-3737150.jpg\",\"width\":1920,\"height\":1280,\"caption\":\"Le caviar et les femmes enceintes\"},{\"@type\":\"BreadcrumbList\",\"@id\":\"https:\\\/\\\/caviar-de-neuvic.com\\\/es_es\\\/universducaviar\\\/le-caviar-et-les-femmes-enceintes\\\/#breadcrumb\",\"itemListElement\":[{\"@type\":\"ListItem\",\"position\":1,\"name\":\"Caviar de Neuvic\",\"item\":\"https:\\\/\\\/caviar-de-neuvic.com\\\/\"},{\"@type\":\"ListItem\",\"position\":2,\"name\":\"Univers du Caviar\",\"item\":\"https:\\\/\\\/caviar-de-neuvic.com\\\/univers-caviars\\\/\"},{\"@type\":\"ListItem\",\"position\":3,\"name\":\"Le caviar et les femmes enceintes\"}]},{\"@type\":\"WebSite\",\"@id\":\"http:\\\/\\\/caviar-de-neuvic.com\\\/fr\\\/#website\",\"url\":\"http:\\\/\\\/caviar-de-neuvic.com\\\/fr\\\/\",\"name\":\"Producteur Fran\u00e7ais De Caviar\",\"description\":\"\",\"publisher\":{\"@id\":\"http:\\\/\\\/caviar-de-neuvic.com\\\/fr\\\/#organization\"},\"potentialAction\":[{\"@type\":\"SearchAction\",\"target\":{\"@type\":\"EntryPoint\",\"urlTemplate\":\"http:\\\/\\\/caviar-de-neuvic.com\\\/fr\\\/?s={search_term_string}\"},\"query-input\":{\"@type\":\"PropertyValueSpecification\",\"valueRequired\":true,\"valueName\":\"search_term_string\"}}],\"inLanguage\":\"nl-BE\"},{\"@type\":\"Organization\",\"@id\":\"http:\\\/\\\/caviar-de-neuvic.com\\\/fr\\\/#organization\",\"name\":\"Producteur Fran\u00e7ais De Caviar\",\"url\":\"http:\\\/\\\/caviar-de-neuvic.com\\\/fr\\\/\",\"logo\":{\"@type\":\"ImageObject\",\"inLanguage\":\"nl-BE\",\"@id\":\"http:\\\/\\\/caviar-de-neuvic.com\\\/fr\\\/#\\\/schema\\\/logo\\\/image\\\/\",\"url\":\"\",\"contentUrl\":\"\",\"caption\":\"Producteur Fran\u00e7ais De Caviar\"},\"image\":{\"@id\":\"http:\\\/\\\/caviar-de-neuvic.com\\\/fr\\\/#\\\/schema\\\/logo\\\/image\\\/\"}}]}<\/script>\n<!-- \/ Yoast SEO plugin. -->","yoast_head_json":{"title":"Le caviar et les femmes enceintes - Producteur Fran\u00e7ais De Caviar","description":"Le caviar et les femmes enceintes. Beaucoup se pose la question si les femmes enceinte peuvent manger du caviar ? La\u00a0r\u00e9ponse est non.","robots":{"index":"index","follow":"follow","max-snippet":"max-snippet:-1","max-image-preview":"max-image-preview:large","max-video-preview":"max-video-preview:-1"},"canonical":"https:\/\/caviar-de-neuvic.com\/nl_be\/universducaviar\/le-caviar-et-les-femmes-enceintes\/","og_locale":"nl_BE","og_type":"article","og_title":"Le caviar et les femmes enceintes - Producteur Fran\u00e7ais De Caviar","og_description":"Le caviar et les femmes enceintes. Beaucoup se pose la question si les femmes enceinte peuvent manger du caviar ? La\u00a0r\u00e9ponse est non.","og_url":"https:\/\/caviar-de-neuvic.com\/nl_be\/universducaviar\/le-caviar-et-les-femmes-enceintes\/","og_site_name":"Producteur Fran\u00e7ais De Caviar","og_image":[{"width":1920,"height":1280,"url":"https:\/\/caviar-de-neuvic.com\/wp-content\/uploads\/2018\/06\/pexels-joAo-paulo-de-souza-oliveira-3737150.jpg","type":"image\/jpeg"}],"twitter_card":"summary_large_image","twitter_misc":{"Geschatte leestijd":"2 minuten"},"schema":{"@context":"https:\/\/schema.org","@graph":[{"@type":"WebPage","@id":"https:\/\/caviar-de-neuvic.com\/es_es\/universducaviar\/le-caviar-et-les-femmes-enceintes\/","url":"https:\/\/caviar-de-neuvic.com\/es_es\/universducaviar\/le-caviar-et-les-femmes-enceintes\/","name":"Le caviar et les femmes enceintes - Producteur Fran\u00e7ais De Caviar","isPartOf":{"@id":"http:\/\/caviar-de-neuvic.com\/fr\/#website"},"primaryImageOfPage":{"@id":"https:\/\/caviar-de-neuvic.com\/es_es\/universducaviar\/le-caviar-et-les-femmes-enceintes\/#primaryimage"},"image":{"@id":"https:\/\/caviar-de-neuvic.com\/es_es\/universducaviar\/le-caviar-et-les-femmes-enceintes\/#primaryimage"},"thumbnailUrl":"https:\/\/caviar-de-neuvic.com\/wp-content\/uploads\/2018\/06\/pexels-joAo-paulo-de-souza-oliveira-3737150.jpg","datePublished":"2018-06-15T08:39:06+00:00","description":"Le caviar et les femmes enceintes. Beaucoup se pose la question si les femmes enceinte peuvent manger du caviar ? La\u00a0r\u00e9ponse est non.","breadcrumb":{"@id":"https:\/\/caviar-de-neuvic.com\/es_es\/universducaviar\/le-caviar-et-les-femmes-enceintes\/#breadcrumb"},"inLanguage":"nl-BE","potentialAction":[{"@type":"ReadAction","target":["https:\/\/caviar-de-neuvic.com\/es_es\/universducaviar\/le-caviar-et-les-femmes-enceintes\/"]}]},{"@type":"ImageObject","inLanguage":"nl-BE","@id":"https:\/\/caviar-de-neuvic.com\/es_es\/universducaviar\/le-caviar-et-les-femmes-enceintes\/#primaryimage","url":"https:\/\/caviar-de-neuvic.com\/wp-content\/uploads\/2018\/06\/pexels-joAo-paulo-de-souza-oliveira-3737150.jpg","contentUrl":"https:\/\/caviar-de-neuvic.com\/wp-content\/uploads\/2018\/06\/pexels-joAo-paulo-de-souza-oliveira-3737150.jpg","width":1920,"height":1280,"caption":"Le caviar et les femmes enceintes"},{"@type":"BreadcrumbList","@id":"https:\/\/caviar-de-neuvic.com\/es_es\/universducaviar\/le-caviar-et-les-femmes-enceintes\/#breadcrumb","itemListElement":[{"@type":"ListItem","position":1,"name":"Caviar de Neuvic","item":"https:\/\/caviar-de-neuvic.com\/"},{"@type":"ListItem","position":2,"name":"Univers du Caviar","item":"https:\/\/caviar-de-neuvic.com\/univers-caviars\/"},{"@type":"ListItem","position":3,"name":"Le caviar et les femmes enceintes"}]},{"@type":"WebSite","@id":"http:\/\/caviar-de-neuvic.com\/fr\/#website","url":"http:\/\/caviar-de-neuvic.com\/fr\/","name":"Producteur Fran\u00e7ais De Caviar","description":"","publisher":{"@id":"http:\/\/caviar-de-neuvic.com\/fr\/#organization"},"potentialAction":[{"@type":"SearchAction","target":{"@type":"EntryPoint","urlTemplate":"http:\/\/caviar-de-neuvic.com\/fr\/?s={search_term_string}"},"query-input":{"@type":"PropertyValueSpecification","valueRequired":true,"valueName":"search_term_string"}}],"inLanguage":"nl-BE"},{"@type":"Organization","@id":"http:\/\/caviar-de-neuvic.com\/fr\/#organization","name":"Producteur Fran\u00e7ais De Caviar","url":"http:\/\/caviar-de-neuvic.com\/fr\/","logo":{"@type":"ImageObject","inLanguage":"nl-BE","@id":"http:\/\/caviar-de-neuvic.com\/fr\/#\/schema\/logo\/image\/","url":"","contentUrl":"","caption":"Producteur Fran\u00e7ais De Caviar"},"image":{"@id":"http:\/\/caviar-de-neuvic.com\/fr\/#\/schema\/logo\/image\/"}}]}},"_links":{"self":[{"href":"https:\/\/caviar-de-neuvic.com\/nl_be\/wp-json\/wp\/v2\/universducaviar\/24884","targetHints":{"allow":["GET"]}}],"collection":[{"href":"https:\/\/caviar-de-neuvic.com\/nl_be\/wp-json\/wp\/v2\/universducaviar"}],"about":[{"href":"https:\/\/caviar-de-neuvic.com\/nl_be\/wp-json\/wp\/v2\/types\/universducaviar"}],"author":[{"embeddable":true,"href":"https:\/\/caviar-de-neuvic.com\/nl_be\/wp-json\/wp\/v2\/users\/11974"}],"version-history":[{"count":0,"href":"https:\/\/caviar-de-neuvic.com\/nl_be\/wp-json\/wp\/v2\/universducaviar\/24884\/revisions"}],"wp:featuredmedia":[{"embeddable":true,"href":"https:\/\/caviar-de-neuvic.com\/nl_be\/wp-json\/wp\/v2\/media\/23810"}],"wp:attachment":[{"href":"https:\/\/caviar-de-neuvic.com\/nl_be\/wp-json\/wp\/v2\/media?parent=24884"}],"wp:term":[{"taxonomy":"post_tag","embeddable":true,"href":"https:\/\/caviar-de-neuvic.com\/nl_be\/wp-json\/wp\/v2\/tags?post=24884"},{"taxonomy":"universducaviar-categories","embeddable":true,"href":"https:\/\/caviar-de-neuvic.com\/nl_be\/wp-json\/wp\/v2\/universducaviar-categories?post=24884"}],"curies":[{"name":"wp","href":"https:\/\/api.w.org\/{rel}","templated":true}]}}