{"id":24887,"date":"2018-06-15T10:48:31","date_gmt":"2018-06-15T08:48:31","guid":{"rendered":"http:\/\/localhost\/caviardeblog\/?post_type=universducaviar&#038;p=3508"},"modified":"2025-10-18T12:21:45","modified_gmt":"2025-10-18T10:21:45","slug":"congeler-du-caviar","status":"publish","type":"universducaviar","link":"https:\/\/caviar-de-neuvic.com\/nl_be\/universducaviar\/congeler-du-caviar\/","title":{"rendered":"Peut-on congeler du caviar ?"},"content":{"rendered":"<p>On peut congeler du <a href=\"https:\/\/caviar-de-neuvic.com\/nl_be\/\" target=\"_blank\" rel=\"noopener\">caviar<\/a> ou plus pr\u00e9cis\u00e9ment surgeler du caviar sans trop en alt\u00e9rer les caract\u00e9ristiques. Mais attention ! M\u00eame si la cong\u00e9lation est possible, l&rsquo;utilisation d&rsquo;un appareil domestique est fortement d\u00e9conseill\u00e9e, car le processus est trop lent. L&rsquo;eau contenue dans l&rsquo;oeuf cristallise et d\u00e9chire par cons\u00e9quent la membrane. Cela alt\u00e8re irr\u00e9m\u00e9diablement la texture et la saveur du caviar. A la d\u00e9cong\u00e9lation, on n&rsquo;obtiendrai qu&rsquo;une soupe de caviar sal\u00e9 !<\/p>\n<p>Pour conserver le caviar \u00e0 des temp\u00e9ratures n\u00e9gatives, il faut employer la m\u00e9thode dite de \u00ab\u00a0surg\u00e9lation\u00a0\u00bb. Le produit est expos\u00e9 \u00e0 des temp\u00e9ratures tr\u00e8s basses (-35\u00b0) qui permettent \u00e0 l&rsquo;eau contenue dans le caviar de se cristalliser finement. Cela limite la d\u00e9gradation cellulaire. Ces techniques sont utilis\u00e9es dans l&rsquo;industrie alimentaire. Test\u00e9es sur le caviar par certaines marques, elles ont donn\u00e9 des r\u00e9sultats assez satisfaisants.<\/p>\n\t\t<style>\n\t\t\t.blog_sticker{\n\t\t\t\tmargin-top: 50px !important;\n\t\t\t\tdisplay: flex;\n  \t\t\t\tjustify-content: center;\n\t\t\t\tflex-wrap: wrap;\n\t\t\t}\n\t\t\t.blog_sticker .product-miniature-list.row .span_1_of_3{\n\t\t\t\twidth: 100%!important;\n\t\t\t\tflex: 0 0 100%!important;\n\t\t\t\tmax-width: 400px!important;\n\t\t\t}\n\t\t\t.blog_sticker_right{\n\t\t\t\tmax-width: 400px;\n\t\t\t}\n\t\t\t.product-miniature-list.row {\n\t\t\t\tdisplay: flex;\n\t\t\t\tjustify-content: center;\n\t\t\t\tflex-wrap: wrap;\n\t\t\t}\n\t\t<\/style>\n\t\t<div class=\"blog_sticker d-flex flex-wrap\">\n\t\t\t<div class=\"blog_sticker_left col-sm-12 col-md-6 products-grid\">\n\t\t\t\t<div class=\"product-miniature-list row\">\n\t\t\t\t\t\t\t\t\t<\/div>\n\t\t\t<\/div>\n\t\t\t<div class=\"blog_sticker_right col-sm-12 col-md-6\">\n\t\t\t\t\t\t\t<\/div>\n\t\t<\/div>\n\t\n<h3>L&rsquo;id\u00e9e de congeler du caviar ne satisfait pas<\/h3>\n<p>Cette technique offre toutefois un d\u00e9bouch\u00e9 assez limit\u00e9. Le consommateur appr\u00e9cie peu l&rsquo;id\u00e9e d&rsquo;acheter et de <strong>manger du caviar<\/strong> surgel\u00e9. Autant pour des questions d&rsquo;image, que des raisons d&rsquo;ordre pratique. La dur\u00e9e de vie d&rsquo;un caviar d\u00e9congel\u00e9 est en effet fortement r\u00e9duite. De plus, la d\u00e9cong\u00e9lation doit s&rsquo;effectuer de la mani\u00e8re la plus progressive possible. Comment \u00eatre certains que le produit n&rsquo;a pas \u00e9t\u00e9 abim\u00e9 ou qu&rsquo;il est parfaitement d\u00e9congel\u00e9 ?<\/p>\n<p><a href=\"https:\/\/caviar-de-neuvic.com\/nl_be\/\" target=\"_blank\" rel=\"noopener\"><strong>La vente de caviar<\/strong><\/a> au rayon surgel\u00e9, ce n&rsquo;est pas encore pour demain.<\/p>\n<p><em>Source @Charles de Saint Vincent \u2013 Auteur de \u00ab\u00a0<a href=\"http:\/\/www.librairiegourmande.fr\/poissons-et-crustaces\/8100-caviar-manuel-decomplexe-a-l-usage-de-l-amateur.html\" target=\"_blank\" rel=\"noopener\">Caviar, manuel d\u00e9complex\u00e9 \u00e0 l\u2019usage de l\u2019 amateur<\/a>\u00a0\u00bb<\/em><\/p>\n<div class=\"px-custom-fields-caf\"><\/div>","protected":false},"excerpt":{"rendered":"<p>On peut congeler du caviar ou plus pr\u00e9cis\u00e9ment surgeler du caviar sans trop en alt\u00e9rer les caract\u00e9ristiques. Mais attention ! M\u00eame si la cong\u00e9lation est possible, l&rsquo;utilisation d&rsquo;un appareil domestique est fortement d\u00e9conseill\u00e9e, car le processus est trop lent. L&rsquo;eau contenue dans l&rsquo;oeuf cristallise et d\u00e9chire par cons\u00e9quent la membrane. Cela alt\u00e8re irr\u00e9m\u00e9diablement la texture [&hellip;]<\/p>\n","protected":false},"author":11896,"featured_media":23830,"parent":0,"template":"","meta":{"_acf_changed":false,"ocean_post_layout":"","ocean_both_sidebars_style":"","ocean_both_sidebars_content_width":0,"ocean_both_sidebars_sidebars_width":0,"ocean_sidebar":"","ocean_second_sidebar":"","ocean_disable_margins":"enable","ocean_add_body_class":"","ocean_shortcode_before_top_bar":"","ocean_shortcode_after_top_bar":"","ocean_shortcode_before_header":"","ocean_shortcode_after_header":"","ocean_has_shortcode":"","ocean_shortcode_after_title":"","ocean_shortcode_before_footer_widgets":"","ocean_shortcode_after_footer_widgets":"","ocean_shortcode_before_footer_bottom":"","ocean_shortcode_after_footer_bottom":"","ocean_display_top_bar":"default","ocean_display_header":"default","ocean_header_style":"","ocean_center_header_left_menu":"","ocean_custom_header_template":"","ocean_custom_logo":0,"ocean_custom_retina_logo":0,"ocean_custom_logo_max_width":0,"ocean_custom_logo_tablet_max_width":0,"ocean_custom_logo_mobile_max_width":0,"ocean_custom_logo_max_height":0,"ocean_custom_logo_tablet_max_height":0,"ocean_custom_logo_mobile_max_height":0,"ocean_header_custom_menu":"","ocean_menu_typo_font_family":"","ocean_menu_typo_font_subset":"","ocean_menu_typo_font_size":0,"ocean_menu_typo_font_size_tablet":0,"ocean_menu_typo_font_size_mobile":0,"ocean_menu_typo_font_size_unit":"px","ocean_menu_typo_font_weight":"","ocean_menu_typo_font_weight_tablet":"","ocean_menu_typo_font_weight_mobile":"","ocean_menu_typo_transform":"","ocean_menu_typo_transform_tablet":"","ocean_menu_typo_transform_mobile":"","ocean_menu_typo_line_height":0,"ocean_menu_typo_line_height_tablet":0,"ocean_menu_typo_line_height_mobile":0,"ocean_menu_typo_line_height_unit":"","ocean_menu_typo_spacing":0,"ocean_menu_typo_spacing_tablet":0,"ocean_menu_typo_spacing_mobile":0,"ocean_menu_typo_spacing_unit":"","ocean_menu_link_color":"","ocean_menu_link_color_hover":"","ocean_menu_link_color_active":"","ocean_menu_link_background":"","ocean_menu_link_hover_background":"","ocean_menu_link_active_background":"","ocean_menu_social_links_bg":"","ocean_menu_social_hover_links_bg":"","ocean_menu_social_links_color":"","ocean_menu_social_hover_links_color":"","ocean_disable_title":"default","ocean_disable_heading":"default","ocean_post_title":"","ocean_post_subheading":"","ocean_post_title_style":"","ocean_post_title_background_color":"","ocean_post_title_background":0,"ocean_post_title_bg_image_position":"","ocean_post_title_bg_image_attachment":"","ocean_post_title_bg_image_repeat":"","ocean_post_title_bg_image_size":"","ocean_post_title_height":0,"ocean_post_title_bg_overlay":0.5,"ocean_post_title_bg_overlay_color":"","ocean_disable_breadcrumbs":"default","ocean_breadcrumbs_color":"","ocean_breadcrumbs_separator_color":"","ocean_breadcrumbs_links_color":"","ocean_breadcrumbs_links_hover_color":"","ocean_display_footer_widgets":"default","ocean_display_footer_bottom":"default","ocean_custom_footer_template":"","omw_enable_modal_window":"enable","footnotes":""},"tags":[],"universducaviar-categories":[363],"class_list":["post-24887","universducaviar","type-universducaviar","status-publish","has-post-thumbnail","hentry","universducaviar-categories-conseils-de-degustation","entry","has-media","owp-thumbs-layout-vertical","owp-btn-normal","owp-tabs-layout-horizontal","has-no-thumbnails","has-product-nav"],"acf":[],"yoast_head":"<!-- This site is optimized with the Yoast SEO plugin v27.5 - https:\/\/yoast.com\/product\/yoast-seo-wordpress\/ -->\n<title>Peut-on congeler du caviar ? - Producteur Fran\u00e7ais De Caviar<\/title>\n<meta name=\"description\" content=\"On peut congeler du caviar ou plus pr\u00e9cis\u00e9ment surgeler du caviar, mais attention, l&#039;utilisation d&#039;un appareil domestique est fortement d\u00e9conseill\u00e9e.\" \/>\n<meta name=\"robots\" content=\"index, follow, max-snippet:-1, max-image-preview:large, max-video-preview:-1\" \/>\n<link rel=\"canonical\" href=\"https:\/\/caviar-de-neuvic.com\/nl_be\/universducaviar\/congeler-du-caviar\/\" \/>\n<meta property=\"og:locale\" content=\"nl_BE\" \/>\n<meta property=\"og:type\" content=\"article\" \/>\n<meta property=\"og:title\" content=\"Peut-on congeler du caviar ? - Producteur Fran\u00e7ais De Caviar\" \/>\n<meta property=\"og:description\" content=\"On peut congeler du caviar ou plus pr\u00e9cis\u00e9ment surgeler du caviar, mais attention, l&#039;utilisation d&#039;un appareil domestique est fortement d\u00e9conseill\u00e9e.\" \/>\n<meta property=\"og:url\" content=\"https:\/\/caviar-de-neuvic.com\/nl_be\/universducaviar\/congeler-du-caviar\/\" \/>\n<meta property=\"og:site_name\" content=\"Producteur Fran\u00e7ais De Caviar\" \/>\n<meta property=\"article:modified_time\" content=\"2025-10-18T10:21:45+00:00\" \/>\n<meta property=\"og:image\" content=\"https:\/\/caviar-de-neuvic.com\/wp-content\/uploads\/2018\/06\/CAVIAR-DE-NEUVIC-REPORTAGE-25-06-2019-090.jpg\" \/>\n\t<meta property=\"og:image:width\" content=\"1920\" \/>\n\t<meta property=\"og:image:height\" content=\"1280\" \/>\n\t<meta property=\"og:image:type\" content=\"image\/jpeg\" \/>\n<meta name=\"twitter:card\" content=\"summary_large_image\" \/>\n<meta name=\"twitter:label1\" content=\"Geschatte leestijd\" \/>\n\t<meta name=\"twitter:data1\" content=\"2 minuten\" \/>\n<script type=\"application\/ld+json\" class=\"yoast-schema-graph\">{\"@context\":\"https:\\\/\\\/schema.org\",\"@graph\":[{\"@type\":\"WebPage\",\"@id\":\"https:\\\/\\\/caviar-de-neuvic.com\\\/fr\\\/universducaviar\\\/congeler-du-caviar\\\/\",\"url\":\"https:\\\/\\\/caviar-de-neuvic.com\\\/fr\\\/universducaviar\\\/congeler-du-caviar\\\/\",\"name\":\"Peut-on congeler du caviar ? - Producteur Fran\u00e7ais De Caviar\",\"isPartOf\":{\"@id\":\"http:\\\/\\\/caviar-de-neuvic.com\\\/fr\\\/#website\"},\"primaryImageOfPage\":{\"@id\":\"https:\\\/\\\/caviar-de-neuvic.com\\\/fr\\\/universducaviar\\\/congeler-du-caviar\\\/#primaryimage\"},\"image\":{\"@id\":\"https:\\\/\\\/caviar-de-neuvic.com\\\/fr\\\/universducaviar\\\/congeler-du-caviar\\\/#primaryimage\"},\"thumbnailUrl\":\"https:\\\/\\\/caviar-de-neuvic.com\\\/wp-content\\\/uploads\\\/2018\\\/06\\\/CAVIAR-DE-NEUVIC-REPORTAGE-25-06-2019-090.jpg\",\"datePublished\":\"2018-06-15T08:48:31+00:00\",\"dateModified\":\"2025-10-18T10:21:45+00:00\",\"description\":\"On peut congeler du caviar ou plus pr\u00e9cis\u00e9ment surgeler du caviar, mais attention, l'utilisation d'un appareil domestique est fortement d\u00e9conseill\u00e9e.\",\"breadcrumb\":{\"@id\":\"https:\\\/\\\/caviar-de-neuvic.com\\\/fr\\\/universducaviar\\\/congeler-du-caviar\\\/#breadcrumb\"},\"inLanguage\":\"nl-BE\",\"potentialAction\":[{\"@type\":\"ReadAction\",\"target\":[\"https:\\\/\\\/caviar-de-neuvic.com\\\/fr\\\/universducaviar\\\/congeler-du-caviar\\\/\"]}]},{\"@type\":\"ImageObject\",\"inLanguage\":\"nl-BE\",\"@id\":\"https:\\\/\\\/caviar-de-neuvic.com\\\/fr\\\/universducaviar\\\/congeler-du-caviar\\\/#primaryimage\",\"url\":\"https:\\\/\\\/caviar-de-neuvic.com\\\/wp-content\\\/uploads\\\/2018\\\/06\\\/CAVIAR-DE-NEUVIC-REPORTAGE-25-06-2019-090.jpg\",\"contentUrl\":\"https:\\\/\\\/caviar-de-neuvic.com\\\/wp-content\\\/uploads\\\/2018\\\/06\\\/CAVIAR-DE-NEUVIC-REPORTAGE-25-06-2019-090.jpg\",\"width\":1920,\"height\":1280,\"caption\":\"Peut-on congeler du caviar ?\"},{\"@type\":\"BreadcrumbList\",\"@id\":\"https:\\\/\\\/caviar-de-neuvic.com\\\/fr\\\/universducaviar\\\/congeler-du-caviar\\\/#breadcrumb\",\"itemListElement\":[{\"@type\":\"ListItem\",\"position\":1,\"name\":\"Caviar de Neuvic\",\"item\":\"https:\\\/\\\/caviar-de-neuvic.com\\\/\"},{\"@type\":\"ListItem\",\"position\":2,\"name\":\"Univers du Caviar\",\"item\":\"https:\\\/\\\/caviar-de-neuvic.com\\\/univers-caviars\\\/\"},{\"@type\":\"ListItem\",\"position\":3,\"name\":\"Peut-on congeler du caviar ?\"}]},{\"@type\":\"WebSite\",\"@id\":\"http:\\\/\\\/caviar-de-neuvic.com\\\/fr\\\/#website\",\"url\":\"http:\\\/\\\/caviar-de-neuvic.com\\\/fr\\\/\",\"name\":\"Producteur Fran\u00e7ais De Caviar\",\"description\":\"\",\"publisher\":{\"@id\":\"http:\\\/\\\/caviar-de-neuvic.com\\\/fr\\\/#organization\"},\"potentialAction\":[{\"@type\":\"SearchAction\",\"target\":{\"@type\":\"EntryPoint\",\"urlTemplate\":\"http:\\\/\\\/caviar-de-neuvic.com\\\/fr\\\/?s={search_term_string}\"},\"query-input\":{\"@type\":\"PropertyValueSpecification\",\"valueRequired\":true,\"valueName\":\"search_term_string\"}}],\"inLanguage\":\"nl-BE\"},{\"@type\":\"Organization\",\"@id\":\"http:\\\/\\\/caviar-de-neuvic.com\\\/fr\\\/#organization\",\"name\":\"Producteur Fran\u00e7ais De Caviar\",\"url\":\"http:\\\/\\\/caviar-de-neuvic.com\\\/fr\\\/\",\"logo\":{\"@type\":\"ImageObject\",\"inLanguage\":\"nl-BE\",\"@id\":\"http:\\\/\\\/caviar-de-neuvic.com\\\/fr\\\/#\\\/schema\\\/logo\\\/image\\\/\",\"url\":\"\",\"contentUrl\":\"\",\"caption\":\"Producteur Fran\u00e7ais De Caviar\"},\"image\":{\"@id\":\"http:\\\/\\\/caviar-de-neuvic.com\\\/fr\\\/#\\\/schema\\\/logo\\\/image\\\/\"}}]}<\/script>\n<!-- \/ Yoast SEO plugin. -->","yoast_head_json":{"title":"Peut-on congeler du caviar ? - Producteur Fran\u00e7ais De Caviar","description":"On peut congeler du caviar ou plus pr\u00e9cis\u00e9ment surgeler du caviar, mais attention, l'utilisation d'un appareil domestique est fortement d\u00e9conseill\u00e9e.","robots":{"index":"index","follow":"follow","max-snippet":"max-snippet:-1","max-image-preview":"max-image-preview:large","max-video-preview":"max-video-preview:-1"},"canonical":"https:\/\/caviar-de-neuvic.com\/nl_be\/universducaviar\/congeler-du-caviar\/","og_locale":"nl_BE","og_type":"article","og_title":"Peut-on congeler du caviar ? - Producteur Fran\u00e7ais De Caviar","og_description":"On peut congeler du caviar ou plus pr\u00e9cis\u00e9ment surgeler du caviar, mais attention, l'utilisation d'un appareil domestique est fortement d\u00e9conseill\u00e9e.","og_url":"https:\/\/caviar-de-neuvic.com\/nl_be\/universducaviar\/congeler-du-caviar\/","og_site_name":"Producteur Fran\u00e7ais De Caviar","article_modified_time":"2025-10-18T10:21:45+00:00","og_image":[{"width":1920,"height":1280,"url":"https:\/\/caviar-de-neuvic.com\/wp-content\/uploads\/2018\/06\/CAVIAR-DE-NEUVIC-REPORTAGE-25-06-2019-090.jpg","type":"image\/jpeg"}],"twitter_card":"summary_large_image","twitter_misc":{"Geschatte leestijd":"2 minuten"},"schema":{"@context":"https:\/\/schema.org","@graph":[{"@type":"WebPage","@id":"https:\/\/caviar-de-neuvic.com\/fr\/universducaviar\/congeler-du-caviar\/","url":"https:\/\/caviar-de-neuvic.com\/fr\/universducaviar\/congeler-du-caviar\/","name":"Peut-on congeler du caviar ? - Producteur Fran\u00e7ais De Caviar","isPartOf":{"@id":"http:\/\/caviar-de-neuvic.com\/fr\/#website"},"primaryImageOfPage":{"@id":"https:\/\/caviar-de-neuvic.com\/fr\/universducaviar\/congeler-du-caviar\/#primaryimage"},"image":{"@id":"https:\/\/caviar-de-neuvic.com\/fr\/universducaviar\/congeler-du-caviar\/#primaryimage"},"thumbnailUrl":"https:\/\/caviar-de-neuvic.com\/wp-content\/uploads\/2018\/06\/CAVIAR-DE-NEUVIC-REPORTAGE-25-06-2019-090.jpg","datePublished":"2018-06-15T08:48:31+00:00","dateModified":"2025-10-18T10:21:45+00:00","description":"On peut congeler du caviar ou plus pr\u00e9cis\u00e9ment surgeler du caviar, mais attention, l'utilisation d'un appareil domestique est fortement d\u00e9conseill\u00e9e.","breadcrumb":{"@id":"https:\/\/caviar-de-neuvic.com\/fr\/universducaviar\/congeler-du-caviar\/#breadcrumb"},"inLanguage":"nl-BE","potentialAction":[{"@type":"ReadAction","target":["https:\/\/caviar-de-neuvic.com\/fr\/universducaviar\/congeler-du-caviar\/"]}]},{"@type":"ImageObject","inLanguage":"nl-BE","@id":"https:\/\/caviar-de-neuvic.com\/fr\/universducaviar\/congeler-du-caviar\/#primaryimage","url":"https:\/\/caviar-de-neuvic.com\/wp-content\/uploads\/2018\/06\/CAVIAR-DE-NEUVIC-REPORTAGE-25-06-2019-090.jpg","contentUrl":"https:\/\/caviar-de-neuvic.com\/wp-content\/uploads\/2018\/06\/CAVIAR-DE-NEUVIC-REPORTAGE-25-06-2019-090.jpg","width":1920,"height":1280,"caption":"Peut-on congeler du caviar ?"},{"@type":"BreadcrumbList","@id":"https:\/\/caviar-de-neuvic.com\/fr\/universducaviar\/congeler-du-caviar\/#breadcrumb","itemListElement":[{"@type":"ListItem","position":1,"name":"Caviar de Neuvic","item":"https:\/\/caviar-de-neuvic.com\/"},{"@type":"ListItem","position":2,"name":"Univers du Caviar","item":"https:\/\/caviar-de-neuvic.com\/univers-caviars\/"},{"@type":"ListItem","position":3,"name":"Peut-on congeler du caviar ?"}]},{"@type":"WebSite","@id":"http:\/\/caviar-de-neuvic.com\/fr\/#website","url":"http:\/\/caviar-de-neuvic.com\/fr\/","name":"Producteur Fran\u00e7ais De Caviar","description":"","publisher":{"@id":"http:\/\/caviar-de-neuvic.com\/fr\/#organization"},"potentialAction":[{"@type":"SearchAction","target":{"@type":"EntryPoint","urlTemplate":"http:\/\/caviar-de-neuvic.com\/fr\/?s={search_term_string}"},"query-input":{"@type":"PropertyValueSpecification","valueRequired":true,"valueName":"search_term_string"}}],"inLanguage":"nl-BE"},{"@type":"Organization","@id":"http:\/\/caviar-de-neuvic.com\/fr\/#organization","name":"Producteur Fran\u00e7ais De Caviar","url":"http:\/\/caviar-de-neuvic.com\/fr\/","logo":{"@type":"ImageObject","inLanguage":"nl-BE","@id":"http:\/\/caviar-de-neuvic.com\/fr\/#\/schema\/logo\/image\/","url":"","contentUrl":"","caption":"Producteur Fran\u00e7ais De Caviar"},"image":{"@id":"http:\/\/caviar-de-neuvic.com\/fr\/#\/schema\/logo\/image\/"}}]}},"_links":{"self":[{"href":"https:\/\/caviar-de-neuvic.com\/nl_be\/wp-json\/wp\/v2\/universducaviar\/24887","targetHints":{"allow":["GET"]}}],"collection":[{"href":"https:\/\/caviar-de-neuvic.com\/nl_be\/wp-json\/wp\/v2\/universducaviar"}],"about":[{"href":"https:\/\/caviar-de-neuvic.com\/nl_be\/wp-json\/wp\/v2\/types\/universducaviar"}],"author":[{"embeddable":true,"href":"https:\/\/caviar-de-neuvic.com\/nl_be\/wp-json\/wp\/v2\/users\/11896"}],"version-history":[{"count":1,"href":"https:\/\/caviar-de-neuvic.com\/nl_be\/wp-json\/wp\/v2\/universducaviar\/24887\/revisions"}],"predecessor-version":[{"id":31416,"href":"https:\/\/caviar-de-neuvic.com\/nl_be\/wp-json\/wp\/v2\/universducaviar\/24887\/revisions\/31416"}],"wp:featuredmedia":[{"embeddable":true,"href":"https:\/\/caviar-de-neuvic.com\/nl_be\/wp-json\/wp\/v2\/media\/23830"}],"wp:attachment":[{"href":"https:\/\/caviar-de-neuvic.com\/nl_be\/wp-json\/wp\/v2\/media?parent=24887"}],"wp:term":[{"taxonomy":"post_tag","embeddable":true,"href":"https:\/\/caviar-de-neuvic.com\/nl_be\/wp-json\/wp\/v2\/tags?post=24887"},{"taxonomy":"universducaviar-categories","embeddable":true,"href":"https:\/\/caviar-de-neuvic.com\/nl_be\/wp-json\/wp\/v2\/universducaviar-categories?post=24887"}],"curies":[{"name":"wp","href":"https:\/\/api.w.org\/{rel}","templated":true}]}}